{"id":2247,"date":"2025-10-12T15:25:40","date_gmt":"2025-10-12T13:25:40","guid":{"rendered":"https:\/\/www.sakerhetsforetagen.se\/?post_type=referral&#038;p=2247"},"modified":"2025-10-12T15:25:41","modified_gmt":"2025-10-12T13:25:41","slug":"remissvar-om-polisiar-beredskap-i-fred-kris-och-krig-sou-202557","status":"publish","type":"referral","link":"https:\/\/www.sakerhetsforetagen.se\/remisser\/remissvar-om-polisiar-beredskap-i-fred-kris-och-krig-sou-202557\/","title":{"rendered":"Remissvar om Polisi\u00e4r beredskap i fred, kris och krig (SOU 2025:57)"},"content":{"rendered":"<div class=\"wp-block wp-block-core-paragraph\">\n<p>Bevakningsbranschen v\u00e4lkomnar utredningens f\u00f6rslag att inf\u00f6ra ett system med reservpoliser. Branschen anser att<br>det b\u00f6r utredas hur en ut\u00f6kad anv\u00e4ndning av ordningsvakter inom Polismyndighetens verksamhet ytterligare kan tillgodose myndighetens behov av personalf\u00f6rst\u00e4rkning i h\u00f6jd beredskap. <\/p>\n<\/div>\n\n<div class=\"wp-block wp-block-core-paragraph\">\n<p>Bevakningsbranschen avvisar utredningens f\u00f6rslag att avskaffa polisens kombattantstatus i krig.<\/p>\n<\/div>\n\n<div class=\"wp-block wp-block-core-list\">\n<ol start=\"2\" class=\"wp-block-list\"><\/ol>\n<\/div>\n\n<div class=\"wp-block wp-block-core-file\">\n<div data-wp-interactive=\"core\/file\" class=\"wp-block-file\"><object data-wp-bind--hidden=\"!state.hasPdfPreview\" hidden class=\"wp-block-file__embed\" data=\"https:\/\/www.sakerhetsforetagen.se\/app\/uploads\/sites\/11\/2025\/10\/Bevakningsbranschen-remissvar-Polisens-beredskap.pdf\" type=\"application\/pdf\" style=\"width:100%;height:600px\" aria-label=\"Inb\u00e4ddning av Bevakningsbranschen remissvar Polisens beredskap.\"><\/object><a id=\"wp-block-file--media-34a1d426-5f32-492b-a209-69b27146e296\" href=\"https:\/\/www.sakerhetsforetagen.se\/app\/uploads\/sites\/11\/2025\/10\/Bevakningsbranschen-remissvar-Polisens-beredskap.pdf\">Bevakningsbranschen remissvar Polisens beredskap<\/a><a href=\"https:\/\/www.sakerhetsforetagen.se\/app\/uploads\/sites\/11\/2025\/10\/Bevakningsbranschen-remissvar-Polisens-beredskap.pdf\" class=\"wp-block-file__button wp-element-button\" download aria-describedby=\"wp-block-file--media-34a1d426-5f32-492b-a209-69b27146e296\">Ladda ner<\/a><\/div>\n<\/div>","protected":false},"excerpt":{"rendered":"<p>Bevakningsbranschen v\u00e4lkomnar utredningens f\u00f6rslag att inf\u00f6ra ett system med reservpoliser. Branschen anser attdet b\u00f6r utredas hur en ut\u00f6kad anv\u00e4ndning av ordningsvakter inom Polismyndighetens verksamhet ytterligare kan tillgodose myndighetens behov av personalf\u00f6rst\u00e4rkning i h\u00f6jd beredskap. Bevakningsbranschen &hellip;<\/p>\n","protected":false},"template":"","categories":[155],"class_list":["post-2247","referral","type-referral","status-publish","hentry","category-aktuellt"],"acf":[],"yoast_head":"<!-- This site is optimized with the Yoast SEO plugin v26.8 - https:\/\/yoast.com\/product\/yoast-seo-wordpress\/ -->\n<title>Remissvar om Polisi\u00e4r beredskap i fred, kris och krig (SOU 2025:57) - S\u00e4kerhetsf\u00f6retagen<\/title>\n<meta name=\"robots\" content=\"index, follow, max-snippet:-1, max-image-preview:large, max-video-preview:-1\" \/>\n<link rel=\"canonical\" href=\"https:\/\/www.sakerhetsforetagen.se\/remisser\/remissvar-om-polisiar-beredskap-i-fred-kris-och-krig-sou-202557\/\" \/>\n<meta property=\"og:locale\" content=\"sv_SE\" \/>\n<meta property=\"og:type\" content=\"article\" \/>\n<meta property=\"og:title\" content=\"Remissvar om Polisi\u00e4r beredskap i fred, kris och krig (SOU 2025:57) - S\u00e4kerhetsf\u00f6retagen\" \/>\n<meta property=\"og:description\" content=\"Bevakningsbranschen v\u00e4lkomnar utredningens f\u00f6rslag att inf\u00f6ra ett system med reservpoliser. Branschen anser attdet b\u00f6r utredas hur en ut\u00f6kad anv\u00e4ndning av ordningsvakter inom Polismyndighetens verksamhet ytterligare kan tillgodose myndighetens behov av personalf\u00f6rst\u00e4rkning i h\u00f6jd beredskap. Bevakningsbranschen &hellip;\" \/>\n<meta property=\"og:url\" content=\"https:\/\/www.sakerhetsforetagen.se\/remisser\/remissvar-om-polisiar-beredskap-i-fred-kris-och-krig-sou-202557\/\" \/>\n<meta property=\"og:site_name\" content=\"S\u00e4kerhetsf\u00f6retagen\" \/>\n<meta property=\"article:modified_time\" content=\"2025-10-12T13:25:41+00:00\" \/>\n<meta name=\"twitter:card\" content=\"summary_large_image\" \/>\n<meta name=\"twitter:label1\" content=\"Ber\u00e4knad l\u00e4stid\" \/>\n\t<meta name=\"twitter:data1\" content=\"1 minut\" \/>\n<script type=\"application\/ld+json\" class=\"yoast-schema-graph\">{\"@context\":\"https:\/\/schema.org\",\"@graph\":[{\"@type\":\"WebPage\",\"@id\":\"https:\/\/www.sakerhetsforetagen.se\/remisser\/remissvar-om-polisiar-beredskap-i-fred-kris-och-krig-sou-202557\/\",\"url\":\"https:\/\/www.sakerhetsforetagen.se\/remisser\/remissvar-om-polisiar-beredskap-i-fred-kris-och-krig-sou-202557\/\",\"name\":\"Remissvar om Polisi\u00e4r beredskap i fred, kris och krig (SOU 2025:57) - S\u00e4kerhetsf\u00f6retagen\",\"isPartOf\":{\"@id\":\"https:\/\/www.sakerhetsforetagen.se\/#website\"},\"datePublished\":\"2025-10-12T13:25:40+00:00\",\"dateModified\":\"2025-10-12T13:25:41+00:00\",\"breadcrumb\":{\"@id\":\"https:\/\/www.sakerhetsforetagen.se\/remisser\/remissvar-om-polisiar-beredskap-i-fred-kris-och-krig-sou-202557\/#breadcrumb\"},\"inLanguage\":\"sv-SE\",\"potentialAction\":[{\"@type\":\"ReadAction\",\"target\":[\"https:\/\/www.sakerhetsforetagen.se\/remisser\/remissvar-om-polisiar-beredskap-i-fred-kris-och-krig-sou-202557\/\"]}]},{\"@type\":\"BreadcrumbList\",\"@id\":\"https:\/\/www.sakerhetsforetagen.se\/remisser\/remissvar-om-polisiar-beredskap-i-fred-kris-och-krig-sou-202557\/#breadcrumb\",\"itemListElement\":[{\"@type\":\"ListItem\",\"position\":1,\"name\":\"Home\",\"item\":\"https:\/\/www.sakerhetsforetagen.se\/\"},{\"@type\":\"ListItem\",\"position\":2,\"name\":\"Remisser\",\"item\":\"https:\/\/www.sakerhetsforetagen.se\/remisser\/\"},{\"@type\":\"ListItem\",\"position\":3,\"name\":\"Remissvar om Polisi\u00e4r beredskap i fred, kris och krig (SOU 2025:57)\"}]},{\"@type\":\"WebSite\",\"@id\":\"https:\/\/www.sakerhetsforetagen.se\/#website\",\"url\":\"https:\/\/www.sakerhetsforetagen.se\/\",\"name\":\"S\u00e4kerhetsf\u00f6retagen\",\"description\":\"\",\"potentialAction\":[{\"@type\":\"SearchAction\",\"target\":{\"@type\":\"EntryPoint\",\"urlTemplate\":\"https:\/\/www.sakerhetsforetagen.se\/?s={search_term_string}\"},\"query-input\":{\"@type\":\"PropertyValueSpecification\",\"valueRequired\":true,\"valueName\":\"search_term_string\"}}],\"inLanguage\":\"sv-SE\"}]}<\/script>\n<!-- \/ Yoast SEO plugin. -->","yoast_head_json":{"title":"Remissvar om Polisi\u00e4r beredskap i fred, kris och krig (SOU 2025:57) - S\u00e4kerhetsf\u00f6retagen","robots":{"index":"index","follow":"follow","max-snippet":"max-snippet:-1","max-image-preview":"max-image-preview:large","max-video-preview":"max-video-preview:-1"},"canonical":"https:\/\/www.sakerhetsforetagen.se\/remisser\/remissvar-om-polisiar-beredskap-i-fred-kris-och-krig-sou-202557\/","og_locale":"sv_SE","og_type":"article","og_title":"Remissvar om Polisi\u00e4r beredskap i fred, kris och krig (SOU 2025:57) - S\u00e4kerhetsf\u00f6retagen","og_description":"Bevakningsbranschen v\u00e4lkomnar utredningens f\u00f6rslag att inf\u00f6ra ett system med reservpoliser. Branschen anser attdet b\u00f6r utredas hur en ut\u00f6kad anv\u00e4ndning av ordningsvakter inom Polismyndighetens verksamhet ytterligare kan tillgodose myndighetens behov av personalf\u00f6rst\u00e4rkning i h\u00f6jd beredskap. Bevakningsbranschen &hellip;","og_url":"https:\/\/www.sakerhetsforetagen.se\/remisser\/remissvar-om-polisiar-beredskap-i-fred-kris-och-krig-sou-202557\/","og_site_name":"S\u00e4kerhetsf\u00f6retagen","article_modified_time":"2025-10-12T13:25:41+00:00","twitter_card":"summary_large_image","twitter_misc":{"Ber\u00e4knad l\u00e4stid":"1 minut"},"schema":{"@context":"https:\/\/schema.org","@graph":[{"@type":"WebPage","@id":"https:\/\/www.sakerhetsforetagen.se\/remisser\/remissvar-om-polisiar-beredskap-i-fred-kris-och-krig-sou-202557\/","url":"https:\/\/www.sakerhetsforetagen.se\/remisser\/remissvar-om-polisiar-beredskap-i-fred-kris-och-krig-sou-202557\/","name":"Remissvar om Polisi\u00e4r beredskap i fred, kris och krig (SOU 2025:57) - S\u00e4kerhetsf\u00f6retagen","isPartOf":{"@id":"https:\/\/www.sakerhetsforetagen.se\/#website"},"datePublished":"2025-10-12T13:25:40+00:00","dateModified":"2025-10-12T13:25:41+00:00","breadcrumb":{"@id":"https:\/\/www.sakerhetsforetagen.se\/remisser\/remissvar-om-polisiar-beredskap-i-fred-kris-och-krig-sou-202557\/#breadcrumb"},"inLanguage":"sv-SE","potentialAction":[{"@type":"ReadAction","target":["https:\/\/www.sakerhetsforetagen.se\/remisser\/remissvar-om-polisiar-beredskap-i-fred-kris-och-krig-sou-202557\/"]}]},{"@type":"BreadcrumbList","@id":"https:\/\/www.sakerhetsforetagen.se\/remisser\/remissvar-om-polisiar-beredskap-i-fred-kris-och-krig-sou-202557\/#breadcrumb","itemListElement":[{"@type":"ListItem","position":1,"name":"Home","item":"https:\/\/www.sakerhetsforetagen.se\/"},{"@type":"ListItem","position":2,"name":"Remisser","item":"https:\/\/www.sakerhetsforetagen.se\/remisser\/"},{"@type":"ListItem","position":3,"name":"Remissvar om Polisi\u00e4r beredskap i fred, kris och krig (SOU 2025:57)"}]},{"@type":"WebSite","@id":"https:\/\/www.sakerhetsforetagen.se\/#website","url":"https:\/\/www.sakerhetsforetagen.se\/","name":"S\u00e4kerhetsf\u00f6retagen","description":"","potentialAction":[{"@type":"SearchAction","target":{"@type":"EntryPoint","urlTemplate":"https:\/\/www.sakerhetsforetagen.se\/?s={search_term_string}"},"query-input":{"@type":"PropertyValueSpecification","valueRequired":true,"valueName":"search_term_string"}}],"inLanguage":"sv-SE"}]}},"_links":{"self":[{"href":"https:\/\/www.sakerhetsforetagen.se\/api\/wp\/v2\/referral\/2247","targetHints":{"allow":["GET"]}}],"collection":[{"href":"https:\/\/www.sakerhetsforetagen.se\/api\/wp\/v2\/referral"}],"about":[{"href":"https:\/\/www.sakerhetsforetagen.se\/api\/wp\/v2\/types\/referral"}],"version-history":[{"count":2,"href":"https:\/\/www.sakerhetsforetagen.se\/api\/wp\/v2\/referral\/2247\/revisions"}],"predecessor-version":[{"id":2250,"href":"https:\/\/www.sakerhetsforetagen.se\/api\/wp\/v2\/referral\/2247\/revisions\/2250"}],"wp:attachment":[{"href":"https:\/\/www.sakerhetsforetagen.se\/api\/wp\/v2\/media?parent=2247"}],"wp:term":[{"taxonomy":"category","embeddable":true,"href":"https:\/\/www.sakerhetsforetagen.se\/api\/wp\/v2\/categories?post=2247"}],"curies":[{"name":"wp","href":"https:\/\/api.w.org\/{rel}","templated":true}]}}