{"id":910,"date":"2022-08-12T09:50:32","date_gmt":"2022-08-12T07:50:32","guid":{"rendered":"https:\/\/www.sakerhetsforetagen.se\/?page_id=910"},"modified":"2023-04-13T09:42:04","modified_gmt":"2023-04-13T07:42:04","slug":"eu-finansierat-seminarium-om-kompetensforsorjning-i-sakerhetsforetag","status":"publish","type":"page","link":"https:\/\/www.sakerhetsforetagen.se\/eu-finansierat-seminarium-om-kompetensforsorjning-i-sakerhetsforetag\/","title":{"rendered":"EU-finansierat seminarium om kompetensf\u00f6rs\u00f6rjning i s\u00e4kerhets&shy;f\u00f6retag"},"content":{"rendered":"<div id=\"block-hero-block_b7b42687e04cedece6400018af29161d\" class=\"Hero has-primary-background-color\">\n\n    \n  <div class=\"Hero__inner container has-primary-background-color has-arrow\">\n              <div class=\"Hero__title\">\n          <h1>EU-finansierat seminarium <i> \u2013 Om kompetensf\u00f6rs\u00f6rjning i s\u00e4kerhets&shy;f\u00f6retag<\/i><\/h1>\n        <\/div>\n                                <div class=\"Hero__arrow\">\n          <svg class='icon icon--squiggly-arrow'  width=\"282\" height=\"302\" viewBox=\"0 0 282 302\" fill=\"none\" xmlns=\"http:\/\/www.w3.org\/2000\/svg\">\n<path d=\"M108.429 281.19L129.837 295.44L143.97 274.186\" stroke=\"black\" stroke-width=\"4\" stroke-miterlimit=\"10\"\/>\n<path d=\"M43.8871 68.0497C53.3269 84.3998 70.0075 95.6755 88.6244 97.6784C107.24 99.6801 125.826 95.0068 144.209 91.4645C162.592 87.9216 182.067 85.5682 199.674 91.9481C220.515 99.5002 236.316 120.278 236.492 142.446C236.669 164.616 220.178 186.234 198.428 190.49C188.558 192.423 177.815 190.842 169.542 185.112C161.271 179.382 155.88 169.284 156.859 159.269C158.292 144.577 173.761 133.512 188.444 135C203.126 136.491 215.468 148.757 219.176 163.047C222.881 177.337 218.804 192.932 210.416 205.072C202.027 217.212 189.703 226.187 176.514 232.804C167.472 237.341 157.931 240.877 149.144 245.889C140.356 250.899 132.161 257.651 127.746 266.755C123.333 275.858 126.637 283.983 129.929 295.386\" stroke=\"black\" stroke-width=\"4\" stroke-miterlimit=\"10\"\/>\n<\/svg>\n\n          <\/div>\n        <\/div>\n<\/div>\n\n\n\n<div class=\"wp-block-columns is-layout-flex wp-container-core-columns-is-layout-9d6595d7 wp-block-columns-is-layout-flex\">\n<div class=\"wp-block-column is-layout-flow wp-block-column-is-layout-flow\"><\/div>\n<\/div>\n\n\n\n<div class=\"wp-block-columns is-layout-flex wp-container-core-columns-is-layout-9d6595d7 wp-block-columns-is-layout-flex\">\n<div class=\"wp-block-column is-layout-flow wp-block-column-is-layout-flow\"><\/div>\n<\/div>\n\n\n<div class=\"wp-block wp-block-core-paragraph\">\n<p>Samh\u00e4llets behov av trygghetsskapande investeringar \u00f6kar snabbt. S\u00e4kerhetsf\u00f6retagens rekryteringsprognos visar att f\u00f6retagen beh\u00f6ver genomf\u00f6ra upp till 17&nbsp;500 rekryteringar de kommande tre \u00e5ren. Samtidigt \u00e4ndras kunskapskraven i takt med den digitala transformationen av s\u00e4kerhetstj\u00e4nster.<\/p>\n<\/div>\n\n<div class=\"wp-block wp-block-core-paragraph\">\n<p>Hur utvecklas brottsligheten? Vilket ansvar har politiken f\u00f6r att utforma trygghetsskapande \u00e5tg\u00e4rder i dagens samh\u00e4lle? Hur m\u00f6ter s\u00e4kerhetsf\u00f6retagen rekryteringsbehov och digitalisering? Hur samverkar polis och s\u00e4kerhetsf\u00f6retag f\u00f6r att st\u00e4rka tryggheten?<\/p>\n<\/div>\n\n<div class=\"wp-block wp-block-core-paragraph\">\n<p>S\u00e4kerhetsf\u00f6retagen har i samarbete med COESS (den europeiska branschorganisationen f\u00f6r s\u00e4kerhetsf\u00f6retag) erh\u00e5llit finansiering fr\u00e5n EU och&nbsp; genomf\u00f6rde ett seminarium p\u00e5 \u00e4mnet den 5\/9. <\/p>\n<\/div>\n\n<div class=\"wp-block wp-block-core-paragraph\">\n<p>Bland talarna \u00e5terfinns:<\/p>\n<\/div>\n\n<div class=\"wp-block wp-block-core-list\">\n<ul class=\"wp-block-list\">\n<li>Anders Hall, utvecklingschef, Polisen<\/li>\n\n\n\n<li>Erik Slottner, trygghetsborgarr\u00e5d, Kd i Stockholm<\/li>\n\n\n\n<li>David Larsson, VD, Avarn Security<\/li>\n\n\n\n<li>Daniel S\u00e4refjord, VD Verisure Sverige<\/li>\n\n\n\n<li>Nima Sanandaji, f\u00f6rfattare<\/li>\n\n\n\n<li>Li Jansson, bransch- och n\u00e4ringspolitisk chef<\/li>\n\n\n\n<li>Richard Org\u00e5rd, f\u00f6rbundsdirekt\u00f6r<\/li>\n\n\n\n<li>Karl Lallerstedt, Svenskt N\u00e4ringsliv<\/li>\n\n\n\n<li>Lars Sj\u00f6berg och Mikael Johansson fr\u00e5n BYA<\/li>\n<\/ul>\n<\/div>\n\n\n<div class=\"wp-block-columns is-layout-flex wp-container-core-columns-is-layout-9d6595d7 wp-block-columns-is-layout-flex\">\n<div class=\"wp-block-column is-layout-flow wp-block-column-is-layout-flow\"><\/div>\n<\/div>\n\n\n\n<div class=\"wp-block-group has-secondary-background-color has-background is-layout-constrained wp-block-group-is-layout-constrained\"><div class=\"wp-block wp-block-core-heading\" id=\"seminariet-kan-ses-pa-trygghetskanalen-i-efterhand:\">\n<h4 class=\"wp-block-heading\">Seminariet kan ses p\u00e5 Trygghetskanalen i efterhand:<\/h4>\n<\/div>\n\n<figure class=\"wp-block-embed is-type-video is-provider-youtube wp-block-embed-youtube wp-embed-aspect-16-9 wp-has-aspect-ratio\"><div class=\"wp-block-embed__wrapper\" style=\"position: relative;\">\n        <div class=\"youtube-consent-placeholder\" data-consent=\"marketing\" data-inverse style=\"position: absolute; top: 0; left: 0; width: 100%; height: 100%; background: #ededed; border: 1px solid #dee2e6; display: flex; align-items: center; justify-content: center; text-align: center; padding: 20px; box-sizing: border-box; z-index: 10;\">\n          <div>\n            <p style=\"margin: 0 0 10px 0; font-size: 14px; color: #6c757d;\">Till\u00e5t marknadsf\u00f6ringscookies f\u00f6r att visa den inb\u00e4ddade YouTube-videon<\/p>\n            <p style=\"margin: 0; font-size: 14px;\">\n              <a href=\"#\" class=\"ch2-open-settings-btn\" style=\"color: #e26a34; text-decoration: underline;\">Hantera mina cookie-val<\/a>\n            <\/p>\n          <\/div>\n        <\/div>\n<iframe data-consent=\"marketing\" title=\"Trygghetskanalen EU--workshop om kompetensf\u00f6rs\u00f6rjning\" width=\"500\" height=\"281\" data-src=\"https:\/\/www.youtube-nocookie.com\/embed\/XVbjvysVogo?feature=oembed\" frameborder=\"0\" allow=\"accelerometer; autoplay; clipboard-write; encrypted-media; gyroscope; picture-in-picture; web-share\" referrerpolicy=\"strict-origin-when-cross-origin\" allowfullscreen><\/iframe>\n<\/div><\/figure>\n\n<\/div>\n","protected":false},"excerpt":{"rendered":"<p>Samh\u00e4llets behov av trygghetsskapande investeringar \u00f6kar snabbt. S\u00e4kerhetsf\u00f6retagens rekryteringsprognos visar att f\u00f6retagen beh\u00f6ver genomf\u00f6ra upp till 17&nbsp;500 rekryteringar de kommande tre \u00e5ren. Samtidigt \u00e4ndras kunskapskraven i takt med den digitala transformationen av s\u00e4kerhetstj\u00e4nster. Hur utvecklas &hellip;<\/p>\n","protected":false},"author":2400,"featured_media":272,"parent":0,"menu_order":0,"comment_status":"closed","ping_status":"closed","template":"","meta":{"_acf_changed":false,"footnotes":""},"article_type":[],"agreement":[],"for-members":[],"class_list":["post-910","page","type-page","status-publish","has-post-thumbnail","hentry"],"acf":[],"yoast_head":"<!-- This site is optimized with the Yoast SEO plugin v26.8 - https:\/\/yoast.com\/product\/yoast-seo-wordpress\/ -->\n<title>EU-finansierat seminarium om kompetensf\u00f6rs\u00f6rjning i s\u00e4kerhetsf\u00f6retag - S\u00e4kerhetsf\u00f6retagen<\/title>\n<meta name=\"robots\" content=\"index, follow, max-snippet:-1, max-image-preview:large, max-video-preview:-1\" \/>\n<link rel=\"canonical\" href=\"https:\/\/www.sakerhetsforetagen.se\/eu-finansierat-seminarium-om-kompetensforsorjning-i-sakerhetsforetag\/\" \/>\n<meta property=\"og:locale\" content=\"sv_SE\" \/>\n<meta property=\"og:type\" content=\"article\" \/>\n<meta property=\"og:title\" content=\"EU-finansierat seminarium om kompetensf\u00f6rs\u00f6rjning i s\u00e4kerhetsf\u00f6retag - S\u00e4kerhetsf\u00f6retagen\" \/>\n<meta property=\"og:description\" content=\"Samh\u00e4llets behov av trygghetsskapande investeringar \u00f6kar snabbt. S\u00e4kerhetsf\u00f6retagens rekryteringsprognos visar att f\u00f6retagen beh\u00f6ver genomf\u00f6ra upp till 17&nbsp;500 rekryteringar de kommande tre \u00e5ren. Samtidigt \u00e4ndras kunskapskraven i takt med den digitala transformationen av s\u00e4kerhetstj\u00e4nster. Hur utvecklas &hellip;\" \/>\n<meta property=\"og:url\" content=\"https:\/\/www.sakerhetsforetagen.se\/eu-finansierat-seminarium-om-kompetensforsorjning-i-sakerhetsforetag\/\" \/>\n<meta property=\"og:site_name\" content=\"S\u00e4kerhetsf\u00f6retagen\" \/>\n<meta property=\"article:modified_time\" content=\"2023-04-13T07:42:04+00:00\" \/>\n<meta property=\"og:image\" content=\"https:\/\/www.sakerhetsforetagen.se\/app\/uploads\/sites\/11\/2020\/12\/egd20120803-689_sv-scaled.jpg\" \/>\n\t<meta property=\"og:image:width\" content=\"2560\" \/>\n\t<meta property=\"og:image:height\" content=\"1703\" \/>\n\t<meta property=\"og:image:type\" content=\"image\/jpeg\" \/>\n<meta name=\"twitter:card\" content=\"summary_large_image\" \/>\n<script type=\"application\/ld+json\" class=\"yoast-schema-graph\">{\"@context\":\"https:\/\/schema.org\",\"@graph\":[{\"@type\":\"WebPage\",\"@id\":\"https:\/\/www.sakerhetsforetagen.se\/eu-finansierat-seminarium-om-kompetensforsorjning-i-sakerhetsforetag\/\",\"url\":\"https:\/\/www.sakerhetsforetagen.se\/eu-finansierat-seminarium-om-kompetensforsorjning-i-sakerhetsforetag\/\",\"name\":\"EU-finansierat seminarium om kompetensf\u00f6rs\u00f6rjning i s\u00e4kerhetsf\u00f6retag - S\u00e4kerhetsf\u00f6retagen\",\"isPartOf\":{\"@id\":\"https:\/\/www.sakerhetsforetagen.se\/#website\"},\"primaryImageOfPage\":{\"@id\":\"https:\/\/www.sakerhetsforetagen.se\/eu-finansierat-seminarium-om-kompetensforsorjning-i-sakerhetsforetag\/#primaryimage\"},\"image\":{\"@id\":\"https:\/\/www.sakerhetsforetagen.se\/eu-finansierat-seminarium-om-kompetensforsorjning-i-sakerhetsforetag\/#primaryimage\"},\"thumbnailUrl\":\"https:\/\/www.sakerhetsforetagen.se\/app\/uploads\/sites\/11\/2020\/12\/egd20120803-689_sv-scaled.jpg\",\"datePublished\":\"2022-08-12T07:50:32+00:00\",\"dateModified\":\"2023-04-13T07:42:04+00:00\",\"breadcrumb\":{\"@id\":\"https:\/\/www.sakerhetsforetagen.se\/eu-finansierat-seminarium-om-kompetensforsorjning-i-sakerhetsforetag\/#breadcrumb\"},\"inLanguage\":\"sv-SE\",\"potentialAction\":[{\"@type\":\"ReadAction\",\"target\":[\"https:\/\/www.sakerhetsforetagen.se\/eu-finansierat-seminarium-om-kompetensforsorjning-i-sakerhetsforetag\/\"]}]},{\"@type\":\"ImageObject\",\"inLanguage\":\"sv-SE\",\"@id\":\"https:\/\/www.sakerhetsforetagen.se\/eu-finansierat-seminarium-om-kompetensforsorjning-i-sakerhetsforetag\/#primaryimage\",\"url\":\"https:\/\/www.sakerhetsforetagen.se\/app\/uploads\/sites\/11\/2020\/12\/egd20120803-689_sv-scaled.jpg\",\"contentUrl\":\"https:\/\/www.sakerhetsforetagen.se\/app\/uploads\/sites\/11\/2020\/12\/egd20120803-689_sv-scaled.jpg\",\"width\":2560,\"height\":1703},{\"@type\":\"BreadcrumbList\",\"@id\":\"https:\/\/www.sakerhetsforetagen.se\/eu-finansierat-seminarium-om-kompetensforsorjning-i-sakerhetsforetag\/#breadcrumb\",\"itemListElement\":[{\"@type\":\"ListItem\",\"position\":1,\"name\":\"Home\",\"item\":\"https:\/\/www.sakerhetsforetagen.se\/\"},{\"@type\":\"ListItem\",\"position\":2,\"name\":\"EU-finansierat seminarium om kompetensf\u00f6rs\u00f6rjning i s\u00e4kerhets&shy;f\u00f6retag\"}]},{\"@type\":\"WebSite\",\"@id\":\"https:\/\/www.sakerhetsforetagen.se\/#website\",\"url\":\"https:\/\/www.sakerhetsforetagen.se\/\",\"name\":\"S\u00e4kerhetsf\u00f6retagen\",\"description\":\"\",\"potentialAction\":[{\"@type\":\"SearchAction\",\"target\":{\"@type\":\"EntryPoint\",\"urlTemplate\":\"https:\/\/www.sakerhetsforetagen.se\/?s={search_term_string}\"},\"query-input\":{\"@type\":\"PropertyValueSpecification\",\"valueRequired\":true,\"valueName\":\"search_term_string\"}}],\"inLanguage\":\"sv-SE\"}]}<\/script>\n<!-- \/ Yoast SEO plugin. -->","yoast_head_json":{"title":"EU-finansierat seminarium om kompetensf\u00f6rs\u00f6rjning i s\u00e4kerhetsf\u00f6retag - S\u00e4kerhetsf\u00f6retagen","robots":{"index":"index","follow":"follow","max-snippet":"max-snippet:-1","max-image-preview":"max-image-preview:large","max-video-preview":"max-video-preview:-1"},"canonical":"https:\/\/www.sakerhetsforetagen.se\/eu-finansierat-seminarium-om-kompetensforsorjning-i-sakerhetsforetag\/","og_locale":"sv_SE","og_type":"article","og_title":"EU-finansierat seminarium om kompetensf\u00f6rs\u00f6rjning i s\u00e4kerhetsf\u00f6retag - S\u00e4kerhetsf\u00f6retagen","og_description":"Samh\u00e4llets behov av trygghetsskapande investeringar \u00f6kar snabbt. S\u00e4kerhetsf\u00f6retagens rekryteringsprognos visar att f\u00f6retagen beh\u00f6ver genomf\u00f6ra upp till 17&nbsp;500 rekryteringar de kommande tre \u00e5ren. Samtidigt \u00e4ndras kunskapskraven i takt med den digitala transformationen av s\u00e4kerhetstj\u00e4nster. Hur utvecklas &hellip;","og_url":"https:\/\/www.sakerhetsforetagen.se\/eu-finansierat-seminarium-om-kompetensforsorjning-i-sakerhetsforetag\/","og_site_name":"S\u00e4kerhetsf\u00f6retagen","article_modified_time":"2023-04-13T07:42:04+00:00","og_image":[{"width":2560,"height":1703,"url":"https:\/\/www.sakerhetsforetagen.se\/app\/uploads\/sites\/11\/2020\/12\/egd20120803-689_sv-scaled.jpg","type":"image\/jpeg"}],"twitter_card":"summary_large_image","schema":{"@context":"https:\/\/schema.org","@graph":[{"@type":"WebPage","@id":"https:\/\/www.sakerhetsforetagen.se\/eu-finansierat-seminarium-om-kompetensforsorjning-i-sakerhetsforetag\/","url":"https:\/\/www.sakerhetsforetagen.se\/eu-finansierat-seminarium-om-kompetensforsorjning-i-sakerhetsforetag\/","name":"EU-finansierat seminarium om kompetensf\u00f6rs\u00f6rjning i s\u00e4kerhetsf\u00f6retag - S\u00e4kerhetsf\u00f6retagen","isPartOf":{"@id":"https:\/\/www.sakerhetsforetagen.se\/#website"},"primaryImageOfPage":{"@id":"https:\/\/www.sakerhetsforetagen.se\/eu-finansierat-seminarium-om-kompetensforsorjning-i-sakerhetsforetag\/#primaryimage"},"image":{"@id":"https:\/\/www.sakerhetsforetagen.se\/eu-finansierat-seminarium-om-kompetensforsorjning-i-sakerhetsforetag\/#primaryimage"},"thumbnailUrl":"https:\/\/www.sakerhetsforetagen.se\/app\/uploads\/sites\/11\/2020\/12\/egd20120803-689_sv-scaled.jpg","datePublished":"2022-08-12T07:50:32+00:00","dateModified":"2023-04-13T07:42:04+00:00","breadcrumb":{"@id":"https:\/\/www.sakerhetsforetagen.se\/eu-finansierat-seminarium-om-kompetensforsorjning-i-sakerhetsforetag\/#breadcrumb"},"inLanguage":"sv-SE","potentialAction":[{"@type":"ReadAction","target":["https:\/\/www.sakerhetsforetagen.se\/eu-finansierat-seminarium-om-kompetensforsorjning-i-sakerhetsforetag\/"]}]},{"@type":"ImageObject","inLanguage":"sv-SE","@id":"https:\/\/www.sakerhetsforetagen.se\/eu-finansierat-seminarium-om-kompetensforsorjning-i-sakerhetsforetag\/#primaryimage","url":"https:\/\/www.sakerhetsforetagen.se\/app\/uploads\/sites\/11\/2020\/12\/egd20120803-689_sv-scaled.jpg","contentUrl":"https:\/\/www.sakerhetsforetagen.se\/app\/uploads\/sites\/11\/2020\/12\/egd20120803-689_sv-scaled.jpg","width":2560,"height":1703},{"@type":"BreadcrumbList","@id":"https:\/\/www.sakerhetsforetagen.se\/eu-finansierat-seminarium-om-kompetensforsorjning-i-sakerhetsforetag\/#breadcrumb","itemListElement":[{"@type":"ListItem","position":1,"name":"Home","item":"https:\/\/www.sakerhetsforetagen.se\/"},{"@type":"ListItem","position":2,"name":"EU-finansierat seminarium om kompetensf\u00f6rs\u00f6rjning i s\u00e4kerhets&shy;f\u00f6retag"}]},{"@type":"WebSite","@id":"https:\/\/www.sakerhetsforetagen.se\/#website","url":"https:\/\/www.sakerhetsforetagen.se\/","name":"S\u00e4kerhetsf\u00f6retagen","description":"","potentialAction":[{"@type":"SearchAction","target":{"@type":"EntryPoint","urlTemplate":"https:\/\/www.sakerhetsforetagen.se\/?s={search_term_string}"},"query-input":{"@type":"PropertyValueSpecification","valueRequired":true,"valueName":"search_term_string"}}],"inLanguage":"sv-SE"}]}},"_links":{"self":[{"href":"https:\/\/www.sakerhetsforetagen.se\/api\/wp\/v2\/pages\/910","targetHints":{"allow":["GET"]}}],"collection":[{"href":"https:\/\/www.sakerhetsforetagen.se\/api\/wp\/v2\/pages"}],"about":[{"href":"https:\/\/www.sakerhetsforetagen.se\/api\/wp\/v2\/types\/page"}],"author":[{"embeddable":true,"href":"https:\/\/www.sakerhetsforetagen.se\/api\/wp\/v2\/users\/2400"}],"replies":[{"embeddable":true,"href":"https:\/\/www.sakerhetsforetagen.se\/api\/wp\/v2\/comments?post=910"}],"version-history":[{"count":8,"href":"https:\/\/www.sakerhetsforetagen.se\/api\/wp\/v2\/pages\/910\/revisions"}],"predecessor-version":[{"id":1336,"href":"https:\/\/www.sakerhetsforetagen.se\/api\/wp\/v2\/pages\/910\/revisions\/1336"}],"wp:featuredmedia":[{"embeddable":true,"href":"https:\/\/www.sakerhetsforetagen.se\/api\/wp\/v2\/media\/272"}],"wp:attachment":[{"href":"https:\/\/www.sakerhetsforetagen.se\/api\/wp\/v2\/media?parent=910"}],"wp:term":[{"taxonomy":"type","embeddable":true,"href":"https:\/\/www.sakerhetsforetagen.se\/api\/wp\/v2\/article_type?post=910"},{"taxonomy":"agreement","embeddable":true,"href":"https:\/\/www.sakerhetsforetagen.se\/api\/wp\/v2\/agreement?post=910"},{"taxonomy":"for-members","embeddable":true,"href":"https:\/\/www.sakerhetsforetagen.se\/api\/wp\/v2\/for-members?post=910"}],"curies":[{"name":"wp","href":"https:\/\/api.w.org\/{rel}","templated":true}]}}