{"id":9,"date":"2020-10-20T07:54:28","date_gmt":"2020-10-20T05:54:28","guid":{"rendered":"https:\/\/www.sakerhetsforetagen.se\/?page_id=9"},"modified":"2026-03-11T13:54:37","modified_gmt":"2026-03-11T12:54:37","slug":"om-oss","status":"publish","type":"page","link":"https:\/\/www.sakerhetsforetagen.se\/om-oss\/","title":{"rendered":"Om oss"},"content":{"rendered":"<div id=\"block-hero-block_9e79d94a8fdbef2012fb6c56d4a5226d\" class=\"Hero has-primary-background-color\">\n\n    \n  <div class=\"Hero__inner container has-primary-background-color has-arrow\">\n              <div class=\"Hero__title\">\n          <h1><i> Om oss<\/i><\/h1>\n        <\/div>\n                                <div class=\"Hero__arrow\">\n          <svg class='icon icon--squiggly-arrow'  width=\"282\" height=\"302\" viewBox=\"0 0 282 302\" fill=\"none\" xmlns=\"http:\/\/www.w3.org\/2000\/svg\">\n<path d=\"M108.429 281.19L129.837 295.44L143.97 274.186\" stroke=\"black\" stroke-width=\"4\" stroke-miterlimit=\"10\"\/>\n<path d=\"M43.8871 68.0497C53.3269 84.3998 70.0075 95.6755 88.6244 97.6784C107.24 99.6801 125.826 95.0068 144.209 91.4645C162.592 87.9216 182.067 85.5682 199.674 91.9481C220.515 99.5002 236.316 120.278 236.492 142.446C236.669 164.616 220.178 186.234 198.428 190.49C188.558 192.423 177.815 190.842 169.542 185.112C161.271 179.382 155.88 169.284 156.859 159.269C158.292 144.577 173.761 133.512 188.444 135C203.126 136.491 215.468 148.757 219.176 163.047C222.881 177.337 218.804 192.932 210.416 205.072C202.027 217.212 189.703 226.187 176.514 232.804C167.472 237.341 157.931 240.877 149.144 245.889C140.356 250.899 132.161 257.651 127.746 266.755C123.333 275.858 126.637 283.983 129.929 295.386\" stroke=\"black\" stroke-width=\"4\" stroke-miterlimit=\"10\"\/>\n<\/svg>\n\n          <\/div>\n        <\/div>\n<\/div>\n\n\n\n<div class=\"wp-block-group is-layout-constrained wp-block-group-is-layout-constrained\">\n<div class=\"wp-block-columns is-layout-flex wp-container-core-columns-is-layout-9d6595d7 wp-block-columns-is-layout-flex\">\n<div class=\"wp-block-column is-layout-flow wp-block-column-is-layout-flow\" style=\"flex-basis:66.66%\"><div class=\"wp-block wp-block-core-paragraph\">\n<p class=\"has-excerpt-font-size\">Almega S\u00e4kerhetsf\u00f6retagen \u00e4r ett f\u00f6rbund inom Almega, en samarbetsorganisation inom Svenskt N\u00e4ringsliv. Med arbetsgivarservice i v\u00e4rldsklass och moderna kollektivavtal  \u00e4r S\u00e4kerhetsf\u00f6retagen navet f\u00f6r f\u00f6retag verksamma inom s\u00e4kerhetssektorn i Sverige.<\/p>\n<\/div>\n\n<div class=\"wp-block wp-block-core-paragraph\">\n<p>Almega S\u00e4kerhetsf\u00f6retagen arbetar med arbetsgivar- och branschfr\u00e5gor.<\/p>\n<\/div>\n\n<div id=\"block-iconlink-block_7963b0f66b53f8bb29f1521bfe40bc49\" class=\"Icon-link Icon-link--arrow-tip\">\n      <a href=\"https:\/\/www.sakerhetsforetagen.se\/bli-medlem\/\" target=\"\" class=\"Button is-text Button--arrow-tip\">\n      <div class=\"Button__text\">\n        Bli medlem i S\u00e4kerhetsf\u00f6retagen\n      <\/div>\n      <div class=\"Button__arrow  arrow-tip \">\n                <div class=\"Button__line\"><\/div>\n                <svg class='icon icon--arrow-tip'  width=\"11\" height=\"16\" viewBox=\"0 0 11 16\" fill=\"none\" xmlns=\"http:\/\/www.w3.org\/2000\/svg\">\n<path d=\"M0.858398 15L9.2304 7.99664L0.967732 1.00001\" stroke=\"black\" stroke-width=\"2\" stroke-miterlimit=\"10\"\/>\n<\/svg>\n\n        <\/div>\n    <\/a>\n  <\/div>\n\n\n<div class=\"wp-block wp-block-core-paragraph\">\n<p>En av v\u00e5ra huvuduppgifter p\u00e5 arbetsgivarsidan \u00e4r att tr\u00e4ffa kollektivavtal r\u00f6rande l\u00f6ne- och anst\u00e4llningsvillkor f\u00f6r v\u00e5ra branscher. Avtal tecknas med Svenska Transportarbetaref\u00f6rbundet, Unionen och Ledarna. Dessutom bist\u00e5r vi v\u00e5ra medlemmar med r\u00e5dgivning i arbetsgivarfr\u00e5gor och arbetsmilj\u00f6fr\u00e5gor, f\u00f6rhandlingshj\u00e4lp, hj\u00e4lp med avtalstolkning och med processhj\u00e4lp i tingsr\u00e4tt och i arbetsdomstolen.<\/p>\n<\/div>\n\n<div class=\"wp-block wp-block-core-paragraph\">\n<p>Almega S\u00e4kerhetsf\u00f6retagen \u00e4r ocks\u00e5 medlemmarnas r\u00f6st i branschfr\u00e5gor. F\u00f6r att underl\u00e4tta f\u00f6r&nbsp; medlemmarna att tillhandah\u00e5lla trygghet med h\u00f6g kvalitet \u00f6ver hela landet \u00e4r det viktigt att regelverk som p\u00e5verkar branschen utformas p\u00e5 b\u00e4sta s\u00e4tt. S\u00e4kerhetsf\u00f6retagen har d\u00e4rf\u00f6r en aktiv dialog med politiker, myndigheter och kommuner f\u00f6r att s\u00e4kerst\u00e4lla att branschens perspektiv tas tillvara.<\/p>\n<\/div>\n\n<div class=\"wp-block wp-block-core-paragraph\">\n<p>P\u00e5verkansarbetet ber\u00f6r allt fr\u00e5n upphandlingar till kompetensf\u00f6rs\u00f6rjning. Samarbete med brottsbek\u00e4mpande myndigheter \u00e4r s\u00e4rskilt viktig, eftersom f\u00f6reskrifter och beslut p\u00e5verkar medlemsf\u00f6retagens vardag.<\/p>\n<\/div>\n\n<div class=\"wp-block wp-block-core-paragraph\">\n<p>Almega S\u00e4kerhetsf\u00f6retagen verkar f\u00f6r medlemsf\u00f6retagens intressen genom kollektivavtalsf\u00f6rhandlingar samt f\u00f6rhandlings- och processhj\u00e4lp i arbetsr\u00e4ttsliga tvister av principiell karakt\u00e4r kopplade till kollektivavtalen. Vidare arbetar f\u00f6rbundet med l\u00e5ngsiktig p\u00e5verkan som r\u00f6r alla f\u00f6rbundets medlemmar avseende n\u00e4rings-, bransch- och arbetsgivarpolitiska fr\u00e5gor.<\/p>\n<\/div>\n\n<div class=\"wp-block wp-block-core-paragraph\">\n<p>Genom serviceavgiften erbjuds medlemmarna service genom exempelvis r\u00e5dgivning, f\u00f6rhandlings- och processhj\u00e4lp i arbetsr\u00e4ttsliga tvister,&nbsp;informationsm\u00f6ten, utbildningar samt informationsmaterial.<\/p>\n<\/div>\n\n<div class=\"wp-block wp-block-core-heading heading-in-sidebar\" id=\"etiska-riktlinjer-for-medlemmar-i-almega-sakerhetsforetagen\"><a class='Share__link Share__link--url copy-text' href='#' rel='nofollow' data-text='etiska-riktlinjer-for-medlemmar-i-almega-sakerhetsforetagen' title='Dela url' data-confirmation='L\u00e4nken kopierades till urklipp'><svg class='icon icon--link'  width='18' height='18' viewBox='0 0 18 18' fill='none' xmlns='http:\/\/www.w3.org\/2000\/svg'>\n            <path d='M10.4142 0.514721L6.87868 4.05025L8.29289 5.46447L11.1213 2.63604L15.364 6.87868L12.5355 9.70711L13.9497 11.1213L17.4853 7.58579C17.8763 7.19476 17.8763 6.5626 17.4853 6.17158L11.8284 0.514721C11.4374 0.123691 10.8052 0.123691 10.4142 0.514721Z' fill='black'\/>\n            <path d='M9.7071 12.5355L6.87868 15.364L2.63604 11.1213L5.46446 8.2929L4.05025 6.87868L0.514716 10.4142C0.123686 10.8052 0.123686 11.4374 0.514716 11.8284L6.17157 17.4853C6.5626 17.8763 7.19475 17.8763 7.58578 17.4853L11.1213 13.9497L9.7071 12.5355Z' fill='black'\/>\n            <path d='M6.17157 11.8284C6.5626 12.2195 7.19475 12.2195 7.58578 11.8284L11.8284 7.58579C12.2195 7.19476 12.2195 6.56261 11.8284 6.17158C11.4374 5.78055 10.8052 5.78055 10.4142 6.17158L6.17157 10.4142C5.78054 10.8052 5.78054 11.4374 6.17157 11.8284Z' fill='black'\/>\n            <\/svg> <\/a>\n<h2 class=\"wp-block-heading\"><strong>Etiska riktlinjer f\u00f6r medlemmar i Almega S\u00e4kerhetsf\u00f6retagen<\/strong><\/h2>\n<\/div>\n\n<div class=\"wp-block wp-block-core-paragraph\">\n<p>Som medlemsf\u00f6retag i Almega S\u00e4kerhetsf\u00f6retagen ska vi genom v\u00e5r professionalism och seriositet f\u00f6lja lagar, kollektivavtal, f\u00f6rbundets stadgar och dessa etiska riktlinjer.<\/p>\n<\/div>\n\n<div class=\"wp-block wp-block-core-heading\" id=\"vi-som-foretag\">\n<h3 class=\"wp-block-heading\"><strong>Vi som f\u00f6retag<\/strong><\/h3>\n<\/div>\n\n<div class=\"wp-block wp-block-core-list\">\n<ul class=\"wp-block-list\">\n<li>Bem\u00f6ter allm\u00e4nhet, uppdragsgivare, medarbetare, kollegor och myndigheter med \u00e4rlighet, \u00f6ppenhet och respekt och agerar aldrig diskriminerande<\/li>\n\n\n\n<li>Planerar och utf\u00f6r trygghetsinsatser med fokus p\u00e5 st\u00f6rsta m\u00f6jliga trygghet f\u00f6r allm\u00e4nhet, uppdragsgivare och medarbetare<\/li>\n\n\n\n<li>Ger korrekt information samt visar \u00f6ppenhet i v\u00e5r kommunikation med uppdragsgivare, medarbetare, massmedia, myndigheter och \u00f6vriga intressenter<\/li>\n\n\n\n<li>Hanterar misstag p\u00e5 ett ansvarsfullt s\u00e4tt som f\u00f6ljer tecknade avtal och villkor<\/li>\n\n\n\n<li>Har lagstadgade f\u00f6rs\u00e4kringar som uppdragsgivare och kunder kan ta del av<\/li>\n\n\n\n<li>F\u00f6ljer alla g\u00e4llande lagar och regler som fr\u00e4mjar en sund konkurrens p\u00e5 lika villkor<\/li>\n\n\n\n<li>Tillser att v\u00e5ra medarbetare har all n\u00f6dv\u00e4ndig utbildning samt lagstadgat godk\u00e4nnande<\/li>\n\n\n\n<li>Har n\u00f6dv\u00e4ndig auktorisation n\u00e4r lagen kr\u00e4ver<\/li>\n<\/ul>\n<\/div>\n\n<div class=\"wp-block wp-block-core-heading\" id=\"vara-medarbetare\">\n<h3 class=\"wp-block-heading\"><strong>V\u00e5ra medarbetare<\/strong><\/h3>\n<\/div>\n\n<div class=\"wp-block wp-block-core-list\">\n<ul class=\"wp-block-list\">\n<li>Upptr\u00e4der \u00e4rligt, tryggt, hj\u00e4lpsamt och ansvarsfullt i tj\u00e4nsteut\u00f6vningen<\/li>\n<\/ul>\n<\/div>\n\n<div class=\"wp-block wp-block-core-paragraph\">\n<p>Dessa etiska riktlinjer \u00e4r beslutad av styrelsen i Almega S\u00e4kerhetsf\u00f6retagen, som ocks\u00e5 f\u00f6ljer upp medlemsf\u00f6retagens agerande avseende dessa etiska riktlinjer.<\/p>\n<\/div>\n\n<div class=\"wp-block wp-block-core-heading\" id=\"stadgar\">\n<h3 class=\"wp-block-heading\"><strong>Stadgar<\/strong><\/h3>\n<\/div>\n\n<div class=\"wp-block wp-block-core-paragraph\">\n<p>S\u00e4kerhetsf\u00f6retagens stadgar hittar du h\u00e4r:<\/p>\n<\/div>\n\n<div class=\"wp-block wp-block-core-file\">\n<div data-wp-interactive=\"core\/file\" class=\"wp-block-file\"><object data-wp-bind--hidden=\"!state.hasPdfPreview\" hidden class=\"wp-block-file__embed\" data=\"https:\/\/www.sakerhetsforetagen.se\/app\/uploads\/sites\/11\/2026\/03\/Sakerhetsforetagens-stadgar-2025_webb-1.pdf\" type=\"application\/pdf\" style=\"width:100%;height:600px\" aria-label=\"Inb\u00e4ddning av S\u00e4kerhetsf\u00f6retagens stadgar 2025.\"><\/object><a id=\"wp-block-file--media-8ac46f21-9057-4466-bd7c-60d50dd1d6e8\" href=\"https:\/\/www.sakerhetsforetagen.se\/app\/uploads\/sites\/11\/2026\/03\/Sakerhetsforetagens-stadgar-2025_webb-1.pdf\">S\u00e4kerhetsf\u00f6retagens stadgar 2025<\/a><a href=\"https:\/\/www.sakerhetsforetagen.se\/app\/uploads\/sites\/11\/2026\/03\/Sakerhetsforetagens-stadgar-2025_webb-1.pdf\" class=\"wp-block-file__button wp-element-button\" download aria-describedby=\"wp-block-file--media-8ac46f21-9057-4466-bd7c-60d50dd1d6e8\">Ladda ner<\/a><\/div>\n<\/div><\/div>\n\n\n\n<div class=\"wp-block-column is-layout-flow wp-block-column-is-layout-flow\" style=\"flex-basis:33.33%\"><div id=\"block-events-block_a35b2088a3399527098accfdfe26df84\" class=\"Listing Listing--event no-bg\" >\n  <div class=\"container\">\n          <div class=\"Listing__heading\">\n        <h2>Kommande aktiviteter<\/h2>\n      <\/div>\n        <div class=\"row\">\n                    <div class=\"col-12 mb-4\">\n            <article class=\"Blurb Blurb--event Blurb--lg\">\n  <a href=\"https:\/\/www.sakerhetsforetagen.se\/aktiviteter\/lonetransparensdirektivet-vad-hander-nu\/\">\n          <div class=\"Blurb__thumbnail__wrap\">\n        <figure class=\"Blurb__thumbnail\">\n          <img loading=\"lazy\" decoding=\"async\" width=\"300\" height=\"200\" src=\"https:\/\/www.sakerhetsforetagen.se\/app\/uploads\/sites\/11\/2026\/03\/sjukskrivning-1-300x200.jpg\" class=\"attachment-medium size-medium wp-post-image\" alt=\"\" srcset=\"https:\/\/www.sakerhetsforetagen.se\/app\/uploads\/sites\/11\/2026\/03\/sjukskrivning-1-300x200.jpg 300w, https:\/\/www.sakerhetsforetagen.se\/app\/uploads\/sites\/11\/2026\/03\/sjukskrivning-1-1024x683.jpg 1024w, https:\/\/www.sakerhetsforetagen.se\/app\/uploads\/sites\/11\/2026\/03\/sjukskrivning-1-768x512.jpg 768w, https:\/\/www.sakerhetsforetagen.se\/app\/uploads\/sites\/11\/2026\/03\/sjukskrivning-1-1536x1024.jpg 1536w, https:\/\/www.sakerhetsforetagen.se\/app\/uploads\/sites\/11\/2026\/03\/sjukskrivning-1-2048x1366.jpg 2048w\" sizes=\"auto, (max-width: 300px) 100vw, 300px\" \/>\n        <\/figure>\n      <\/div>\n        <div class=\"Blurb__content\">\n      <div class=\"Blurb__body\">\n        <h2 class=\"Blurb__title\">\n          L\u00f6netransparens&shy;direktivet \u2013 vad h\u00e4nder nu?\n        <\/h2>\n        <div class=\"Blurb__text course-info\">\n          <div class=\"meta\">\n                          <span>Webbinarium<\/span>\n                                                      <span>Distans<\/span>\n                                                    <span>Medlemspris: Kostnadsfritt<\/span>\n                      <\/div>\n\n                      <div class=\"date\">\n              <svg class='icon icon--calendar'  width=\"16\" height=\"16\" viewBox=\"0 0 16 16\" fill=\"none\" xmlns=\"http:\/\/www.w3.org\/2000\/svg\">\n<rect x=\"1.5\" y=\"3.99835\" width=\"13\" height=\"10\" stroke=\"black\" stroke-width=\"2\" stroke-miterlimit=\"10\" stroke-linecap=\"round\"\/>\n<path d=\"M1.5 6.79999H14.5\" stroke=\"black\" stroke-width=\"2\" stroke-miterlimit=\"10\"\/>\n<path d=\"M5 0.5V4\" stroke=\"black\" stroke-width=\"2\"\/>\n<path d=\"M11 0.5V4\" stroke=\"black\" stroke-width=\"2\"\/>\n<\/svg>\n\n                29 apr, 09:00 &#8211; 09:30\n            <\/div>\n          \n          \n\n          \n          \n          \n\n          \n\n          \n        <\/div>\n      <\/div>\n      <div class=\"Blurb__button Button \">\n                  <div class=\"Button__text\">\n            L\u00e4s mer och boka\n          <\/div>\n                <div class=\"Button__arrow\">\n          <div class=\"Button__line\"><\/div>\n          <svg class='icon icon--arrow-tip'  width=\"11\" height=\"16\" viewBox=\"0 0 11 16\" fill=\"none\" xmlns=\"http:\/\/www.w3.org\/2000\/svg\">\n<path d=\"M0.858398 15L9.2304 7.99664L0.967732 1.00001\" stroke=\"black\" stroke-width=\"2\" stroke-miterlimit=\"10\"\/>\n<\/svg>\n\n          <\/div>\n      <\/div>\n    <\/div>\n  <\/a>\n<\/article>\n\n        <\/div>\n              <div class=\"col-12 mb-4\">\n            <article class=\"Blurb Blurb--event Blurb--lg\">\n  <a href=\"https:\/\/www.sakerhetsforetagen.se\/aktiviteter\/arbetsmiljoarbetet-i-praktiken-samosa\/\">\n          <div class=\"Blurb__thumbnail__wrap\">\n        <figure class=\"Blurb__thumbnail\">\n          <img loading=\"lazy\" decoding=\"async\" width=\"300\" height=\"200\" src=\"https:\/\/www.sakerhetsforetagen.se\/app\/uploads\/sites\/11\/2025\/06\/masma111876-300x200.jpg\" class=\"attachment-medium size-medium wp-post-image\" alt=\"\" srcset=\"https:\/\/www.sakerhetsforetagen.se\/app\/uploads\/sites\/11\/2025\/06\/masma111876-300x200.jpg 300w, https:\/\/www.sakerhetsforetagen.se\/app\/uploads\/sites\/11\/2025\/06\/masma111876-1024x683.jpg 1024w, https:\/\/www.sakerhetsforetagen.se\/app\/uploads\/sites\/11\/2025\/06\/masma111876-768x512.jpg 768w, https:\/\/www.sakerhetsforetagen.se\/app\/uploads\/sites\/11\/2025\/06\/masma111876-1536x1024.jpg 1536w, https:\/\/www.sakerhetsforetagen.se\/app\/uploads\/sites\/11\/2025\/06\/masma111876-2048x1366.jpg 2048w\" sizes=\"auto, (max-width: 300px) 100vw, 300px\" \/>\n        <\/figure>\n      <\/div>\n        <div class=\"Blurb__content\">\n      <div class=\"Blurb__body\">\n        <h2 class=\"Blurb__title\">\n          Grundl\u00e4ggande arbetsmilj\u00f6 &#8211; SAM och  OSA\n        <\/h2>\n        <div class=\"Blurb__text course-info\">\n          <div class=\"meta\">\n                          <span>Kurs<\/span>\n                                                      <span>Distans<\/span>\n                                                    <span>Medlemspris 2995 kr<\/span>\n                      <\/div>\n\n                      <div class=\"date\">\n              <svg class='icon icon--calendar'  width=\"16\" height=\"16\" viewBox=\"0 0 16 16\" fill=\"none\" xmlns=\"http:\/\/www.w3.org\/2000\/svg\">\n<rect x=\"1.5\" y=\"3.99835\" width=\"13\" height=\"10\" stroke=\"black\" stroke-width=\"2\" stroke-miterlimit=\"10\" stroke-linecap=\"round\"\/>\n<path d=\"M1.5 6.79999H14.5\" stroke=\"black\" stroke-width=\"2\" stroke-miterlimit=\"10\"\/>\n<path d=\"M5 0.5V4\" stroke=\"black\" stroke-width=\"2\"\/>\n<path d=\"M11 0.5V4\" stroke=\"black\" stroke-width=\"2\"\/>\n<\/svg>\n\n                                6 maj, 09:00 &#8211; 12:00 och <br>\n                              7 maj, 09:00 &#8211; 12:00<br>\n                          <\/div>\n          \n          \n\n                      <div class=\"checklist\">\n              <ul class=\"checklist__list\">\n                                  <li>Arbetsmilj\u00f6lagstiftning<\/li>\n                                  <li>Systematiskt arbetsmilj\u00f6arbete<\/li>\n                                  <li>Organisatorisk och social arbetsmilj\u00f6<\/li>\n                              <\/ul>\n            <\/div>\n          \n          \n          \n\n          \n\n          \n        <\/div>\n      <\/div>\n      <div class=\"Blurb__button Button \">\n                  <div class=\"Button__text\">\n            L\u00e4s mer och boka\n          <\/div>\n                <div class=\"Button__arrow\">\n          <div class=\"Button__line\"><\/div>\n          <svg class='icon icon--arrow-tip'  width=\"11\" height=\"16\" viewBox=\"0 0 11 16\" fill=\"none\" xmlns=\"http:\/\/www.w3.org\/2000\/svg\">\n<path d=\"M0.858398 15L9.2304 7.99664L0.967732 1.00001\" stroke=\"black\" stroke-width=\"2\" stroke-miterlimit=\"10\"\/>\n<\/svg>\n\n          <\/div>\n      <\/div>\n    <\/div>\n  <\/a>\n<\/article>\n\n        <\/div>\n              <div class=\"col-12 mb-4\">\n            <article class=\"Blurb Blurb--event Blurb--lg\">\n  <a href=\"https:\/\/www.sakerhetsforetagen.se\/aktiviteter\/rekrytering-att-gora-arbetsrattsligt-ratt\/\">\n          <div class=\"Blurb__thumbnail__wrap\">\n        <figure class=\"Blurb__thumbnail\">\n          <img loading=\"lazy\" decoding=\"async\" width=\"300\" height=\"200\" src=\"https:\/\/www.sakerhetsforetagen.se\/app\/uploads\/sites\/11\/2026\/02\/rekrytering-ai-300x200.jpg\" class=\"attachment-medium size-medium wp-post-image\" alt=\"\" srcset=\"https:\/\/www.sakerhetsforetagen.se\/app\/uploads\/sites\/11\/2026\/02\/rekrytering-ai-300x200.jpg 300w, https:\/\/www.sakerhetsforetagen.se\/app\/uploads\/sites\/11\/2026\/02\/rekrytering-ai-1024x683.jpg 1024w, https:\/\/www.sakerhetsforetagen.se\/app\/uploads\/sites\/11\/2026\/02\/rekrytering-ai-768x512.jpg 768w, https:\/\/www.sakerhetsforetagen.se\/app\/uploads\/sites\/11\/2026\/02\/rekrytering-ai-1536x1024.jpg 1536w, https:\/\/www.sakerhetsforetagen.se\/app\/uploads\/sites\/11\/2026\/02\/rekrytering-ai-2048x1366.jpg 2048w\" sizes=\"auto, (max-width: 300px) 100vw, 300px\" \/>\n        <\/figure>\n      <\/div>\n        <div class=\"Blurb__content\">\n      <div class=\"Blurb__body\">\n        <h2 class=\"Blurb__title\">\n          Rekrytera r\u00e4tt \u2013 nya regler, AI och l\u00f6netransparens\n        <\/h2>\n        <div class=\"Blurb__text course-info\">\n          <div class=\"meta\">\n                          <span>Kurs<\/span>\n                                                      <span>Distans<\/span>\n                                                    <span>Medlemspris 995 kr<\/span>\n                      <\/div>\n\n                      <div class=\"date\">\n              <svg class='icon icon--calendar'  width=\"16\" height=\"16\" viewBox=\"0 0 16 16\" fill=\"none\" xmlns=\"http:\/\/www.w3.org\/2000\/svg\">\n<rect x=\"1.5\" y=\"3.99835\" width=\"13\" height=\"10\" stroke=\"black\" stroke-width=\"2\" stroke-miterlimit=\"10\" stroke-linecap=\"round\"\/>\n<path d=\"M1.5 6.79999H14.5\" stroke=\"black\" stroke-width=\"2\" stroke-miterlimit=\"10\"\/>\n<path d=\"M5 0.5V4\" stroke=\"black\" stroke-width=\"2\"\/>\n<path d=\"M11 0.5V4\" stroke=\"black\" stroke-width=\"2\"\/>\n<\/svg>\n\n                12 maj, 13:00 &#8211; 16:00\n            <\/div>\n          \n          \n\n                      <div class=\"checklist\">\n              <ul class=\"checklist__list\">\n                                  <li>AI<\/li>\n                                  <li>tester och automatiserad screening<\/li>\n                                  <li>Diskrimineringslagen \u2013 kravprofil<\/li>\n                                  <li>urval och intervjuer<\/li>\n                                  <li>L\u00f6netransparens \u2013 krav p\u00e5 l\u00f6neinformation i rekryteringsprocessen<\/li>\n                              <\/ul>\n            <\/div>\n          \n          \n          \n\n          \n\n          \n        <\/div>\n      <\/div>\n      <div class=\"Blurb__button Button \">\n                  <div class=\"Button__text\">\n            L\u00e4s mer och boka\n          <\/div>\n                <div class=\"Button__arrow\">\n          <div class=\"Button__line\"><\/div>\n          <svg class='icon icon--arrow-tip'  width=\"11\" height=\"16\" viewBox=\"0 0 11 16\" fill=\"none\" xmlns=\"http:\/\/www.w3.org\/2000\/svg\">\n<path d=\"M0.858398 15L9.2304 7.99664L0.967732 1.00001\" stroke=\"black\" stroke-width=\"2\" stroke-miterlimit=\"10\"\/>\n<\/svg>\n\n          <\/div>\n      <\/div>\n    <\/div>\n  <\/a>\n<\/article>\n\n        <\/div>\n              <div class=\"col-12 mb-4\">\n            <article class=\"Blurb Blurb--event Blurb--lg\">\n  <a href=\"https:\/\/www.sakerhetsforetagen.se\/aktiviteter\/grundkurs-i-arbetsratt-2-delar\/\">\n          <div class=\"Blurb__thumbnail__wrap\">\n        <figure class=\"Blurb__thumbnail\">\n          <img loading=\"lazy\" decoding=\"async\" width=\"300\" height=\"200\" src=\"https:\/\/www.sakerhetsforetagen.se\/app\/uploads\/sites\/11\/2025\/12\/grundkurs-i-arbetsratt-300x200.jpg\" class=\"attachment-medium size-medium wp-post-image\" alt=\"\" srcset=\"https:\/\/www.sakerhetsforetagen.se\/app\/uploads\/sites\/11\/2025\/12\/grundkurs-i-arbetsratt-300x200.jpg 300w, https:\/\/www.sakerhetsforetagen.se\/app\/uploads\/sites\/11\/2025\/12\/grundkurs-i-arbetsratt-1024x683.jpg 1024w, https:\/\/www.sakerhetsforetagen.se\/app\/uploads\/sites\/11\/2025\/12\/grundkurs-i-arbetsratt-768x512.jpg 768w, https:\/\/www.sakerhetsforetagen.se\/app\/uploads\/sites\/11\/2025\/12\/grundkurs-i-arbetsratt-1536x1024.jpg 1536w, https:\/\/www.sakerhetsforetagen.se\/app\/uploads\/sites\/11\/2025\/12\/grundkurs-i-arbetsratt-2048x1366.jpg 2048w\" sizes=\"auto, (max-width: 300px) 100vw, 300px\" \/>\n        <\/figure>\n      <\/div>\n        <div class=\"Blurb__content\">\n      <div class=\"Blurb__body\">\n        <h2 class=\"Blurb__title\">\n          Grundkurs i Arbetsr\u00e4tt\n        <\/h2>\n        <div class=\"Blurb__text course-info\">\n          <div class=\"meta\">\n                          <span>Kurs<\/span>\n                                                      <span>Distans<\/span>\n                                                    <span>Medlemspris 2495 kr<\/span>\n                      <\/div>\n\n                      <div class=\"date\">\n              <svg class='icon icon--calendar'  width=\"16\" height=\"16\" viewBox=\"0 0 16 16\" fill=\"none\" xmlns=\"http:\/\/www.w3.org\/2000\/svg\">\n<rect x=\"1.5\" y=\"3.99835\" width=\"13\" height=\"10\" stroke=\"black\" stroke-width=\"2\" stroke-miterlimit=\"10\" stroke-linecap=\"round\"\/>\n<path d=\"M1.5 6.79999H14.5\" stroke=\"black\" stroke-width=\"2\" stroke-miterlimit=\"10\"\/>\n<path d=\"M5 0.5V4\" stroke=\"black\" stroke-width=\"2\"\/>\n<path d=\"M11 0.5V4\" stroke=\"black\" stroke-width=\"2\"\/>\n<\/svg>\n\n                                19 maj, 09:00 &#8211; 11:00 och <br>\n                              20 maj, 09:00 &#8211; 11:00<br>\n                          <\/div>\n          \n          \n\n                      <div class=\"checklist\">\n              <ul class=\"checklist__list\">\n                                  <li>Vanliga fr\u00e5gest\u00e4llningar och situationer<\/li>\n                                  <li>Lagstiftning och kollektivavtal<\/li>\n                                  <li>Arbetsgivarens skyldigheter och handlingsutrymme<\/li>\n                              <\/ul>\n            <\/div>\n          \n          \n          \n\n          \n\n          \n        <\/div>\n      <\/div>\n      <div class=\"Blurb__button Button \">\n                  <div class=\"Button__text\">\n            L\u00e4s mer och boka\n          <\/div>\n                <div class=\"Button__arrow\">\n          <div class=\"Button__line\"><\/div>\n          <svg class='icon icon--arrow-tip'  width=\"11\" height=\"16\" viewBox=\"0 0 11 16\" fill=\"none\" xmlns=\"http:\/\/www.w3.org\/2000\/svg\">\n<path d=\"M0.858398 15L9.2304 7.99664L0.967732 1.00001\" stroke=\"black\" stroke-width=\"2\" stroke-miterlimit=\"10\"\/>\n<\/svg>\n\n          <\/div>\n      <\/div>\n    <\/div>\n  <\/a>\n<\/article>\n\n        <\/div>\n                <\/div>\n      <\/div>\n<\/div>\n<\/div>\n<\/div>\n<\/div>\n\n\n<div class=\"wp-block wp-block-core-paragraph\">\n<p class=\"has-excerpt-font-size\"><\/p>\n<\/div>\n\n<div class=\"wp-block wp-block-core-paragraph\">\n<p><\/p>\n<\/div>","protected":false},"excerpt":{"rendered":"<p>Almega S\u00e4kerhetsf\u00f6retagen \u00e4r ett f\u00f6rbund inom Almega, en samarbetsorganisation inom Svenskt N\u00e4ringsliv. Med arbetsgivarservice i v\u00e4rldsklass och moderna kollektivavtal \u00e4r S\u00e4kerhetsf\u00f6retagen navet f\u00f6r f\u00f6retag verksamma inom s\u00e4kerhetssektorn i Sverige. Almega S\u00e4kerhetsf\u00f6retagen arbetar med arbetsgivar- och &hellip;<\/p>\n","protected":false},"author":1,"featured_media":0,"parent":0,"menu_order":0,"comment_status":"closed","ping_status":"closed","template":"","meta":{"_acf_changed":false,"footnotes":""},"article_type":[],"agreement":[],"for-members":[],"class_list":["post-9","page","type-page","status-publish","hentry"],"acf":[],"yoast_head":"<!-- This site is optimized with the Yoast SEO plugin v26.8 - https:\/\/yoast.com\/product\/yoast-seo-wordpress\/ -->\n<title>Om oss - S\u00e4kerhetsf\u00f6retagen<\/title>\n<meta name=\"robots\" content=\"index, follow, max-snippet:-1, max-image-preview:large, max-video-preview:-1\" \/>\n<link rel=\"canonical\" href=\"https:\/\/www.sakerhetsforetagen.se\/om-oss\/\" \/>\n<meta property=\"og:locale\" content=\"sv_SE\" \/>\n<meta property=\"og:type\" content=\"article\" \/>\n<meta property=\"og:title\" content=\"Om oss - S\u00e4kerhetsf\u00f6retagen\" \/>\n<meta property=\"og:description\" content=\"Almega S\u00e4kerhetsf\u00f6retagen \u00e4r ett f\u00f6rbund inom Almega, en samarbetsorganisation inom Svenskt N\u00e4ringsliv. Med arbetsgivarservice i v\u00e4rldsklass och moderna kollektivavtal \u00e4r S\u00e4kerhetsf\u00f6retagen navet f\u00f6r f\u00f6retag verksamma inom s\u00e4kerhetssektorn i Sverige. Almega S\u00e4kerhetsf\u00f6retagen arbetar med arbetsgivar- och &hellip;\" \/>\n<meta property=\"og:url\" content=\"https:\/\/www.sakerhetsforetagen.se\/om-oss\/\" \/>\n<meta property=\"og:site_name\" content=\"S\u00e4kerhetsf\u00f6retagen\" \/>\n<meta property=\"article:modified_time\" content=\"2026-03-11T12:54:37+00:00\" \/>\n<meta name=\"twitter:card\" content=\"summary_large_image\" \/>\n<meta name=\"twitter:label1\" content=\"Ber\u00e4knad l\u00e4stid\" \/>\n\t<meta name=\"twitter:data1\" content=\"2 minuter\" \/>\n<script type=\"application\/ld+json\" class=\"yoast-schema-graph\">{\"@context\":\"https:\/\/schema.org\",\"@graph\":[{\"@type\":\"WebPage\",\"@id\":\"https:\/\/www.sakerhetsforetagen.se\/om-oss\/\",\"url\":\"https:\/\/www.sakerhetsforetagen.se\/om-oss\/\",\"name\":\"Om oss - S\u00e4kerhetsf\u00f6retagen\",\"isPartOf\":{\"@id\":\"https:\/\/www.sakerhetsforetagen.se\/#website\"},\"datePublished\":\"2020-10-20T05:54:28+00:00\",\"dateModified\":\"2026-03-11T12:54:37+00:00\",\"breadcrumb\":{\"@id\":\"https:\/\/www.sakerhetsforetagen.se\/om-oss\/#breadcrumb\"},\"inLanguage\":\"sv-SE\",\"potentialAction\":[{\"@type\":\"ReadAction\",\"target\":[\"https:\/\/www.sakerhetsforetagen.se\/om-oss\/\"]}]},{\"@type\":\"BreadcrumbList\",\"@id\":\"https:\/\/www.sakerhetsforetagen.se\/om-oss\/#breadcrumb\",\"itemListElement\":[{\"@type\":\"ListItem\",\"position\":1,\"name\":\"Home\",\"item\":\"https:\/\/www.sakerhetsforetagen.se\/\"},{\"@type\":\"ListItem\",\"position\":2,\"name\":\"Om oss\"}]},{\"@type\":\"WebSite\",\"@id\":\"https:\/\/www.sakerhetsforetagen.se\/#website\",\"url\":\"https:\/\/www.sakerhetsforetagen.se\/\",\"name\":\"S\u00e4kerhetsf\u00f6retagen\",\"description\":\"\",\"potentialAction\":[{\"@type\":\"SearchAction\",\"target\":{\"@type\":\"EntryPoint\",\"urlTemplate\":\"https:\/\/www.sakerhetsforetagen.se\/?s={search_term_string}\"},\"query-input\":{\"@type\":\"PropertyValueSpecification\",\"valueRequired\":true,\"valueName\":\"search_term_string\"}}],\"inLanguage\":\"sv-SE\"}]}<\/script>\n<!-- \/ Yoast SEO plugin. -->","yoast_head_json":{"title":"Om oss - S\u00e4kerhetsf\u00f6retagen","robots":{"index":"index","follow":"follow","max-snippet":"max-snippet:-1","max-image-preview":"max-image-preview:large","max-video-preview":"max-video-preview:-1"},"canonical":"https:\/\/www.sakerhetsforetagen.se\/om-oss\/","og_locale":"sv_SE","og_type":"article","og_title":"Om oss - S\u00e4kerhetsf\u00f6retagen","og_description":"Almega S\u00e4kerhetsf\u00f6retagen \u00e4r ett f\u00f6rbund inom Almega, en samarbetsorganisation inom Svenskt N\u00e4ringsliv. Med arbetsgivarservice i v\u00e4rldsklass och moderna kollektivavtal \u00e4r S\u00e4kerhetsf\u00f6retagen navet f\u00f6r f\u00f6retag verksamma inom s\u00e4kerhetssektorn i Sverige. Almega S\u00e4kerhetsf\u00f6retagen arbetar med arbetsgivar- och &hellip;","og_url":"https:\/\/www.sakerhetsforetagen.se\/om-oss\/","og_site_name":"S\u00e4kerhetsf\u00f6retagen","article_modified_time":"2026-03-11T12:54:37+00:00","twitter_card":"summary_large_image","twitter_misc":{"Ber\u00e4knad l\u00e4stid":"2 minuter"},"schema":{"@context":"https:\/\/schema.org","@graph":[{"@type":"WebPage","@id":"https:\/\/www.sakerhetsforetagen.se\/om-oss\/","url":"https:\/\/www.sakerhetsforetagen.se\/om-oss\/","name":"Om oss - S\u00e4kerhetsf\u00f6retagen","isPartOf":{"@id":"https:\/\/www.sakerhetsforetagen.se\/#website"},"datePublished":"2020-10-20T05:54:28+00:00","dateModified":"2026-03-11T12:54:37+00:00","breadcrumb":{"@id":"https:\/\/www.sakerhetsforetagen.se\/om-oss\/#breadcrumb"},"inLanguage":"sv-SE","potentialAction":[{"@type":"ReadAction","target":["https:\/\/www.sakerhetsforetagen.se\/om-oss\/"]}]},{"@type":"BreadcrumbList","@id":"https:\/\/www.sakerhetsforetagen.se\/om-oss\/#breadcrumb","itemListElement":[{"@type":"ListItem","position":1,"name":"Home","item":"https:\/\/www.sakerhetsforetagen.se\/"},{"@type":"ListItem","position":2,"name":"Om oss"}]},{"@type":"WebSite","@id":"https:\/\/www.sakerhetsforetagen.se\/#website","url":"https:\/\/www.sakerhetsforetagen.se\/","name":"S\u00e4kerhetsf\u00f6retagen","description":"","potentialAction":[{"@type":"SearchAction","target":{"@type":"EntryPoint","urlTemplate":"https:\/\/www.sakerhetsforetagen.se\/?s={search_term_string}"},"query-input":{"@type":"PropertyValueSpecification","valueRequired":true,"valueName":"search_term_string"}}],"inLanguage":"sv-SE"}]}},"_links":{"self":[{"href":"https:\/\/www.sakerhetsforetagen.se\/api\/wp\/v2\/pages\/9","targetHints":{"allow":["GET"]}}],"collection":[{"href":"https:\/\/www.sakerhetsforetagen.se\/api\/wp\/v2\/pages"}],"about":[{"href":"https:\/\/www.sakerhetsforetagen.se\/api\/wp\/v2\/types\/page"}],"author":[{"embeddable":true,"href":"https:\/\/www.sakerhetsforetagen.se\/api\/wp\/v2\/users\/1"}],"replies":[{"embeddable":true,"href":"https:\/\/www.sakerhetsforetagen.se\/api\/wp\/v2\/comments?post=9"}],"version-history":[{"count":14,"href":"https:\/\/www.sakerhetsforetagen.se\/api\/wp\/v2\/pages\/9\/revisions"}],"predecessor-version":[{"id":2386,"href":"https:\/\/www.sakerhetsforetagen.se\/api\/wp\/v2\/pages\/9\/revisions\/2386"}],"wp:attachment":[{"href":"https:\/\/www.sakerhetsforetagen.se\/api\/wp\/v2\/media?parent=9"}],"wp:term":[{"taxonomy":"type","embeddable":true,"href":"https:\/\/www.sakerhetsforetagen.se\/api\/wp\/v2\/article_type?post=9"},{"taxonomy":"agreement","embeddable":true,"href":"https:\/\/www.sakerhetsforetagen.se\/api\/wp\/v2\/agreement?post=9"},{"taxonomy":"for-members","embeddable":true,"href":"https:\/\/www.sakerhetsforetagen.se\/api\/wp\/v2\/for-members?post=9"}],"curies":[{"name":"wp","href":"https:\/\/api.w.org\/{rel}","templated":true}]}}