{"id":741,"date":"2021-06-07T13:14:54","date_gmt":"2021-06-07T11:14:54","guid":{"rendered":"https:\/\/www.sakerhetsforetagen.se\/?page_id=741"},"modified":"2023-04-27T16:01:32","modified_gmt":"2023-04-27T14:01:32","slug":"ny-forhandlingschef-ar-utsedd","status":"publish","type":"page","link":"https:\/\/www.sakerhetsforetagen.se\/ny-forhandlingschef-ar-utsedd\/","title":{"rendered":"Ny f\u00f6rhandlingschef \u00e4r utsedd"},"content":{"rendered":"<div class=\"wp-block wp-block-core-heading\" id=\"ny-forhandlingschef-ar-utsedd\">\n<h1 class=\"wp-block-heading\">Ny f\u00f6rhandlingschef \u00e4r utsedd<\/h1>\n<\/div>\n\n<div class=\"wp-block wp-block-core-paragraph\">\n<p class=\"has-excerpt-font-size\">Adam Dobbertin ny f\u00f6rhandlingschef f\u00f6r Almega S\u00e4kerhetsf\u00f6retagen, som sedan den 1 januari 2021 \u00e4r ett f\u00f6rbund inom Almega, f\u00f6rst\u00e4rker sin organisation med Adam Dobbertin som f\u00f6rhandlingschef.<\/p>\n<\/div>\n\n<div class=\"wp-block wp-block-core-paragraph\">\n<p>&#8211; Jag v\u00e4lkomnar Adam som v\u00e5r nye f\u00f6rhandlingschef. I en r\u00e5dgivnings- och f\u00f6rhandlingsintensiv bransch \u00e4r rollen som f\u00f6rhandlingschef v\u00e4ldigt viktig f\u00f6r medlemmarna, s\u00e4ger Almega S\u00e4kerhetsf\u00f6retagens f\u00f6rbundsdirekt\u00f6r Richard Org\u00e5rd.<\/p>\n<\/div>\n\n<div class=\"wp-block wp-block-core-paragraph\">\n<p>Vi st\u00e4llde n\u00e5gra fr\u00e5gor till v\u00e5r nye f\u00f6rhandlingschef Adam Dobbertin.<\/p>\n<\/div>\n\n<div class=\"wp-block wp-block-core-paragraph\">\n<p><strong>Vad har du f\u00f6r bakgrund?<\/strong><\/p>\n<\/div>\n\n<div class=\"wp-block wp-block-core-paragraph\">\n<p>Jag kommer senast fr\u00e5n en roll som avtalsansvarig f\u00f6rhandlare f\u00f6r Kompetensf\u00f6retagen inom Almega. Kompetensf\u00f6retagen samlar f\u00f6retag inom rekrytering, omst\u00e4llning och personaluthyrning och i denna bransch har jag arbetat med f\u00f6rhandlingar och arbetsr\u00e4tt i tio \u00e5r, b\u00e5de inom Almega och i det privata n\u00e4ringslivet.<\/p>\n<\/div>\n\n<div class=\"wp-block wp-block-core-paragraph\">\n<p><strong>Vem \u00e4r personen Adam Dobbertin?<\/strong><\/p>\n<\/div>\n\n<div class=\"wp-block wp-block-core-paragraph\">\n<p>Jag \u00e4r nybliven pappa och bor tillsammans med min sambo p\u00e5 Kvarnholmen i Nacka. P\u00e5 fritiden (och innan pandemin) f\u00f6rs\u00f6ker jag \u00e5ka s\u00e5 mycket skidor som m\u00f6jligt.<\/p>\n<\/div>\n\n<div class=\"wp-block wp-block-core-paragraph\">\n<p><strong>Vad var det som gjorde att du s\u00f6kte dig till S\u00e4kerhetsf\u00f6retagen?<\/strong><\/p>\n<\/div>\n\n<div class=\"wp-block wp-block-core-paragraph\">\n<p>F\u00f6rst och fr\u00e4mst var det branschen som lockade. Medlemsf\u00f6retagen och dess medarbetare har ett viktigt uppdrag. S\u00e4kerhet- och trygghetsfr\u00e5gor ber\u00f6r hela samh\u00e4llet och S\u00e4kerhetsf\u00f6retagens medlemmar g\u00f6r skillnad varje dag f\u00f6r att skapa ett s\u00e4krare och tryggare Sverige. Med den utveckling vi kan se idag, tillsammans med stora framsteg inom teknikutveckling och digitalisering, \u00e4r branschen inne i en sp\u00e4nnande fas och det ska bli mycket roligt att f\u00e5 f\u00f6lja denna p\u00e5 n\u00e4ra h\u00e5ll.&nbsp; Jag ser s\u00e5klart ocks\u00e5 fram emot att vara en del i det duktiga team som idag finns p\u00e5 S\u00e4kerhetsf\u00f6retagen och som leds av Richard Org\u00e5rd.<\/p>\n<\/div>\n\n<div class=\"wp-block wp-block-core-paragraph\">\n<p><strong>Vad ser du som viktiga fokusomr\u00e5den i framtiden?<\/strong><\/p>\n<\/div>\n\n<div class=\"wp-block wp-block-core-paragraph\">\n<p>D\u00e5 rollen som f\u00f6rhandlingschef p\u00e5 S\u00e4kerhetsf\u00f6retagen \u00e4r ny kommer fokus p\u00e5 kort sikt vara att bygga upp en organisation som kan ge b\u00e4sta m\u00f6jliga service till v\u00e5ra medlemmar i arbetsgivarfr\u00e5gor. P\u00e5 l\u00e4ngre sikt m\u00e5ste vi arbeta f\u00f6r att h\u00e5lla kollektivavtalen relevanta och anpassade f\u00f6r dagens utmaningar och verklighet. Det arbetsr\u00e4ttsliga regelverket \u00e4r i m\u00e5nga avseendet skapat i, och anpassat f\u00f6r, en annan tid. Tillsammans med v\u00e5ra fackliga motparter har vi ett ansvar att se till att det alltid ska vara en f\u00f6rdel att omfattas av kollektivavtal j\u00e4mf\u00f6rt med att inte g\u00f6ra det.<\/p>\n<\/div>\n\n\n<div class=\"wp-block-columns is-layout-flex wp-container-core-columns-is-layout-9d6595d7 wp-block-columns-is-layout-flex\">\n<div class=\"wp-block-column is-layout-flow wp-block-column-is-layout-flow\"><\/div>\n<\/div>\n\n\n<div id=\"block-events-block_70f5f3924358e398f965485e1cdda8aa\" class=\"Listing Listing--event has-secondary-background-color\" >\n  <div class=\"container\">\n          <div class=\"Listing__heading\">\n        <h2>Kommande aktiviteter<\/h2>\n      <\/div>\n        <div class=\"row\">\n                    <div class=\"col-md-3 mb-4\">\n            <article class=\"Blurb Blurb--event Blurb--sm\">\n  <a href=\"https:\/\/www.sakerhetsforetagen.se\/aktiviteter\/arbetsmiljoarbetet-i-praktiken-samosa\/\">\n          <div class=\"Blurb__thumbnail__wrap\">\n        <figure class=\"Blurb__thumbnail\">\n          <img loading=\"lazy\" decoding=\"async\" width=\"300\" height=\"200\" src=\"https:\/\/www.sakerhetsforetagen.se\/app\/uploads\/sites\/11\/2025\/06\/masma111876-300x200.jpg\" class=\"attachment-medium size-medium wp-post-image\" alt=\"\" srcset=\"https:\/\/www.sakerhetsforetagen.se\/app\/uploads\/sites\/11\/2025\/06\/masma111876-300x200.jpg 300w, https:\/\/www.sakerhetsforetagen.se\/app\/uploads\/sites\/11\/2025\/06\/masma111876-1024x683.jpg 1024w, https:\/\/www.sakerhetsforetagen.se\/app\/uploads\/sites\/11\/2025\/06\/masma111876-768x512.jpg 768w, https:\/\/www.sakerhetsforetagen.se\/app\/uploads\/sites\/11\/2025\/06\/masma111876-1536x1024.jpg 1536w, https:\/\/www.sakerhetsforetagen.se\/app\/uploads\/sites\/11\/2025\/06\/masma111876-2048x1366.jpg 2048w\" sizes=\"auto, (max-width: 300px) 100vw, 300px\" \/>\n        <\/figure>\n      <\/div>\n        <div class=\"Blurb__content\">\n      <div class=\"Blurb__body\">\n        <h2 class=\"Blurb__title\">\n          Grundl\u00e4ggande arbetsmilj\u00f6 &#8211; SAM och  OSA\n        <\/h2>\n        <div class=\"Blurb__text course-info\">\n          <div class=\"meta\">\n                          <span>Kurs<\/span>\n                                                      <span>Distans<\/span>\n                                                    <span>Medlemspris 2995 kr<\/span>\n                      <\/div>\n\n                      <div class=\"date\">\n              <svg class='icon icon--calendar'  width=\"16\" height=\"16\" viewBox=\"0 0 16 16\" fill=\"none\" xmlns=\"http:\/\/www.w3.org\/2000\/svg\">\n<rect x=\"1.5\" y=\"3.99835\" width=\"13\" height=\"10\" stroke=\"black\" stroke-width=\"2\" stroke-miterlimit=\"10\" stroke-linecap=\"round\"\/>\n<path d=\"M1.5 6.79999H14.5\" stroke=\"black\" stroke-width=\"2\" stroke-miterlimit=\"10\"\/>\n<path d=\"M5 0.5V4\" stroke=\"black\" stroke-width=\"2\"\/>\n<path d=\"M11 0.5V4\" stroke=\"black\" stroke-width=\"2\"\/>\n<\/svg>\n\n                                6 maj, 09:00 &#8211; 12:00 och <br>\n                              7 maj, 09:00 &#8211; 12:00<br>\n                          <\/div>\n          \n          \n\n                      <div class=\"checklist\">\n              <ul class=\"checklist__list\">\n                                  <li>Arbetsmilj\u00f6lagstiftning<\/li>\n                                  <li>Systematiskt arbetsmilj\u00f6arbete<\/li>\n                                  <li>Organisatorisk och social arbetsmilj\u00f6<\/li>\n                              <\/ul>\n            <\/div>\n          \n          \n          \n\n          \n\n          \n        <\/div>\n      <\/div>\n      <div class=\"Blurb__button Button \">\n                  <div class=\"Button__text\">\n            L\u00e4s mer och boka\n          <\/div>\n                <div class=\"Button__arrow\">\n          <div class=\"Button__line\"><\/div>\n          <svg class='icon icon--arrow-tip'  width=\"11\" height=\"16\" viewBox=\"0 0 11 16\" fill=\"none\" xmlns=\"http:\/\/www.w3.org\/2000\/svg\">\n<path d=\"M0.858398 15L9.2304 7.99664L0.967732 1.00001\" stroke=\"black\" stroke-width=\"2\" stroke-miterlimit=\"10\"\/>\n<\/svg>\n\n          <\/div>\n      <\/div>\n    <\/div>\n  <\/a>\n<\/article>\n\n        <\/div>\n              <div class=\"col-md-3 mb-4\">\n            <article class=\"Blurb Blurb--event Blurb--sm\">\n  <a href=\"https:\/\/www.sakerhetsforetagen.se\/aktiviteter\/rekrytering-att-gora-arbetsrattsligt-ratt\/\">\n          <div class=\"Blurb__thumbnail__wrap\">\n        <figure class=\"Blurb__thumbnail\">\n          <img loading=\"lazy\" decoding=\"async\" width=\"300\" height=\"200\" src=\"https:\/\/www.sakerhetsforetagen.se\/app\/uploads\/sites\/11\/2026\/02\/rekrytering-ai-300x200.jpg\" class=\"attachment-medium size-medium wp-post-image\" alt=\"\" srcset=\"https:\/\/www.sakerhetsforetagen.se\/app\/uploads\/sites\/11\/2026\/02\/rekrytering-ai-300x200.jpg 300w, https:\/\/www.sakerhetsforetagen.se\/app\/uploads\/sites\/11\/2026\/02\/rekrytering-ai-1024x683.jpg 1024w, https:\/\/www.sakerhetsforetagen.se\/app\/uploads\/sites\/11\/2026\/02\/rekrytering-ai-768x512.jpg 768w, https:\/\/www.sakerhetsforetagen.se\/app\/uploads\/sites\/11\/2026\/02\/rekrytering-ai-1536x1024.jpg 1536w, https:\/\/www.sakerhetsforetagen.se\/app\/uploads\/sites\/11\/2026\/02\/rekrytering-ai-2048x1366.jpg 2048w\" sizes=\"auto, (max-width: 300px) 100vw, 300px\" \/>\n        <\/figure>\n      <\/div>\n        <div class=\"Blurb__content\">\n      <div class=\"Blurb__body\">\n        <h2 class=\"Blurb__title\">\n          Rekrytera r\u00e4tt \u2013 nya regler, AI och l\u00f6netransparens\n        <\/h2>\n        <div class=\"Blurb__text course-info\">\n          <div class=\"meta\">\n                          <span>Kurs<\/span>\n                                                      <span>Distans<\/span>\n                                                    <span>Medlemspris 995 kr<\/span>\n                      <\/div>\n\n                      <div class=\"date\">\n              <svg class='icon icon--calendar'  width=\"16\" height=\"16\" viewBox=\"0 0 16 16\" fill=\"none\" xmlns=\"http:\/\/www.w3.org\/2000\/svg\">\n<rect x=\"1.5\" y=\"3.99835\" width=\"13\" height=\"10\" stroke=\"black\" stroke-width=\"2\" stroke-miterlimit=\"10\" stroke-linecap=\"round\"\/>\n<path d=\"M1.5 6.79999H14.5\" stroke=\"black\" stroke-width=\"2\" stroke-miterlimit=\"10\"\/>\n<path d=\"M5 0.5V4\" stroke=\"black\" stroke-width=\"2\"\/>\n<path d=\"M11 0.5V4\" stroke=\"black\" stroke-width=\"2\"\/>\n<\/svg>\n\n                12 maj, 13:00 &#8211; 16:00\n            <\/div>\n          \n          \n\n                      <div class=\"checklist\">\n              <ul class=\"checklist__list\">\n                                  <li>AI<\/li>\n                                  <li>tester och automatiserad screening<\/li>\n                                  <li>Diskrimineringslagen \u2013 kravprofil<\/li>\n                                  <li>urval och intervjuer<\/li>\n                                  <li>L\u00f6netransparens \u2013 krav p\u00e5 l\u00f6neinformation i rekryteringsprocessen<\/li>\n                              <\/ul>\n            <\/div>\n          \n          \n          \n\n          \n\n          \n        <\/div>\n      <\/div>\n      <div class=\"Blurb__button Button \">\n                  <div class=\"Button__text\">\n            L\u00e4s mer och boka\n          <\/div>\n                <div class=\"Button__arrow\">\n          <div class=\"Button__line\"><\/div>\n          <svg class='icon icon--arrow-tip'  width=\"11\" height=\"16\" viewBox=\"0 0 11 16\" fill=\"none\" xmlns=\"http:\/\/www.w3.org\/2000\/svg\">\n<path d=\"M0.858398 15L9.2304 7.99664L0.967732 1.00001\" stroke=\"black\" stroke-width=\"2\" stroke-miterlimit=\"10\"\/>\n<\/svg>\n\n          <\/div>\n      <\/div>\n    <\/div>\n  <\/a>\n<\/article>\n\n        <\/div>\n              <div class=\"col-md-3 mb-4\">\n            <article class=\"Blurb Blurb--event Blurb--sm\">\n  <a href=\"https:\/\/www.sakerhetsforetagen.se\/aktiviteter\/grundkurs-i-arbetsratt-2-delar\/\">\n          <div class=\"Blurb__thumbnail__wrap\">\n        <figure class=\"Blurb__thumbnail\">\n          <img loading=\"lazy\" decoding=\"async\" width=\"300\" height=\"200\" src=\"https:\/\/www.sakerhetsforetagen.se\/app\/uploads\/sites\/11\/2025\/12\/grundkurs-i-arbetsratt-300x200.jpg\" class=\"attachment-medium size-medium wp-post-image\" alt=\"\" srcset=\"https:\/\/www.sakerhetsforetagen.se\/app\/uploads\/sites\/11\/2025\/12\/grundkurs-i-arbetsratt-300x200.jpg 300w, https:\/\/www.sakerhetsforetagen.se\/app\/uploads\/sites\/11\/2025\/12\/grundkurs-i-arbetsratt-1024x683.jpg 1024w, https:\/\/www.sakerhetsforetagen.se\/app\/uploads\/sites\/11\/2025\/12\/grundkurs-i-arbetsratt-768x512.jpg 768w, https:\/\/www.sakerhetsforetagen.se\/app\/uploads\/sites\/11\/2025\/12\/grundkurs-i-arbetsratt-1536x1024.jpg 1536w, https:\/\/www.sakerhetsforetagen.se\/app\/uploads\/sites\/11\/2025\/12\/grundkurs-i-arbetsratt-2048x1366.jpg 2048w\" sizes=\"auto, (max-width: 300px) 100vw, 300px\" \/>\n        <\/figure>\n      <\/div>\n        <div class=\"Blurb__content\">\n      <div class=\"Blurb__body\">\n        <h2 class=\"Blurb__title\">\n          Grundkurs i Arbetsr\u00e4tt\n        <\/h2>\n        <div class=\"Blurb__text course-info\">\n          <div class=\"meta\">\n                          <span>Kurs<\/span>\n                                                      <span>Distans<\/span>\n                                                    <span>Medlemspris 2495 kr<\/span>\n                      <\/div>\n\n                      <div class=\"date\">\n              <svg class='icon icon--calendar'  width=\"16\" height=\"16\" viewBox=\"0 0 16 16\" fill=\"none\" xmlns=\"http:\/\/www.w3.org\/2000\/svg\">\n<rect x=\"1.5\" y=\"3.99835\" width=\"13\" height=\"10\" stroke=\"black\" stroke-width=\"2\" stroke-miterlimit=\"10\" stroke-linecap=\"round\"\/>\n<path d=\"M1.5 6.79999H14.5\" stroke=\"black\" stroke-width=\"2\" stroke-miterlimit=\"10\"\/>\n<path d=\"M5 0.5V4\" stroke=\"black\" stroke-width=\"2\"\/>\n<path d=\"M11 0.5V4\" stroke=\"black\" stroke-width=\"2\"\/>\n<\/svg>\n\n                                19 maj, 09:00 &#8211; 11:00 och <br>\n                              20 maj, 09:00 &#8211; 11:00<br>\n                          <\/div>\n          \n          \n\n                      <div class=\"checklist\">\n              <ul class=\"checklist__list\">\n                                  <li>Vanliga fr\u00e5gest\u00e4llningar och situationer<\/li>\n                                  <li>Lagstiftning och kollektivavtal<\/li>\n                                  <li>Arbetsgivarens skyldigheter och handlingsutrymme<\/li>\n                              <\/ul>\n            <\/div>\n          \n          \n          \n\n          \n\n          \n        <\/div>\n      <\/div>\n      <div class=\"Blurb__button Button \">\n                  <div class=\"Button__text\">\n            L\u00e4s mer och boka\n          <\/div>\n                <div class=\"Button__arrow\">\n          <div class=\"Button__line\"><\/div>\n          <svg class='icon icon--arrow-tip'  width=\"11\" height=\"16\" viewBox=\"0 0 11 16\" fill=\"none\" xmlns=\"http:\/\/www.w3.org\/2000\/svg\">\n<path d=\"M0.858398 15L9.2304 7.99664L0.967732 1.00001\" stroke=\"black\" stroke-width=\"2\" stroke-miterlimit=\"10\"\/>\n<\/svg>\n\n          <\/div>\n      <\/div>\n    <\/div>\n  <\/a>\n<\/article>\n\n        <\/div>\n              <div class=\"col-md-3 mb-4\">\n            <article class=\"Blurb Blurb--event Blurb--sm\">\n  <a href=\"https:\/\/www.sakerhetsforetagen.se\/aktiviteter\/fordjupa-dig-i-arbetsratten-stockholm\/\">\n          <div class=\"Blurb__thumbnail__wrap\">\n        <figure class=\"Blurb__thumbnail\">\n          <img loading=\"lazy\" decoding=\"async\" width=\"300\" height=\"200\" src=\"https:\/\/www.sakerhetsforetagen.se\/app\/uploads\/sites\/11\/2025\/12\/ima235889-300x200.jpg\" class=\"attachment-medium size-medium wp-post-image\" alt=\"\" srcset=\"https:\/\/www.sakerhetsforetagen.se\/app\/uploads\/sites\/11\/2025\/12\/ima235889-300x200.jpg 300w, https:\/\/www.sakerhetsforetagen.se\/app\/uploads\/sites\/11\/2025\/12\/ima235889-1024x683.jpg 1024w, https:\/\/www.sakerhetsforetagen.se\/app\/uploads\/sites\/11\/2025\/12\/ima235889-768x512.jpg 768w, https:\/\/www.sakerhetsforetagen.se\/app\/uploads\/sites\/11\/2025\/12\/ima235889.jpg 1400w\" sizes=\"auto, (max-width: 300px) 100vw, 300px\" \/>\n        <\/figure>\n      <\/div>\n        <div class=\"Blurb__content\">\n      <div class=\"Blurb__body\">\n        <h2 class=\"Blurb__title\">\n          F\u00f6rdjupa dig i Arbetsr\u00e4tten  &#8211; Stockholm\n        <\/h2>\n        <div class=\"Blurb__text course-info\">\n          <div class=\"meta\">\n                          <span>Kurs<\/span>\n                                                      <span>N\u00e4ringslivets Hus, Stockholm<\/span>\n                                                    <span>Medlemspris 3800 kr<\/span>\n                      <\/div>\n\n                      <div class=\"date\">\n              <svg class='icon icon--calendar'  width=\"16\" height=\"16\" viewBox=\"0 0 16 16\" fill=\"none\" xmlns=\"http:\/\/www.w3.org\/2000\/svg\">\n<rect x=\"1.5\" y=\"3.99835\" width=\"13\" height=\"10\" stroke=\"black\" stroke-width=\"2\" stroke-miterlimit=\"10\" stroke-linecap=\"round\"\/>\n<path d=\"M1.5 6.79999H14.5\" stroke=\"black\" stroke-width=\"2\" stroke-miterlimit=\"10\"\/>\n<path d=\"M5 0.5V4\" stroke=\"black\" stroke-width=\"2\"\/>\n<path d=\"M11 0.5V4\" stroke=\"black\" stroke-width=\"2\"\/>\n<\/svg>\n\n                22 maj, 09:30 &#8211; 16:00\n            <\/div>\n          \n          \n\n          \n          \n          \n\n          \n\n          \n        <\/div>\n      <\/div>\n      <div class=\"Blurb__button Button \">\n                  <div class=\"Button__text\">\n            L\u00e4s mer och boka\n          <\/div>\n                <div class=\"Button__arrow\">\n          <div class=\"Button__line\"><\/div>\n          <svg class='icon icon--arrow-tip'  width=\"11\" height=\"16\" viewBox=\"0 0 11 16\" fill=\"none\" xmlns=\"http:\/\/www.w3.org\/2000\/svg\">\n<path d=\"M0.858398 15L9.2304 7.99664L0.967732 1.00001\" stroke=\"black\" stroke-width=\"2\" stroke-miterlimit=\"10\"\/>\n<\/svg>\n\n          <\/div>\n      <\/div>\n    <\/div>\n  <\/a>\n<\/article>\n\n        <\/div>\n                <\/div>\n      <\/div>\n<\/div>\n","protected":false},"excerpt":{"rendered":"<p>Ny f\u00f6rhandlingschef \u00e4r utsedd Adam Dobbertin ny f\u00f6rhandlingschef f\u00f6r Almega S\u00e4kerhetsf\u00f6retagen, som sedan den 1 januari 2021 \u00e4r ett f\u00f6rbund inom Almega, f\u00f6rst\u00e4rker sin organisation med Adam Dobbertin som f\u00f6rhandlingschef. &#8211; Jag v\u00e4lkomnar Adam som &hellip;<\/p>\n","protected":false},"author":2400,"featured_media":0,"parent":0,"menu_order":0,"comment_status":"closed","ping_status":"closed","template":"","meta":{"_acf_changed":false,"footnotes":""},"article_type":[],"agreement":[],"for-members":[],"class_list":["post-741","page","type-page","status-publish","hentry"],"acf":[],"yoast_head":"<!-- This site is optimized with the Yoast SEO plugin v26.8 - https:\/\/yoast.com\/product\/yoast-seo-wordpress\/ -->\n<title>Ny f\u00f6rhandlingschef \u00e4r utsedd - S\u00e4kerhetsf\u00f6retagen<\/title>\n<meta name=\"robots\" content=\"index, follow, max-snippet:-1, max-image-preview:large, max-video-preview:-1\" \/>\n<link rel=\"canonical\" href=\"https:\/\/www.sakerhetsforetagen.se\/ny-forhandlingschef-ar-utsedd\/\" \/>\n<meta property=\"og:locale\" content=\"sv_SE\" \/>\n<meta property=\"og:type\" content=\"article\" \/>\n<meta property=\"og:title\" content=\"Ny f\u00f6rhandlingschef \u00e4r utsedd - S\u00e4kerhetsf\u00f6retagen\" \/>\n<meta property=\"og:description\" content=\"Ny f\u00f6rhandlingschef \u00e4r utsedd Adam Dobbertin ny f\u00f6rhandlingschef f\u00f6r Almega S\u00e4kerhetsf\u00f6retagen, som sedan den 1 januari 2021 \u00e4r ett f\u00f6rbund inom Almega, f\u00f6rst\u00e4rker sin organisation med Adam Dobbertin som f\u00f6rhandlingschef. &#8211; Jag v\u00e4lkomnar Adam som &hellip;\" \/>\n<meta property=\"og:url\" content=\"https:\/\/www.sakerhetsforetagen.se\/ny-forhandlingschef-ar-utsedd\/\" \/>\n<meta property=\"og:site_name\" content=\"S\u00e4kerhetsf\u00f6retagen\" \/>\n<meta property=\"article:modified_time\" content=\"2023-04-27T14:01:32+00:00\" \/>\n<meta name=\"twitter:card\" content=\"summary_large_image\" \/>\n<meta name=\"twitter:label1\" content=\"Ber\u00e4knad l\u00e4stid\" \/>\n\t<meta name=\"twitter:data1\" content=\"2 minuter\" \/>\n<script type=\"application\/ld+json\" class=\"yoast-schema-graph\">{\"@context\":\"https:\/\/schema.org\",\"@graph\":[{\"@type\":\"WebPage\",\"@id\":\"https:\/\/www.sakerhetsforetagen.se\/ny-forhandlingschef-ar-utsedd\/\",\"url\":\"https:\/\/www.sakerhetsforetagen.se\/ny-forhandlingschef-ar-utsedd\/\",\"name\":\"Ny f\u00f6rhandlingschef \u00e4r utsedd - S\u00e4kerhetsf\u00f6retagen\",\"isPartOf\":{\"@id\":\"https:\/\/www.sakerhetsforetagen.se\/#website\"},\"datePublished\":\"2021-06-07T11:14:54+00:00\",\"dateModified\":\"2023-04-27T14:01:32+00:00\",\"breadcrumb\":{\"@id\":\"https:\/\/www.sakerhetsforetagen.se\/ny-forhandlingschef-ar-utsedd\/#breadcrumb\"},\"inLanguage\":\"sv-SE\",\"potentialAction\":[{\"@type\":\"ReadAction\",\"target\":[\"https:\/\/www.sakerhetsforetagen.se\/ny-forhandlingschef-ar-utsedd\/\"]}]},{\"@type\":\"BreadcrumbList\",\"@id\":\"https:\/\/www.sakerhetsforetagen.se\/ny-forhandlingschef-ar-utsedd\/#breadcrumb\",\"itemListElement\":[{\"@type\":\"ListItem\",\"position\":1,\"name\":\"Home\",\"item\":\"https:\/\/www.sakerhetsforetagen.se\/\"},{\"@type\":\"ListItem\",\"position\":2,\"name\":\"Ny f\u00f6rhandlingschef \u00e4r utsedd\"}]},{\"@type\":\"WebSite\",\"@id\":\"https:\/\/www.sakerhetsforetagen.se\/#website\",\"url\":\"https:\/\/www.sakerhetsforetagen.se\/\",\"name\":\"S\u00e4kerhetsf\u00f6retagen\",\"description\":\"\",\"potentialAction\":[{\"@type\":\"SearchAction\",\"target\":{\"@type\":\"EntryPoint\",\"urlTemplate\":\"https:\/\/www.sakerhetsforetagen.se\/?s={search_term_string}\"},\"query-input\":{\"@type\":\"PropertyValueSpecification\",\"valueRequired\":true,\"valueName\":\"search_term_string\"}}],\"inLanguage\":\"sv-SE\"}]}<\/script>\n<!-- \/ Yoast SEO plugin. -->","yoast_head_json":{"title":"Ny f\u00f6rhandlingschef \u00e4r utsedd - S\u00e4kerhetsf\u00f6retagen","robots":{"index":"index","follow":"follow","max-snippet":"max-snippet:-1","max-image-preview":"max-image-preview:large","max-video-preview":"max-video-preview:-1"},"canonical":"https:\/\/www.sakerhetsforetagen.se\/ny-forhandlingschef-ar-utsedd\/","og_locale":"sv_SE","og_type":"article","og_title":"Ny f\u00f6rhandlingschef \u00e4r utsedd - S\u00e4kerhetsf\u00f6retagen","og_description":"Ny f\u00f6rhandlingschef \u00e4r utsedd Adam Dobbertin ny f\u00f6rhandlingschef f\u00f6r Almega S\u00e4kerhetsf\u00f6retagen, som sedan den 1 januari 2021 \u00e4r ett f\u00f6rbund inom Almega, f\u00f6rst\u00e4rker sin organisation med Adam Dobbertin som f\u00f6rhandlingschef. &#8211; Jag v\u00e4lkomnar Adam som &hellip;","og_url":"https:\/\/www.sakerhetsforetagen.se\/ny-forhandlingschef-ar-utsedd\/","og_site_name":"S\u00e4kerhetsf\u00f6retagen","article_modified_time":"2023-04-27T14:01:32+00:00","twitter_card":"summary_large_image","twitter_misc":{"Ber\u00e4knad l\u00e4stid":"2 minuter"},"schema":{"@context":"https:\/\/schema.org","@graph":[{"@type":"WebPage","@id":"https:\/\/www.sakerhetsforetagen.se\/ny-forhandlingschef-ar-utsedd\/","url":"https:\/\/www.sakerhetsforetagen.se\/ny-forhandlingschef-ar-utsedd\/","name":"Ny f\u00f6rhandlingschef \u00e4r utsedd - S\u00e4kerhetsf\u00f6retagen","isPartOf":{"@id":"https:\/\/www.sakerhetsforetagen.se\/#website"},"datePublished":"2021-06-07T11:14:54+00:00","dateModified":"2023-04-27T14:01:32+00:00","breadcrumb":{"@id":"https:\/\/www.sakerhetsforetagen.se\/ny-forhandlingschef-ar-utsedd\/#breadcrumb"},"inLanguage":"sv-SE","potentialAction":[{"@type":"ReadAction","target":["https:\/\/www.sakerhetsforetagen.se\/ny-forhandlingschef-ar-utsedd\/"]}]},{"@type":"BreadcrumbList","@id":"https:\/\/www.sakerhetsforetagen.se\/ny-forhandlingschef-ar-utsedd\/#breadcrumb","itemListElement":[{"@type":"ListItem","position":1,"name":"Home","item":"https:\/\/www.sakerhetsforetagen.se\/"},{"@type":"ListItem","position":2,"name":"Ny f\u00f6rhandlingschef \u00e4r utsedd"}]},{"@type":"WebSite","@id":"https:\/\/www.sakerhetsforetagen.se\/#website","url":"https:\/\/www.sakerhetsforetagen.se\/","name":"S\u00e4kerhetsf\u00f6retagen","description":"","potentialAction":[{"@type":"SearchAction","target":{"@type":"EntryPoint","urlTemplate":"https:\/\/www.sakerhetsforetagen.se\/?s={search_term_string}"},"query-input":{"@type":"PropertyValueSpecification","valueRequired":true,"valueName":"search_term_string"}}],"inLanguage":"sv-SE"}]}},"_links":{"self":[{"href":"https:\/\/www.sakerhetsforetagen.se\/api\/wp\/v2\/pages\/741","targetHints":{"allow":["GET"]}}],"collection":[{"href":"https:\/\/www.sakerhetsforetagen.se\/api\/wp\/v2\/pages"}],"about":[{"href":"https:\/\/www.sakerhetsforetagen.se\/api\/wp\/v2\/types\/page"}],"author":[{"embeddable":true,"href":"https:\/\/www.sakerhetsforetagen.se\/api\/wp\/v2\/users\/2400"}],"replies":[{"embeddable":true,"href":"https:\/\/www.sakerhetsforetagen.se\/api\/wp\/v2\/comments?post=741"}],"version-history":[{"count":6,"href":"https:\/\/www.sakerhetsforetagen.se\/api\/wp\/v2\/pages\/741\/revisions"}],"predecessor-version":[{"id":1344,"href":"https:\/\/www.sakerhetsforetagen.se\/api\/wp\/v2\/pages\/741\/revisions\/1344"}],"wp:attachment":[{"href":"https:\/\/www.sakerhetsforetagen.se\/api\/wp\/v2\/media?parent=741"}],"wp:term":[{"taxonomy":"type","embeddable":true,"href":"https:\/\/www.sakerhetsforetagen.se\/api\/wp\/v2\/article_type?post=741"},{"taxonomy":"agreement","embeddable":true,"href":"https:\/\/www.sakerhetsforetagen.se\/api\/wp\/v2\/agreement?post=741"},{"taxonomy":"for-members","embeddable":true,"href":"https:\/\/www.sakerhetsforetagen.se\/api\/wp\/v2\/for-members?post=741"}],"curies":[{"name":"wp","href":"https:\/\/api.w.org\/{rel}","templated":true}]}}