{"id":670,"date":"2021-05-17T11:27:19","date_gmt":"2021-05-17T09:27:19","guid":{"rendered":"https:\/\/www.sakerhetsforetagen.se\/?page_id=670"},"modified":"2023-04-27T16:03:04","modified_gmt":"2023-04-27T14:03:04","slug":"fragor-och-svar-om-ordningsvaktsutredningen","status":"publish","type":"page","link":"https:\/\/www.sakerhetsforetagen.se\/ordningsvaktsutredningen\/fragor-och-svar-om-ordningsvaktsutredningen\/","title":{"rendered":"Fr\u00e5gor och svar om ordningsvaktsutredningen"},"content":{"rendered":"<div class=\"wp-block wp-block-core-heading\" id=\"fragor-och-svar-om-ordningsvaktsutredningen\">\n<h1 class=\"wp-block-heading\">Fr\u00e5gor och svar om ordningsvaktsutredningen <\/h1>\n<\/div>\n\n\n<div class=\"wp-block-columns is-layout-flex wp-container-core-columns-is-layout-9d6595d7 wp-block-columns-is-layout-flex\">\n<div class=\"wp-block-column is-layout-flow wp-block-column-is-layout-flow\"><\/div>\n<\/div>\n\n\n\n<div class=\"wp-block-columns is-layout-flex wp-container-core-columns-is-layout-9d6595d7 wp-block-columns-is-layout-flex\">\n<div class=\"wp-block-column is-layout-flow wp-block-column-is-layout-flow\"><\/div>\n<\/div>\n\n\n\n<div class=\"wp-block-columns is-layout-flex wp-container-core-columns-is-layout-9d6595d7 wp-block-columns-is-layout-flex\">\n<div class=\"wp-block-column is-layout-flow wp-block-column-is-layout-flow\"><\/div>\n<\/div>\n\n\n\n<div class=\"wp-block-columns is-layout-flex wp-container-core-columns-is-layout-9d6595d7 wp-block-columns-is-layout-flex\">\n<div class=\"wp-block-column is-layout-flow wp-block-column-is-layout-flow\" style=\"flex-basis:66.66%\"><div class=\"wp-block wp-block-core-heading\" id=\"vad-ar-sakerhetsforetagens-uppfattning-om-ordningsvaktsutredningen?\">\n<h3 class=\"wp-block-heading\">Vad \u00e4r S\u00e4kerhetsf\u00f6retagens uppfattning om Ordningsvaktsutredningen?<\/h3>\n<\/div>\n\n<div class=\"wp-block wp-block-core-paragraph\">\n<p>Utredningen har tv\u00e5 delar. Vi \u00e4r f\u00f6r den nya moderniserade ordningsvaktslagen som kommer utveckla ordningsvakternas m\u00f6jligheter att avlasta polisen. Men vi \u00e4r emot den andra delen av utredningen som inneb\u00e4r att S\u00c4PO-kontrollen avskaffas f\u00f6r vissa medarbetare. Vi hoppas att inrikesminister Mikael Damberg g\u00f6r som sin f\u00f6retr\u00e4dare Thomas Bodstr\u00f6m och stoppar det f\u00f6rslaget.<\/p>\n<\/div>\n\n<div class=\"wp-block wp-block-core-heading\" id=\"vad-innebar-den-nya-ordningsvaktslagen-i-korthet?\">\n<h3 class=\"wp-block-heading\">Vad inneb\u00e4r den nya ordningsvaktslagen i korthet? <\/h3>\n<\/div>\n\n<div class=\"wp-block wp-block-core-paragraph\">\n<p>Utredningen f\u00f6resl\u00e5r att ordningsvakter ska f\u00e5 arbeta trygghetsfr\u00e4mjande, vilket kommer att l\u00f6sa problemen f\u00f6r kommuner som idag inte f\u00e5r f\u00f6rordnandeomr\u00e5den beviljade. Ordningsvakter f\u00f6resl\u00e5s ocks\u00e5 f\u00e5 nya befogenheter, d\u00e4r uppdraget att transportera omh\u00e4ndertagna \u00e4r viktigast. D\u00e5 frig\u00f6rs polistimmar som polisen kan rikta till att bek\u00e4mpa organiserad brottslighet. D\u00e4rut\u00f6ver inf\u00f6rs f\u00f6rl\u00e4ngd utbildning, vilket branschen l\u00e4nge har efterfr\u00e5gat. Dessutom st\u00e4rks relationen mellan polis och ordningsvakt genom f\u00f6rst\u00e4rkt samverkan och ett inf\u00f6rt tillst\u00e5ndsf\u00f6rfarande.<\/p>\n<\/div><\/div>\n\n\n\n<div class=\"wp-block-column is-layout-flow wp-block-column-is-layout-flow\" style=\"flex-basis:33.33%\"><div class=\"wp-block wp-block-core-heading\" id=\"kontaktperson\">\n<h4 class=\"wp-block-heading\">kontaktperson<\/h4>\n<\/div>\n\n<div id=\"block-contact-block_a3f249e1412d12a1b09390eb1130be9a\" class=\"Contact\">\n      <div class=\"Contact__title\">\n      \n    <\/div>\n    <div class=\" row \">\n              <div class=\"col-lg-12 pb-md-4 pb-3\">\n          <div class=\"Contact-card  \">\n          <div class=\"Contact-card__body\">\n      <h2 class=\"Contact-card__title\">Li Jansson<\/h2>\n      <p class=\"mb-0\">Bransch- och n\u00e4ringspolitisk chef<\/p>\n      \n              <p class=\"mb-2\"><\/p>\n                    <p>\n                      <a href=\"tel:+46 8 762 69 70\">+46 8 762 69 70<\/a>\n                                <a href=\"tel:+46 76 796 71 73\">+46 76 796 71 73<\/a>\n                                <a href=\"mailto:li.jansson@sakerhetsforetagen.se\">E-post<\/a>\n                  <\/p>\n            <a href=\"https:\/\/www.sakerhetsforetagen.se\/person\/lijansson\/\" class=\"Contact-card__link\">\n        <div class=\"Contact-card__arrow\">\n          <p class=\"Contact-card__arrow__text\">L\u00e4s mer<\/p>\n          <div class=\"Contact-card__arrow__line\"><\/div>\n          <svg class='icon icon--arrow-tip'  width=\"11\" height=\"16\" viewBox=\"0 0 11 16\" fill=\"none\" xmlns=\"http:\/\/www.w3.org\/2000\/svg\">\n<path d=\"M0.858398 15L9.2304 7.99664L0.967732 1.00001\" stroke=\"black\" stroke-width=\"2\" stroke-miterlimit=\"10\"\/>\n<\/svg>\n\n          <\/div>\n      <\/a>\n\n      \n    <\/div>\n  <\/div>\n        <\/div>\n          <\/div>\n    <\/div>\n<\/div>\n<\/div>\n\n\n<div class=\"wp-block wp-block-core-heading\" id=\"hur-ska-ordningsvakter-arbeta-for-att-framja-trygghet?\">\n<h3 class=\"wp-block-heading\">Hur ska ordningsvakter arbeta f\u00f6r att fr\u00e4mja trygghet?<\/h3>\n<\/div>\n\n<div class=\"wp-block wp-block-core-paragraph\">\n<p>Att utredningen f\u00f6resl\u00e5r att ordningsvakter ska f\u00e5 anv\u00e4ndas f\u00f6r att fr\u00e4mja trygghet inneb\u00e4r att fler omr\u00e5den kan godk\u00e4nnas f\u00f6r att ordningsvakter ska f\u00e5 arbeta d\u00e4r. M\u00e5nga kommuner f\u00e5r idag avslag p\u00e5 ans\u00f6kningar om att anv\u00e4nda ordningsvakter, trots ordningsst\u00f6rningar och en upplevd otrygghet p\u00e5 platsen. Med den nya lagen f\u00e5r kommunerna st\u00f6rre m\u00f6jligheter att anv\u00e4nda ordningsvakter p\u00e5 s\u00e5dana platser. M\u00f6jligheten inneb\u00e4r dock inte i sak f\u00f6r\u00e4ndrade arbetsuppgifter f\u00f6r ordningsvakterna.<\/p>\n<\/div>\n\n<div class=\"wp-block wp-block-core-heading\" id=\"hur-forandras-ordningsvakternas-arbetsuppgifter-av-den-nya-ordningsvaktslagen?\">\n<h3 class=\"wp-block-heading\">Hur f\u00f6r\u00e4ndras ordningsvakternas arbetsuppgifter av den nya ordningsvaktslagen?<\/h3>\n<\/div>\n\n<div class=\"wp-block wp-block-core-paragraph\">\n<p>Ordningsvakternas befintliga befogenheter kvarst\u00e5r i den nya ordningsvaktslagen. Men det tillkommer arbetsuppgifter som inte funnits tidigare:<\/p>\n<\/div>\n\n<div class=\"wp-block wp-block-core-list\">\n<ul class=\"wp-block-list\">\n<li>Ordningsvakter kommer efter beslut av polis att f\u00e5 transportera omh\u00e4ndertagna enligt LOB och polislagen.<\/li>\n\n\n\n<li>Ordningsvakter kommer vid ingripanden ocks\u00e5 kunna unders\u00f6ka identiteter i st\u00f6rre utstr\u00e4ckning i st\u00e4llet f\u00f6r att beh\u00f6va inv\u00e4nta polis.<\/li>\n\n\n\n<li>Ordningsvakter kommer efter beslut av polis att f\u00e5 h\u00e4lla ut alkoholdrycker av ringa v\u00e4rde som exempelvis druckits i parker eller i kollektivtrafik d\u00e4r alkoholf\u00f6rt\u00e4ring \u00e4r f\u00f6rbjudet.<\/li>\n<\/ul>\n<\/div>\n\n<div class=\"wp-block wp-block-core-paragraph\">\n<p>Dessutom f\u00f6rtydligas lagen s\u00e5 att envarsgripanden som ordningsvakter utf\u00f6r tydligt utg\u00f6r myndighetsut\u00f6vning vilket inneb\u00e4r st\u00e4rkt r\u00e4ttss\u00e4kerhet f\u00f6r b\u00e5de den gripne och f\u00f6r ordningsvakten.<\/p>\n<\/div>\n\n<div class=\"wp-block wp-block-core-paragraph\">\n<p>Dessa reformer inneb\u00e4r att polisen kan avlastas och att mer tid frig\u00f6rs f\u00f6r att bek\u00e4mpa brottsligheten. N\u00e4r ordningsvakter och poliser i f\u00e4rre fall beh\u00f6ver v\u00e4nta p\u00e5 varandra kan fler uppgifter l\u00f6sas.<\/p>\n<\/div>\n\n<div class=\"wp-block wp-block-core-heading\" id=\"\u00c4r-det-har-verkligen-arbetsuppgifter-som-ordningsvakter-bor-ha?\">\n<h3 class=\"wp-block-heading\">\u00c4r det h\u00e4r verkligen arbetsuppgifter som ordningsvakter b\u00f6r ha?<\/h3>\n<\/div>\n\n<div class=\"wp-block wp-block-core-paragraph\">\n<p>Ordningsvakter har redan i dag vissa begr\u00e4nsade polisi\u00e4ra befogenheter. Yrkesrollen har utvecklats steg f\u00f6r steg under flera \u00e5rtionden och lagstiftningen borde uppdaterats f\u00f6r flera \u00e5r sedan baserat p\u00e5 hur arbetet ser ut i verkligheten. Flera uppdrag, inte minst med kommuner som best\u00e4llare, inneb\u00e4r redan krav p\u00e5 \u00f6kad utbildning exempelvis och resultaten av en mer utbildad yrkesroll har varit v\u00e4lfungerande ordningsvakter med god f\u00f6rm\u00e5ga att ta sig an kvalificerade arbetsuppgifter.<\/p>\n<\/div>\n\n<div class=\"wp-block wp-block-core-heading\" id=\"hur-forstarks-utbildningen-av-ordningsvakter?\">\n<h3 class=\"wp-block-heading\">Hur f\u00f6rst\u00e4rks utbildningen av ordningsvakter?<\/h3>\n<\/div>\n\n<div class=\"wp-block wp-block-core-paragraph\">\n<p>Utbildningen f\u00f6resl\u00e5s bli minst 160 timmar och anpassas efter ordningsvakternas nya trygghetsfr\u00e4mjande uppdrag. Juridik och bem\u00f6tandefr\u00e5gor f\u00f6resl\u00e5s f\u00f6rst\u00e4rkas. Dessutom m\u00e5ste utbildningen anpassas efter de nya befogenheterna, d\u00e4ribland transporter av omh\u00e4ndertagna. Polismyndigheten betonas \u00e4r fortsatt ansvarig f\u00f6r att inom f\u00f6reskrifter reglera utbildningens detaljer. Polismyndigheten har ocks\u00e5 tagit fram f\u00f6rslag p\u00e5 hur utbildningen kan ses ut fram\u00f6ver.<\/p>\n<\/div>\n\n<div class=\"wp-block wp-block-core-paragraph\">\n<p>S\u00e4kerhetsf\u00f6retagen v\u00e4lkomnar att utbildningen f\u00f6rst\u00e4rks i enlighet med Polismyndighetens f\u00f6rslag till ny utbildning, men f\u00f6resl\u00e5r att antalet utbildningstimmar regleras i Polisens f\u00f6reskrifter ist\u00e4llet f\u00f6r att regeringen m\u00e5ste reglera exakta timantal. Detta f\u00f6r att harmonisera med g\u00e4llande ordning f\u00f6r v\u00e4ktare och skyddsvakter.<\/p>\n<\/div>\n\n<div class=\"wp-block wp-block-core-paragraph\">\n<p>Redan h\u00f6ga kostnader f\u00f6r utbildningen \u00f6kar med utredningens f\u00f6rslag. D\u00e4rf\u00f6r f\u00f6resl\u00e5r utredningen b\u00e5de en statlig subvention av utbildningen och att utbildningen blir studiemedelsber\u00e4ttigad. S\u00e4kerhetsf\u00f6retagen v\u00e4lkomnar givetvis f\u00f6rslag som kompenserar f\u00f6r de \u00f6kade kostnaderna. Vi vill samtidigt betona att inf\u00f6randet av studiemedel kommer att ha liten p\u00e5verkan p\u00e5 ordningsvakter d\u00e5 de ofta har en heltidsanst\u00e4llning innan de blir ordningsvakter, och d\u00e4rf\u00f6r stoppar fribeloppet dem fr\u00e5n att f\u00e5 studiemedel. D\u00e4rut\u00f6ver beh\u00f6ver fr\u00e5gan om \u00f6kade anslag till polismyndigheten f\u00f6r finansiering av ordningsvaktsutbildningen sannolikt utredas vidare.<\/p>\n<\/div>\n\n<div class=\"wp-block wp-block-core-heading\" id=\"hur-starks-relationen-mellan-polis-och-ordningsvakt?\">\n<h3 class=\"wp-block-heading\">Hur st\u00e4rks relationen mellan polis och ordningsvakt?<\/h3>\n<\/div>\n\n<div class=\"wp-block wp-block-core-paragraph\">\n<p>Dagens ordning att ordningsvakts st\u00e5r under polismans ledning beh\u00e5lls. Rapporteringsskyldigheten kvarst\u00e5r och kommer att underl\u00e4ttas av att Polisens IT-system f\u00f6r tj\u00e4nsteanm\u00e4lan NOVA byggs ut.<\/p>\n<\/div>\n\n<div class=\"wp-block wp-block-core-paragraph\">\n<p>Utredningen f\u00f6resl\u00e5r att:<\/p>\n<\/div>\n\n<div class=\"wp-block wp-block-core-list\">\n<ul class=\"wp-block-list\">\n<li>Polisen f\u00f6resl\u00e5s ta fram en plan f\u00f6r en nationell samverkansmodell<\/li>\n\n\n\n<li>Vid godk\u00e4nnandepr\u00f6vning av ordningsvakt ut\u00f6kas Polisens m\u00f6jligheter att ocks\u00e5 kontrollera spaningsuppgifter i fler k\u00e4llor \u00e4n tidigare<\/li>\n\n\n\n<li>Ordningsvakter f\u00f6resl\u00e5s f\u00e5 tillg\u00e5ng till kommunikationssystemet RAKEL i vissa uppdrag och funktioner<\/li>\n\n\n\n<li>Inf\u00f6rande av tillst\u00e5ndsf\u00f6rfarande f\u00f6r ordningsvaktsanv\u00e4ndning och m\u00f6jlighet att i tillst\u00e5ndet st\u00e4lla villkor p\u00e5 anv\u00e4ndningen av ordningsvakter<\/li>\n\n\n\n<li>Avdelningen f\u00f6r s\u00e4rskilda utredningar (SU) f\u00f6resl\u00e5s f\u00e5 handl\u00e4gga \u00e4renden som ber\u00f6r brott d\u00e4r den misst\u00e4nkte \u00e4r ordningsvakt<\/li>\n<\/ul>\n<\/div>\n\n<div class=\"wp-block wp-block-core-heading\" id=\"vad-innebar-forslaget-om-uppluckring-av-personalgodkannanden?\">\n<h3 class=\"wp-block-heading\">Vad inneb\u00e4r f\u00f6rslaget om uppluckring av personalgodk\u00e4nnanden?<\/h3>\n<\/div>\n\n<div class=\"wp-block wp-block-core-paragraph\">\n<p>Inrikesminister Mikael Damberg har uttalat att personalkontrollerna ska sk\u00e4rpas i branschen. D\u00e4rf\u00f6r \u00e4r vi f\u00f6rv\u00e5nade \u00f6ver att utredningen f\u00f6resl\u00e5r uppluckringar av personalgodk\u00e4nnanden. F\u00f6rslaget inneb\u00e4r att personal som arbetar i allt fr\u00e5n kollektivtrafik till flyktingboenden inte omfattas av S\u00c4PO-granskningen. Utredningen f\u00f6resl\u00e5r viss kompensation genom ut\u00f6kade registerslagningar hos polisen, men det r\u00e4cker inte f\u00f6r att t\u00e4ppa luckorna. Samma fr\u00e5ga har utretts tidigare av Justitiedepartementet \u00e5r 2003, men d\u00e4r valde d\u00e5varande justitieminister Thomas Bodstr\u00f6m att inte g\u00e5 vidare med f\u00f6rslaget. Vi hoppas att Damberg g\u00f6r samma sak och beh\u00e5ller begreppet \u201dmedborgerlig p\u00e5litlighet\u201d och fortsatt S\u00c4PO-kontroll f\u00f6r samtliga medarbetare i branschen.<\/p>\n<\/div>\n\n<div class=\"wp-block wp-block-core-paragraph\">\n<p>Vidare f\u00f6resl\u00e5r utredningen att tv\u00e5veckorsregeln f\u00f6r personalgodk\u00e4nnande ska upph\u00f6ra och ers\u00e4ttas med begreppet \u201dskyndsamt\u201d. Vi mots\u00e4tter oss \u00e4ven detta och f\u00f6resl\u00e5r att tidsramarna inom begreppet skyndsamt f\u00f6rtydligas.<\/p>\n<\/div>\n\n<div class=\"wp-block wp-block-core-heading\" id=\"hur-har-sakerhetsforetagen-paverkat-utredningen?\">\n<h3 class=\"wp-block-heading\">Hur har S\u00e4kerhetsf\u00f6retagen p\u00e5verkat utredningen?<\/h3>\n<\/div>\n\n<div class=\"wp-block wp-block-core-paragraph\">\n<p>S\u00e4kerhetsf\u00f6retagens bransch- och n\u00e4ringspolitiska chef har deltagit som expert i utredningen. Ut\u00f6ver underlag direkt till utredningen s\u00e5 har S\u00e4kerhetsf\u00f6retagen ocks\u00e5 presenterat en rapport med branschens f\u00f6rslag. Den statliga utredaren Agneta B\u00e4cklund deltog ocks\u00e5 i ett seminarium med S\u00e4kerhetsf\u00f6retagens medlemmar h\u00f6sten 2020.<\/p>\n<\/div>\n\n<div class=\"wp-block wp-block-core-paragraph\">\n<p>Det interna p\u00e5verkansarbetet har inkluderat S\u00e4kerhetsf\u00f6retagens styrelse samt en referensgrupp av f\u00f6retagens chefer inom drift, s\u00e4kerhet och HR.<\/p>\n<\/div>\n\n\n<div class=\"wp-block-columns is-layout-flex wp-container-core-columns-is-layout-9d6595d7 wp-block-columns-is-layout-flex\">\n<div class=\"wp-block-column is-layout-flow wp-block-column-is-layout-flow\"><\/div>\n<\/div>\n\n\n\n<div class=\"wp-block-group has-secondary-background-color has-background is-layout-constrained wp-block-group-is-layout-constrained\"><div class=\"wp-block wp-block-core-heading\" id=\"mer-om-ordningsvaktsutredningen\">\n<h4 class=\"wp-block-heading\">MER OM ORDNINGSVAKTSUTREDNINGEN<\/h4>\n<\/div>\n\n\n<div class=\"wp-block-columns is-layout-flex wp-container-core-columns-is-layout-9d6595d7 wp-block-columns-is-layout-flex\">\n<div class=\"wp-block-column is-layout-flow wp-block-column-is-layout-flow\"><div id=\"block-iconlink-block_e94d0a0a70c74a6c8cd73b439bb19cf0\" class=\"Icon-link Icon-link--arrow-tip\">\n      <a href=\"https:\/\/www.sakerhetsforetagen.se\/debattartiklar-och-kommunikation\/\" target=\"_blank\" class=\"Button is-button is-fullwidth is-style-outline has-primary-color is-style-outline Button--arrow-tip\">\n      <div class=\"Button__text\">\n        Debattartiklar och kommunikation\n      <\/div>\n      <div class=\"Button__arrow  arrow-tip \">\n                <div class=\"Button__line\"><\/div>\n                <svg class='icon icon--arrow-tip'  width=\"11\" height=\"16\" viewBox=\"0 0 11 16\" fill=\"none\" xmlns=\"http:\/\/www.w3.org\/2000\/svg\">\n<path d=\"M0.858398 15L9.2304 7.99664L0.967732 1.00001\" stroke=\"black\" stroke-width=\"2\" stroke-miterlimit=\"10\"\/>\n<\/svg>\n\n        <\/div>\n    <\/a>\n  <\/div>\n<\/div>\n\n\n\n<div class=\"wp-block-column is-layout-flow wp-block-column-is-layout-flow\"><div id=\"block-iconlink-block_ebcdec95982b5bfd18602f66cb50ee6c\" class=\"Icon-link Icon-link--arrow-tip\">\n      <a href=\"https:\/\/www.sakerhetsforetagen.se\/kommunalt-anlitade-ordningsvakter\/\" target=\"_blank\" class=\"Button is-button is-fullwidth is-style-outline has-primary-color is-style-outline Button--arrow-tip\">\n      <div class=\"Button__text\">\n        Kommunalt anlitade ordningsvakter\n      <\/div>\n      <div class=\"Button__arrow  arrow-tip \">\n                <div class=\"Button__line\"><\/div>\n                <svg class='icon icon--arrow-tip'  width=\"11\" height=\"16\" viewBox=\"0 0 11 16\" fill=\"none\" xmlns=\"http:\/\/www.w3.org\/2000\/svg\">\n<path d=\"M0.858398 15L9.2304 7.99664L0.967732 1.00001\" stroke=\"black\" stroke-width=\"2\" stroke-miterlimit=\"10\"\/>\n<\/svg>\n\n        <\/div>\n    <\/a>\n  <\/div>\n<\/div>\n\n\n\n<div class=\"wp-block-column is-layout-flow wp-block-column-is-layout-flow\"><div id=\"block-iconlink-block_9e90ca4a2928563253335ce2d1a22975\" class=\"Icon-link Icon-link--arrow-tip\">\n      <a href=\"https:\/\/www.sakerhetsforetagen.se\/lagstiftning-och-regelverk\/\" target=\"_blank\" class=\"Button is-button is-fullwidth is-style-outline has-primary-color is-style-outline Button--arrow-tip\">\n      <div class=\"Button__text\">\n        Lagstiftning och regelverk\n      <\/div>\n      <div class=\"Button__arrow  arrow-tip \">\n                <div class=\"Button__line\"><\/div>\n                <svg class='icon icon--arrow-tip'  width=\"11\" height=\"16\" viewBox=\"0 0 11 16\" fill=\"none\" xmlns=\"http:\/\/www.w3.org\/2000\/svg\">\n<path d=\"M0.858398 15L9.2304 7.99664L0.967732 1.00001\" stroke=\"black\" stroke-width=\"2\" stroke-miterlimit=\"10\"\/>\n<\/svg>\n\n        <\/div>\n    <\/a>\n  <\/div>\n<\/div>\n<\/div>\n\n\n\n<div class=\"wp-block-columns is-layout-flex wp-container-core-columns-is-layout-9d6595d7 wp-block-columns-is-layout-flex\">\n<div class=\"wp-block-column is-layout-flow wp-block-column-is-layout-flow\"><div id=\"block-iconlink-block_4b8140985cae5406fb42fdb0f25400b9\" class=\"Icon-link Icon-link--arrow-tip\">\n      <a href=\"https:\/\/www.sakerhetsforetagen.se\/ordningsvaktsutredningen\/\" target=\"_blank\" class=\"Button is-button is-fullwidth is-style-outline has-primary-color is-style-outline Button--arrow-tip\">\n      <div class=\"Button__text\">\n        Ordningsvaktsutredningen\n      <\/div>\n      <div class=\"Button__arrow  arrow-tip \">\n                <div class=\"Button__line\"><\/div>\n                <svg class='icon icon--arrow-tip'  width=\"11\" height=\"16\" viewBox=\"0 0 11 16\" fill=\"none\" xmlns=\"http:\/\/www.w3.org\/2000\/svg\">\n<path d=\"M0.858398 15L9.2304 7.99664L0.967732 1.00001\" stroke=\"black\" stroke-width=\"2\" stroke-miterlimit=\"10\"\/>\n<\/svg>\n\n        <\/div>\n    <\/a>\n  <\/div>\n<\/div>\n\n\n\n<div class=\"wp-block-column is-layout-flow wp-block-column-is-layout-flow\"><div id=\"block-iconlink-block_848373070088509a939ffb135a805b68\" class=\"Icon-link Icon-link--arrow-tip\">\n      <a href=\"https:\/\/www.sakerhetsforetagen.se\/ordningsvaktsutredningen\/fragor-och-svar-om-ordningsvaktsutredningen\/\" target=\"_blank\" class=\"Button is-button is-fullwidth is-style-outline has-primary-color is-style-outline Button--arrow-tip\">\n      <div class=\"Button__text\">\n        Fr\u00e5gor och svar \n      <\/div>\n      <div class=\"Button__arrow  arrow-tip \">\n                <div class=\"Button__line\"><\/div>\n                <svg class='icon icon--arrow-tip'  width=\"11\" height=\"16\" viewBox=\"0 0 11 16\" fill=\"none\" xmlns=\"http:\/\/www.w3.org\/2000\/svg\">\n<path d=\"M0.858398 15L9.2304 7.99664L0.967732 1.00001\" stroke=\"black\" stroke-width=\"2\" stroke-miterlimit=\"10\"\/>\n<\/svg>\n\n        <\/div>\n    <\/a>\n  <\/div>\n<\/div>\n\n\n\n<div class=\"wp-block-column is-layout-flow wp-block-column-is-layout-flow\"><div id=\"block-iconlink-block_c9b0ebc28829197de3780bb831449ff3\" class=\"Icon-link Icon-link--arrow-tip\">\n      <a href=\"https:\/\/www.sakerhetsforetagen.se\/rapporter\/\" target=\"_blank\" class=\"Button is-button is-fullwidth is-style-outline has-primary-color is-style-outline Button--arrow-tip\">\n      <div class=\"Button__text\">\n        Rapporter och statistik\n      <\/div>\n      <div class=\"Button__arrow  arrow-tip \">\n                <div class=\"Button__line\"><\/div>\n                <svg class='icon icon--arrow-tip'  width=\"11\" height=\"16\" viewBox=\"0 0 11 16\" fill=\"none\" xmlns=\"http:\/\/www.w3.org\/2000\/svg\">\n<path d=\"M0.858398 15L9.2304 7.99664L0.967732 1.00001\" stroke=\"black\" stroke-width=\"2\" stroke-miterlimit=\"10\"\/>\n<\/svg>\n\n        <\/div>\n    <\/a>\n  <\/div>\n<\/div>\n<\/div>\n\n\n\n<div class=\"wp-block-columns is-layout-flex wp-container-core-columns-is-layout-9d6595d7 wp-block-columns-is-layout-flex\">\n<div class=\"wp-block-column is-layout-flow wp-block-column-is-layout-flow\"><div id=\"block-iconlink-block_29431071157a20fb58f1ba62fb09510c\" class=\"Icon-link Icon-link--arrow-tip\">\n      <a href=\"https:\/\/www.sakerhetsforetagen.se\/ordningsvaktsutredningen\/ordningsvaktsutredningen-foreslar-sankta-krav-pa-personal-i-branschen\/\" target=\"_blank\" class=\"Button is-button is-style-outline has-primary-color is-style-outline Button--arrow-tip\">\n      <div class=\"Button__text\">\n        Ordningsvaktsutredningen f\u00f6resl\u00e5r s\u00e4nkta krav p\u00e5 personal i branschen\n      <\/div>\n      <div class=\"Button__arrow  arrow-tip \">\n                <div class=\"Button__line\"><\/div>\n                <svg class='icon icon--arrow-tip'  width=\"11\" height=\"16\" viewBox=\"0 0 11 16\" fill=\"none\" xmlns=\"http:\/\/www.w3.org\/2000\/svg\">\n<path d=\"M0.858398 15L9.2304 7.99664L0.967732 1.00001\" stroke=\"black\" stroke-width=\"2\" stroke-miterlimit=\"10\"\/>\n<\/svg>\n\n        <\/div>\n    <\/a>\n  <\/div>\n<\/div>\n<\/div>\n<\/div>\n","protected":false},"excerpt":{"rendered":"<p>Fr\u00e5gor och svar om ordningsvaktsutredningen Vad \u00e4r S\u00e4kerhetsf\u00f6retagens uppfattning om Ordningsvaktsutredningen? Utredningen har tv\u00e5 delar. Vi \u00e4r f\u00f6r den nya moderniserade ordningsvaktslagen som kommer utveckla ordningsvakternas m\u00f6jligheter att avlasta polisen. Men vi \u00e4r emot den &hellip;<\/p>\n","protected":false},"author":8503,"featured_media":0,"parent":653,"menu_order":0,"comment_status":"closed","ping_status":"closed","template":"","meta":{"_acf_changed":false,"footnotes":""},"article_type":[],"agreement":[],"for-members":[],"class_list":["post-670","page","type-page","status-publish","hentry"],"acf":[],"yoast_head":"<!-- This site is optimized with the Yoast SEO plugin v26.8 - https:\/\/yoast.com\/product\/yoast-seo-wordpress\/ -->\n<title>Fr\u00e5gor och svar om ordningsvaktsutredningen - S\u00e4kerhetsf\u00f6retagen<\/title>\n<meta name=\"robots\" content=\"index, follow, max-snippet:-1, max-image-preview:large, max-video-preview:-1\" \/>\n<link rel=\"canonical\" href=\"https:\/\/www.sakerhetsforetagen.se\/ordningsvaktsutredningen\/fragor-och-svar-om-ordningsvaktsutredningen\/\" \/>\n<meta property=\"og:locale\" content=\"sv_SE\" \/>\n<meta property=\"og:type\" content=\"article\" \/>\n<meta property=\"og:title\" content=\"Fr\u00e5gor och svar om ordningsvaktsutredningen - S\u00e4kerhetsf\u00f6retagen\" \/>\n<meta property=\"og:description\" content=\"Fr\u00e5gor och svar om ordningsvaktsutredningen Vad \u00e4r S\u00e4kerhetsf\u00f6retagens uppfattning om Ordningsvaktsutredningen? Utredningen har tv\u00e5 delar. Vi \u00e4r f\u00f6r den nya moderniserade ordningsvaktslagen som kommer utveckla ordningsvakternas m\u00f6jligheter att avlasta polisen. Men vi \u00e4r emot den &hellip;\" \/>\n<meta property=\"og:url\" content=\"https:\/\/www.sakerhetsforetagen.se\/ordningsvaktsutredningen\/fragor-och-svar-om-ordningsvaktsutredningen\/\" \/>\n<meta property=\"og:site_name\" content=\"S\u00e4kerhetsf\u00f6retagen\" \/>\n<meta property=\"article:modified_time\" content=\"2023-04-27T14:03:04+00:00\" \/>\n<meta name=\"twitter:card\" content=\"summary_large_image\" \/>\n<meta name=\"twitter:label1\" content=\"Ber\u00e4knad l\u00e4stid\" \/>\n\t<meta name=\"twitter:data1\" content=\"5 minuter\" \/>\n<script type=\"application\/ld+json\" class=\"yoast-schema-graph\">{\"@context\":\"https:\/\/schema.org\",\"@graph\":[{\"@type\":\"WebPage\",\"@id\":\"https:\/\/www.sakerhetsforetagen.se\/ordningsvaktsutredningen\/fragor-och-svar-om-ordningsvaktsutredningen\/\",\"url\":\"https:\/\/www.sakerhetsforetagen.se\/ordningsvaktsutredningen\/fragor-och-svar-om-ordningsvaktsutredningen\/\",\"name\":\"Fr\u00e5gor och svar om ordningsvaktsutredningen - S\u00e4kerhetsf\u00f6retagen\",\"isPartOf\":{\"@id\":\"https:\/\/www.sakerhetsforetagen.se\/#website\"},\"datePublished\":\"2021-05-17T09:27:19+00:00\",\"dateModified\":\"2023-04-27T14:03:04+00:00\",\"breadcrumb\":{\"@id\":\"https:\/\/www.sakerhetsforetagen.se\/ordningsvaktsutredningen\/fragor-och-svar-om-ordningsvaktsutredningen\/#breadcrumb\"},\"inLanguage\":\"sv-SE\",\"potentialAction\":[{\"@type\":\"ReadAction\",\"target\":[\"https:\/\/www.sakerhetsforetagen.se\/ordningsvaktsutredningen\/fragor-och-svar-om-ordningsvaktsutredningen\/\"]}]},{\"@type\":\"BreadcrumbList\",\"@id\":\"https:\/\/www.sakerhetsforetagen.se\/ordningsvaktsutredningen\/fragor-och-svar-om-ordningsvaktsutredningen\/#breadcrumb\",\"itemListElement\":[{\"@type\":\"ListItem\",\"position\":1,\"name\":\"Home\",\"item\":\"https:\/\/www.sakerhetsforetagen.se\/\"},{\"@type\":\"ListItem\",\"position\":2,\"name\":\"Ordningsvaktsutredningen\",\"item\":\"https:\/\/www.sakerhetsforetagen.se\/ordningsvaktsutredningen\/\"},{\"@type\":\"ListItem\",\"position\":3,\"name\":\"Fr\u00e5gor och svar om ordningsvaktsutredningen\"}]},{\"@type\":\"WebSite\",\"@id\":\"https:\/\/www.sakerhetsforetagen.se\/#website\",\"url\":\"https:\/\/www.sakerhetsforetagen.se\/\",\"name\":\"S\u00e4kerhetsf\u00f6retagen\",\"description\":\"\",\"potentialAction\":[{\"@type\":\"SearchAction\",\"target\":{\"@type\":\"EntryPoint\",\"urlTemplate\":\"https:\/\/www.sakerhetsforetagen.se\/?s={search_term_string}\"},\"query-input\":{\"@type\":\"PropertyValueSpecification\",\"valueRequired\":true,\"valueName\":\"search_term_string\"}}],\"inLanguage\":\"sv-SE\"}]}<\/script>\n<!-- \/ Yoast SEO plugin. -->","yoast_head_json":{"title":"Fr\u00e5gor och svar om ordningsvaktsutredningen - S\u00e4kerhetsf\u00f6retagen","robots":{"index":"index","follow":"follow","max-snippet":"max-snippet:-1","max-image-preview":"max-image-preview:large","max-video-preview":"max-video-preview:-1"},"canonical":"https:\/\/www.sakerhetsforetagen.se\/ordningsvaktsutredningen\/fragor-och-svar-om-ordningsvaktsutredningen\/","og_locale":"sv_SE","og_type":"article","og_title":"Fr\u00e5gor och svar om ordningsvaktsutredningen - S\u00e4kerhetsf\u00f6retagen","og_description":"Fr\u00e5gor och svar om ordningsvaktsutredningen Vad \u00e4r S\u00e4kerhetsf\u00f6retagens uppfattning om Ordningsvaktsutredningen? Utredningen har tv\u00e5 delar. Vi \u00e4r f\u00f6r den nya moderniserade ordningsvaktslagen som kommer utveckla ordningsvakternas m\u00f6jligheter att avlasta polisen. Men vi \u00e4r emot den &hellip;","og_url":"https:\/\/www.sakerhetsforetagen.se\/ordningsvaktsutredningen\/fragor-och-svar-om-ordningsvaktsutredningen\/","og_site_name":"S\u00e4kerhetsf\u00f6retagen","article_modified_time":"2023-04-27T14:03:04+00:00","twitter_card":"summary_large_image","twitter_misc":{"Ber\u00e4knad l\u00e4stid":"5 minuter"},"schema":{"@context":"https:\/\/schema.org","@graph":[{"@type":"WebPage","@id":"https:\/\/www.sakerhetsforetagen.se\/ordningsvaktsutredningen\/fragor-och-svar-om-ordningsvaktsutredningen\/","url":"https:\/\/www.sakerhetsforetagen.se\/ordningsvaktsutredningen\/fragor-och-svar-om-ordningsvaktsutredningen\/","name":"Fr\u00e5gor och svar om ordningsvaktsutredningen - S\u00e4kerhetsf\u00f6retagen","isPartOf":{"@id":"https:\/\/www.sakerhetsforetagen.se\/#website"},"datePublished":"2021-05-17T09:27:19+00:00","dateModified":"2023-04-27T14:03:04+00:00","breadcrumb":{"@id":"https:\/\/www.sakerhetsforetagen.se\/ordningsvaktsutredningen\/fragor-och-svar-om-ordningsvaktsutredningen\/#breadcrumb"},"inLanguage":"sv-SE","potentialAction":[{"@type":"ReadAction","target":["https:\/\/www.sakerhetsforetagen.se\/ordningsvaktsutredningen\/fragor-och-svar-om-ordningsvaktsutredningen\/"]}]},{"@type":"BreadcrumbList","@id":"https:\/\/www.sakerhetsforetagen.se\/ordningsvaktsutredningen\/fragor-och-svar-om-ordningsvaktsutredningen\/#breadcrumb","itemListElement":[{"@type":"ListItem","position":1,"name":"Home","item":"https:\/\/www.sakerhetsforetagen.se\/"},{"@type":"ListItem","position":2,"name":"Ordningsvaktsutredningen","item":"https:\/\/www.sakerhetsforetagen.se\/ordningsvaktsutredningen\/"},{"@type":"ListItem","position":3,"name":"Fr\u00e5gor och svar om ordningsvaktsutredningen"}]},{"@type":"WebSite","@id":"https:\/\/www.sakerhetsforetagen.se\/#website","url":"https:\/\/www.sakerhetsforetagen.se\/","name":"S\u00e4kerhetsf\u00f6retagen","description":"","potentialAction":[{"@type":"SearchAction","target":{"@type":"EntryPoint","urlTemplate":"https:\/\/www.sakerhetsforetagen.se\/?s={search_term_string}"},"query-input":{"@type":"PropertyValueSpecification","valueRequired":true,"valueName":"search_term_string"}}],"inLanguage":"sv-SE"}]}},"_links":{"self":[{"href":"https:\/\/www.sakerhetsforetagen.se\/api\/wp\/v2\/pages\/670","targetHints":{"allow":["GET"]}}],"collection":[{"href":"https:\/\/www.sakerhetsforetagen.se\/api\/wp\/v2\/pages"}],"about":[{"href":"https:\/\/www.sakerhetsforetagen.se\/api\/wp\/v2\/types\/page"}],"author":[{"embeddable":true,"href":"https:\/\/www.sakerhetsforetagen.se\/api\/wp\/v2\/users\/8503"}],"replies":[{"embeddable":true,"href":"https:\/\/www.sakerhetsforetagen.se\/api\/wp\/v2\/comments?post=670"}],"version-history":[{"count":5,"href":"https:\/\/www.sakerhetsforetagen.se\/api\/wp\/v2\/pages\/670\/revisions"}],"predecessor-version":[{"id":1348,"href":"https:\/\/www.sakerhetsforetagen.se\/api\/wp\/v2\/pages\/670\/revisions\/1348"}],"up":[{"embeddable":true,"href":"https:\/\/www.sakerhetsforetagen.se\/api\/wp\/v2\/pages\/653"}],"wp:attachment":[{"href":"https:\/\/www.sakerhetsforetagen.se\/api\/wp\/v2\/media?parent=670"}],"wp:term":[{"taxonomy":"type","embeddable":true,"href":"https:\/\/www.sakerhetsforetagen.se\/api\/wp\/v2\/article_type?post=670"},{"taxonomy":"agreement","embeddable":true,"href":"https:\/\/www.sakerhetsforetagen.se\/api\/wp\/v2\/agreement?post=670"},{"taxonomy":"for-members","embeddable":true,"href":"https:\/\/www.sakerhetsforetagen.se\/api\/wp\/v2\/for-members?post=670"}],"curies":[{"name":"wp","href":"https:\/\/api.w.org\/{rel}","templated":true}]}}