{"id":480,"date":"2021-01-14T13:25:12","date_gmt":"2021-01-14T12:25:12","guid":{"rendered":"https:\/\/www.sakerhetsforetagen.se\/?page_id=480"},"modified":"2023-04-27T16:07:38","modified_gmt":"2023-04-27T14:07:38","slug":"infor-upphandling","status":"publish","type":"page","link":"https:\/\/www.sakerhetsforetagen.se\/infor-upphandling\/","title":{"rendered":"Inf\u00f6r upphandling"},"content":{"rendered":"<div id=\"block-hero-block_2f0596644f66335477f414ccd175a529\" class=\"Hero has-primary-background-color\">\n\n    \n  <div class=\"Hero__inner container has-primary-background-color has-arrow\">\n              <div class=\"Hero__title\">\n          <h1><i> Inf\u00f6r upphandling<\/i><\/h1>\n        <\/div>\n                                <div class=\"Hero__arrow\">\n          <svg class='icon icon--squiggly-arrow'  width=\"282\" height=\"302\" viewBox=\"0 0 282 302\" fill=\"none\" xmlns=\"http:\/\/www.w3.org\/2000\/svg\">\n<path d=\"M108.429 281.19L129.837 295.44L143.97 274.186\" stroke=\"black\" stroke-width=\"4\" stroke-miterlimit=\"10\"\/>\n<path d=\"M43.8871 68.0497C53.3269 84.3998 70.0075 95.6755 88.6244 97.6784C107.24 99.6801 125.826 95.0068 144.209 91.4645C162.592 87.9216 182.067 85.5682 199.674 91.9481C220.515 99.5002 236.316 120.278 236.492 142.446C236.669 164.616 220.178 186.234 198.428 190.49C188.558 192.423 177.815 190.842 169.542 185.112C161.271 179.382 155.88 169.284 156.859 159.269C158.292 144.577 173.761 133.512 188.444 135C203.126 136.491 215.468 148.757 219.176 163.047C222.881 177.337 218.804 192.932 210.416 205.072C202.027 217.212 189.703 226.187 176.514 232.804C167.472 237.341 157.931 240.877 149.144 245.889C140.356 250.899 132.161 257.651 127.746 266.755C123.333 275.858 126.637 283.983 129.929 295.386\" stroke=\"black\" stroke-width=\"4\" stroke-miterlimit=\"10\"\/>\n<\/svg>\n\n          <\/div>\n        <\/div>\n<\/div>\n\n\n\n<div class=\"wp-block-columns is-layout-flex wp-container-core-columns-is-layout-9d6595d7 wp-block-columns-is-layout-flex\">\n<div class=\"wp-block-column is-layout-flow wp-block-column-is-layout-flow\"><\/div>\n<\/div>\n\n\n\n<div class=\"wp-block-columns is-layout-flex wp-container-core-columns-is-layout-9d6595d7 wp-block-columns-is-layout-flex\">\n<div class=\"wp-block-column is-layout-flow wp-block-column-is-layout-flow\"><\/div>\n<\/div>\n\n\n<div class=\"wp-block wp-block-core-paragraph\">\n<p class=\"has-excerpt-font-size\">Redan innan upphandlingsprocessen g\u00e4ller det att vara f\u00f6rberedd och p\u00e5l\u00e4st f\u00f6r b\u00e4sta resultat.<\/p>\n<\/div>\n\n<div class=\"wp-block wp-block-core-list\">\n<ul class=\"wp-block-list\">\n<li>Fokusera p\u00e5 kvalitet fr\u00e5n b\u00f6rjan och genom hela upphandlingen. En upphandling som s\u00e4tter pris f\u00f6re kvalitet leder ofta till mer ineffektivt resultat vilket i l\u00e4ngden blir \u00e4nnu dyrare n\u00e4r det g\u00e4ller just s\u00e4kerhet f\u00f6r en myndighet eller i en kommun eller region.<\/li>\n\n\n\n<li>Unders\u00f6k att r\u00e4tt auktorisationer kr\u00e4vs i upphandlingen f\u00f6r den tj\u00e4nst som du vill k\u00f6pa. V\u00e4ktare genomf\u00f6r egendomsskydd, personskyddsv\u00e4ktare skyddar vid hot mot en anst\u00e4lld eller f\u00f6rtroendevalt, ordningsvakt sk\u00f6ter allm\u00e4n ordning och skyddsvakten skyddar den samh\u00e4llsviktiga infrastrukturen. Var noga med att du i din upphandling n\u00e4mner alla tj\u00e4nster du vill k\u00f6pa och kom ih\u00e5g att alla bolag per automatik inte f\u00e5r s\u00e4lja alla tj\u00e4nster.<\/li>\n\n\n\n<li>Sund konkurrens bygger p\u00e5 att rimliga krav st\u00e4lls kontra vad du vill betala och att kraven p\u00e5 extra bemanning st\u00e5r i proportion till vad du normalt k\u00f6per. Fundera p\u00e5 om kraven i upphandlingen egentligen \u00e4r relevanta f\u00f6r resultatet du vill n\u00e5 och fundera p\u00e5 hur det kan p\u00e5verka konkurrensen och det pris du f\u00e5r.<\/li>\n\n\n\n<li>\u00d6ka konkurrensen mellan f\u00f6retag genom upphandlingar som m\u00f6jligg\u00f6r att olika uppdrag st\u00e5r p\u00e5 egna ben om m\u00f6jligt. Kan uppdrag delas upp mellan olika geografiska omr\u00e5den eller olika tider p\u00e5 dygnet till exempel?<\/li>\n<\/ul>\n<\/div>\n\n\n<div class=\"wp-block-columns is-layout-flex wp-container-core-columns-is-layout-9d6595d7 wp-block-columns-is-layout-flex\">\n<div class=\"wp-block-column is-layout-flow wp-block-column-is-layout-flow\"><\/div>\n<\/div>\n\n\n<div id=\"block-events-block_b5368b20f3e7f2a72aef08f12276caf5\" class=\"Listing Listing--event has-secondary-background-color\" >\n  <div class=\"container\">\n          <div class=\"Listing__heading\">\n        <h2>Kommande aktiviteter<\/h2>\n      <\/div>\n        <div class=\"row\">\n                    <div class=\"col-md-3 mb-4\">\n            <article class=\"Blurb Blurb--event Blurb--sm\">\n  <a href=\"https:\/\/www.sakerhetsforetagen.se\/aktiviteter\/arbetsmiljoarbetet-i-praktiken-samosa\/\">\n          <div class=\"Blurb__thumbnail__wrap\">\n        <figure class=\"Blurb__thumbnail\">\n          <img loading=\"lazy\" decoding=\"async\" width=\"300\" height=\"200\" src=\"https:\/\/www.sakerhetsforetagen.se\/app\/uploads\/sites\/11\/2025\/06\/masma111876-300x200.jpg\" class=\"attachment-medium size-medium wp-post-image\" alt=\"\" srcset=\"https:\/\/www.sakerhetsforetagen.se\/app\/uploads\/sites\/11\/2025\/06\/masma111876-300x200.jpg 300w, https:\/\/www.sakerhetsforetagen.se\/app\/uploads\/sites\/11\/2025\/06\/masma111876-1024x683.jpg 1024w, https:\/\/www.sakerhetsforetagen.se\/app\/uploads\/sites\/11\/2025\/06\/masma111876-768x512.jpg 768w, https:\/\/www.sakerhetsforetagen.se\/app\/uploads\/sites\/11\/2025\/06\/masma111876-1536x1024.jpg 1536w, https:\/\/www.sakerhetsforetagen.se\/app\/uploads\/sites\/11\/2025\/06\/masma111876-2048x1366.jpg 2048w\" sizes=\"auto, (max-width: 300px) 100vw, 300px\" \/>\n        <\/figure>\n      <\/div>\n        <div class=\"Blurb__content\">\n      <div class=\"Blurb__body\">\n        <h2 class=\"Blurb__title\">\n          Grundl\u00e4ggande arbetsmilj\u00f6 &#8211; SAM och  OSA\n        <\/h2>\n        <div class=\"Blurb__text course-info\">\n          <div class=\"meta\">\n                          <span>Kurs<\/span>\n                                                      <span>Distans<\/span>\n                                                    <span>Medlemspris 2995 kr<\/span>\n                      <\/div>\n\n                      <div class=\"date\">\n              <svg class='icon icon--calendar'  width=\"16\" height=\"16\" viewBox=\"0 0 16 16\" fill=\"none\" xmlns=\"http:\/\/www.w3.org\/2000\/svg\">\n<rect x=\"1.5\" y=\"3.99835\" width=\"13\" height=\"10\" stroke=\"black\" stroke-width=\"2\" stroke-miterlimit=\"10\" stroke-linecap=\"round\"\/>\n<path d=\"M1.5 6.79999H14.5\" stroke=\"black\" stroke-width=\"2\" stroke-miterlimit=\"10\"\/>\n<path d=\"M5 0.5V4\" stroke=\"black\" stroke-width=\"2\"\/>\n<path d=\"M11 0.5V4\" stroke=\"black\" stroke-width=\"2\"\/>\n<\/svg>\n\n                                6 maj, 09:00 &#8211; 12:00 och <br>\n                              7 maj, 09:00 &#8211; 12:00<br>\n                          <\/div>\n          \n          \n\n                      <div class=\"checklist\">\n              <ul class=\"checklist__list\">\n                                  <li>Arbetsmilj\u00f6lagstiftning<\/li>\n                                  <li>Systematiskt arbetsmilj\u00f6arbete<\/li>\n                                  <li>Organisatorisk och social arbetsmilj\u00f6<\/li>\n                              <\/ul>\n            <\/div>\n          \n          \n          \n\n          \n\n          \n        <\/div>\n      <\/div>\n      <div class=\"Blurb__button Button \">\n                  <div class=\"Button__text\">\n            L\u00e4s mer och boka\n          <\/div>\n                <div class=\"Button__arrow\">\n          <div class=\"Button__line\"><\/div>\n          <svg class='icon icon--arrow-tip'  width=\"11\" height=\"16\" viewBox=\"0 0 11 16\" fill=\"none\" xmlns=\"http:\/\/www.w3.org\/2000\/svg\">\n<path d=\"M0.858398 15L9.2304 7.99664L0.967732 1.00001\" stroke=\"black\" stroke-width=\"2\" stroke-miterlimit=\"10\"\/>\n<\/svg>\n\n          <\/div>\n      <\/div>\n    <\/div>\n  <\/a>\n<\/article>\n\n        <\/div>\n              <div class=\"col-md-3 mb-4\">\n            <article class=\"Blurb Blurb--event Blurb--sm\">\n  <a href=\"https:\/\/www.sakerhetsforetagen.se\/aktiviteter\/rekrytering-att-gora-arbetsrattsligt-ratt\/\">\n          <div class=\"Blurb__thumbnail__wrap\">\n        <figure class=\"Blurb__thumbnail\">\n          <img loading=\"lazy\" decoding=\"async\" width=\"300\" height=\"200\" src=\"https:\/\/www.sakerhetsforetagen.se\/app\/uploads\/sites\/11\/2026\/02\/rekrytering-ai-300x200.jpg\" class=\"attachment-medium size-medium wp-post-image\" alt=\"\" srcset=\"https:\/\/www.sakerhetsforetagen.se\/app\/uploads\/sites\/11\/2026\/02\/rekrytering-ai-300x200.jpg 300w, https:\/\/www.sakerhetsforetagen.se\/app\/uploads\/sites\/11\/2026\/02\/rekrytering-ai-1024x683.jpg 1024w, https:\/\/www.sakerhetsforetagen.se\/app\/uploads\/sites\/11\/2026\/02\/rekrytering-ai-768x512.jpg 768w, https:\/\/www.sakerhetsforetagen.se\/app\/uploads\/sites\/11\/2026\/02\/rekrytering-ai-1536x1024.jpg 1536w, https:\/\/www.sakerhetsforetagen.se\/app\/uploads\/sites\/11\/2026\/02\/rekrytering-ai-2048x1366.jpg 2048w\" sizes=\"auto, (max-width: 300px) 100vw, 300px\" \/>\n        <\/figure>\n      <\/div>\n        <div class=\"Blurb__content\">\n      <div class=\"Blurb__body\">\n        <h2 class=\"Blurb__title\">\n          Rekrytera r\u00e4tt \u2013 nya regler, AI och l\u00f6netransparens\n        <\/h2>\n        <div class=\"Blurb__text course-info\">\n          <div class=\"meta\">\n                          <span>Kurs<\/span>\n                                                      <span>Distans<\/span>\n                                                    <span>Medlemspris 995 kr<\/span>\n                      <\/div>\n\n                      <div class=\"date\">\n              <svg class='icon icon--calendar'  width=\"16\" height=\"16\" viewBox=\"0 0 16 16\" fill=\"none\" xmlns=\"http:\/\/www.w3.org\/2000\/svg\">\n<rect x=\"1.5\" y=\"3.99835\" width=\"13\" height=\"10\" stroke=\"black\" stroke-width=\"2\" stroke-miterlimit=\"10\" stroke-linecap=\"round\"\/>\n<path d=\"M1.5 6.79999H14.5\" stroke=\"black\" stroke-width=\"2\" stroke-miterlimit=\"10\"\/>\n<path d=\"M5 0.5V4\" stroke=\"black\" stroke-width=\"2\"\/>\n<path d=\"M11 0.5V4\" stroke=\"black\" stroke-width=\"2\"\/>\n<\/svg>\n\n                12 maj, 13:00 &#8211; 16:00\n            <\/div>\n          \n          \n\n                      <div class=\"checklist\">\n              <ul class=\"checklist__list\">\n                                  <li>AI<\/li>\n                                  <li>tester och automatiserad screening<\/li>\n                                  <li>Diskrimineringslagen \u2013 kravprofil<\/li>\n                                  <li>urval och intervjuer<\/li>\n                                  <li>L\u00f6netransparens \u2013 krav p\u00e5 l\u00f6neinformation i rekryteringsprocessen<\/li>\n                              <\/ul>\n            <\/div>\n          \n          \n          \n\n          \n\n          \n        <\/div>\n      <\/div>\n      <div class=\"Blurb__button Button \">\n                  <div class=\"Button__text\">\n            L\u00e4s mer och boka\n          <\/div>\n                <div class=\"Button__arrow\">\n          <div class=\"Button__line\"><\/div>\n          <svg class='icon icon--arrow-tip'  width=\"11\" height=\"16\" viewBox=\"0 0 11 16\" fill=\"none\" xmlns=\"http:\/\/www.w3.org\/2000\/svg\">\n<path d=\"M0.858398 15L9.2304 7.99664L0.967732 1.00001\" stroke=\"black\" stroke-width=\"2\" stroke-miterlimit=\"10\"\/>\n<\/svg>\n\n          <\/div>\n      <\/div>\n    <\/div>\n  <\/a>\n<\/article>\n\n        <\/div>\n              <div class=\"col-md-3 mb-4\">\n            <article class=\"Blurb Blurb--event Blurb--sm\">\n  <a href=\"https:\/\/www.sakerhetsforetagen.se\/aktiviteter\/grundkurs-i-arbetsratt-2-delar\/\">\n          <div class=\"Blurb__thumbnail__wrap\">\n        <figure class=\"Blurb__thumbnail\">\n          <img loading=\"lazy\" decoding=\"async\" width=\"300\" height=\"200\" src=\"https:\/\/www.sakerhetsforetagen.se\/app\/uploads\/sites\/11\/2025\/12\/grundkurs-i-arbetsratt-300x200.jpg\" class=\"attachment-medium size-medium wp-post-image\" alt=\"\" srcset=\"https:\/\/www.sakerhetsforetagen.se\/app\/uploads\/sites\/11\/2025\/12\/grundkurs-i-arbetsratt-300x200.jpg 300w, https:\/\/www.sakerhetsforetagen.se\/app\/uploads\/sites\/11\/2025\/12\/grundkurs-i-arbetsratt-1024x683.jpg 1024w, https:\/\/www.sakerhetsforetagen.se\/app\/uploads\/sites\/11\/2025\/12\/grundkurs-i-arbetsratt-768x512.jpg 768w, https:\/\/www.sakerhetsforetagen.se\/app\/uploads\/sites\/11\/2025\/12\/grundkurs-i-arbetsratt-1536x1024.jpg 1536w, https:\/\/www.sakerhetsforetagen.se\/app\/uploads\/sites\/11\/2025\/12\/grundkurs-i-arbetsratt-2048x1366.jpg 2048w\" sizes=\"auto, (max-width: 300px) 100vw, 300px\" \/>\n        <\/figure>\n      <\/div>\n        <div class=\"Blurb__content\">\n      <div class=\"Blurb__body\">\n        <h2 class=\"Blurb__title\">\n          Grundkurs i Arbetsr\u00e4tt\n        <\/h2>\n        <div class=\"Blurb__text course-info\">\n          <div class=\"meta\">\n                          <span>Kurs<\/span>\n                                                      <span>Distans<\/span>\n                                                    <span>Medlemspris 2495 kr<\/span>\n                      <\/div>\n\n                      <div class=\"date\">\n              <svg class='icon icon--calendar'  width=\"16\" height=\"16\" viewBox=\"0 0 16 16\" fill=\"none\" xmlns=\"http:\/\/www.w3.org\/2000\/svg\">\n<rect x=\"1.5\" y=\"3.99835\" width=\"13\" height=\"10\" stroke=\"black\" stroke-width=\"2\" stroke-miterlimit=\"10\" stroke-linecap=\"round\"\/>\n<path d=\"M1.5 6.79999H14.5\" stroke=\"black\" stroke-width=\"2\" stroke-miterlimit=\"10\"\/>\n<path d=\"M5 0.5V4\" stroke=\"black\" stroke-width=\"2\"\/>\n<path d=\"M11 0.5V4\" stroke=\"black\" stroke-width=\"2\"\/>\n<\/svg>\n\n                                19 maj, 09:00 &#8211; 11:00 och <br>\n                              20 maj, 09:00 &#8211; 11:00<br>\n                          <\/div>\n          \n          \n\n                      <div class=\"checklist\">\n              <ul class=\"checklist__list\">\n                                  <li>Vanliga fr\u00e5gest\u00e4llningar och situationer<\/li>\n                                  <li>Lagstiftning och kollektivavtal<\/li>\n                                  <li>Arbetsgivarens skyldigheter och handlingsutrymme<\/li>\n                              <\/ul>\n            <\/div>\n          \n          \n          \n\n          \n\n          \n        <\/div>\n      <\/div>\n      <div class=\"Blurb__button Button \">\n                  <div class=\"Button__text\">\n            L\u00e4s mer och boka\n          <\/div>\n                <div class=\"Button__arrow\">\n          <div class=\"Button__line\"><\/div>\n          <svg class='icon icon--arrow-tip'  width=\"11\" height=\"16\" viewBox=\"0 0 11 16\" fill=\"none\" xmlns=\"http:\/\/www.w3.org\/2000\/svg\">\n<path d=\"M0.858398 15L9.2304 7.99664L0.967732 1.00001\" stroke=\"black\" stroke-width=\"2\" stroke-miterlimit=\"10\"\/>\n<\/svg>\n\n          <\/div>\n      <\/div>\n    <\/div>\n  <\/a>\n<\/article>\n\n        <\/div>\n              <div class=\"col-md-3 mb-4\">\n            <article class=\"Blurb Blurb--event Blurb--sm\">\n  <a href=\"https:\/\/www.sakerhetsforetagen.se\/aktiviteter\/fordjupa-dig-i-arbetsratten-stockholm\/\">\n          <div class=\"Blurb__thumbnail__wrap\">\n        <figure class=\"Blurb__thumbnail\">\n          <img loading=\"lazy\" decoding=\"async\" width=\"300\" height=\"200\" src=\"https:\/\/www.sakerhetsforetagen.se\/app\/uploads\/sites\/11\/2025\/12\/ima235889-300x200.jpg\" class=\"attachment-medium size-medium wp-post-image\" alt=\"\" srcset=\"https:\/\/www.sakerhetsforetagen.se\/app\/uploads\/sites\/11\/2025\/12\/ima235889-300x200.jpg 300w, https:\/\/www.sakerhetsforetagen.se\/app\/uploads\/sites\/11\/2025\/12\/ima235889-1024x683.jpg 1024w, https:\/\/www.sakerhetsforetagen.se\/app\/uploads\/sites\/11\/2025\/12\/ima235889-768x512.jpg 768w, https:\/\/www.sakerhetsforetagen.se\/app\/uploads\/sites\/11\/2025\/12\/ima235889.jpg 1400w\" sizes=\"auto, (max-width: 300px) 100vw, 300px\" \/>\n        <\/figure>\n      <\/div>\n        <div class=\"Blurb__content\">\n      <div class=\"Blurb__body\">\n        <h2 class=\"Blurb__title\">\n          F\u00f6rdjupa dig i Arbetsr\u00e4tten  &#8211; Stockholm\n        <\/h2>\n        <div class=\"Blurb__text course-info\">\n          <div class=\"meta\">\n                          <span>Kurs<\/span>\n                                                      <span>N\u00e4ringslivets Hus, Stockholm<\/span>\n                                                    <span>Medlemspris 3800 kr<\/span>\n                      <\/div>\n\n                      <div class=\"date\">\n              <svg class='icon icon--calendar'  width=\"16\" height=\"16\" viewBox=\"0 0 16 16\" fill=\"none\" xmlns=\"http:\/\/www.w3.org\/2000\/svg\">\n<rect x=\"1.5\" y=\"3.99835\" width=\"13\" height=\"10\" stroke=\"black\" stroke-width=\"2\" stroke-miterlimit=\"10\" stroke-linecap=\"round\"\/>\n<path d=\"M1.5 6.79999H14.5\" stroke=\"black\" stroke-width=\"2\" stroke-miterlimit=\"10\"\/>\n<path d=\"M5 0.5V4\" stroke=\"black\" stroke-width=\"2\"\/>\n<path d=\"M11 0.5V4\" stroke=\"black\" stroke-width=\"2\"\/>\n<\/svg>\n\n                22 maj, 09:30 &#8211; 16:00\n            <\/div>\n          \n          \n\n          \n          \n          \n\n          \n\n          \n        <\/div>\n      <\/div>\n      <div class=\"Blurb__button Button \">\n                  <div class=\"Button__text\">\n            L\u00e4s mer och boka\n          <\/div>\n                <div class=\"Button__arrow\">\n          <div class=\"Button__line\"><\/div>\n          <svg class='icon icon--arrow-tip'  width=\"11\" height=\"16\" viewBox=\"0 0 11 16\" fill=\"none\" xmlns=\"http:\/\/www.w3.org\/2000\/svg\">\n<path d=\"M0.858398 15L9.2304 7.99664L0.967732 1.00001\" stroke=\"black\" stroke-width=\"2\" stroke-miterlimit=\"10\"\/>\n<\/svg>\n\n          <\/div>\n      <\/div>\n    <\/div>\n  <\/a>\n<\/article>\n\n        <\/div>\n                <\/div>\n      <\/div>\n<\/div>\n\n\n\n<div class=\"wp-block-group has-primary-background-color has-background is-layout-constrained wp-block-group-is-layout-constrained\">\n<div class=\"wp-block-columns is-layout-flex wp-container-core-columns-is-layout-9d6595d7 wp-block-columns-is-layout-flex\">\n<div class=\"wp-block-column is-layout-flow wp-block-column-is-layout-flow\"><div id=\"block-iconlink-block_98fdb09af17826a05b9d47e579a0cfa3\" class=\"Icon-link Icon-link--arrow-tip\">\n      <a href=\"https:\/\/www.sakerhetsforetagen.se\/infor-upphandling\/\" target=\"_blank\" class=\"Button is-button is-fullwidth is-style-outline has-black-color is-style-outline Button--arrow-tip\">\n      <div class=\"Button__text\">\n        Inf\u00f6r upphandling\n      <\/div>\n      <div class=\"Button__arrow  arrow-tip \">\n                <div class=\"Button__line\"><\/div>\n                <svg class='icon icon--arrow-tip'  width=\"11\" height=\"16\" viewBox=\"0 0 11 16\" fill=\"none\" xmlns=\"http:\/\/www.w3.org\/2000\/svg\">\n<path d=\"M0.858398 15L9.2304 7.99664L0.967732 1.00001\" stroke=\"black\" stroke-width=\"2\" stroke-miterlimit=\"10\"\/>\n<\/svg>\n\n        <\/div>\n    <\/a>\n  <\/div>\n<\/div>\n\n\n\n<div class=\"wp-block-column is-layout-flow wp-block-column-is-layout-flow\"><div id=\"block-iconlink-block_7c81bbedf2e531e1bee91fa790dfc6ff\" class=\"Icon-link Icon-link--arrow-tip\">\n      <a href=\"https:\/\/www.sakerhetsforetagen.se\/under-upphandlingsprocessen\/\" target=\"_blank\" class=\"Button is-button is-fullwidth is-style-outline has-black-color is-style-outline Button--arrow-tip\">\n      <div class=\"Button__text\">\n        Under upphandlingsprocessen\n      <\/div>\n      <div class=\"Button__arrow  arrow-tip \">\n                <div class=\"Button__line\"><\/div>\n                <svg class='icon icon--arrow-tip'  width=\"11\" height=\"16\" viewBox=\"0 0 11 16\" fill=\"none\" xmlns=\"http:\/\/www.w3.org\/2000\/svg\">\n<path d=\"M0.858398 15L9.2304 7.99664L0.967732 1.00001\" stroke=\"black\" stroke-width=\"2\" stroke-miterlimit=\"10\"\/>\n<\/svg>\n\n        <\/div>\n    <\/a>\n  <\/div>\n<\/div>\n\n\n\n<div class=\"wp-block-column is-layout-flow wp-block-column-is-layout-flow\"><div id=\"block-iconlink-block_063fcae556cce98675dbd3459efd477a\" class=\"Icon-link Icon-link--arrow-tip\">\n      <a href=\"https:\/\/www.sakerhetsforetagen.se\/efter-upphandling\/\" target=\"_blank\" class=\"Button is-button is-fullwidth is-style-outline has-black-color is-style-outline Button--arrow-tip\">\n      <div class=\"Button__text\">\n        Efter upphandling\n      <\/div>\n      <div class=\"Button__arrow  arrow-tip \">\n                <div class=\"Button__line\"><\/div>\n                <svg class='icon icon--arrow-tip'  width=\"11\" height=\"16\" viewBox=\"0 0 11 16\" fill=\"none\" xmlns=\"http:\/\/www.w3.org\/2000\/svg\">\n<path d=\"M0.858398 15L9.2304 7.99664L0.967732 1.00001\" stroke=\"black\" stroke-width=\"2\" stroke-miterlimit=\"10\"\/>\n<\/svg>\n\n        <\/div>\n    <\/a>\n  <\/div>\n<\/div>\n<\/div>\n<\/div>\n","protected":false},"excerpt":{"rendered":"<p>Redan innan upphandlingsprocessen g\u00e4ller det att vara f\u00f6rberedd och p\u00e5l\u00e4st f\u00f6r b\u00e4sta resultat.<\/p>\n","protected":false},"author":8503,"featured_media":0,"parent":0,"menu_order":0,"comment_status":"closed","ping_status":"closed","template":"","meta":{"_acf_changed":false,"footnotes":""},"article_type":[],"agreement":[],"for-members":[],"class_list":["post-480","page","type-page","status-publish","hentry"],"acf":[],"yoast_head":"<!-- This site is optimized with the Yoast SEO plugin v26.8 - https:\/\/yoast.com\/product\/yoast-seo-wordpress\/ -->\n<title>Inf\u00f6r upphandling - S\u00e4kerhetsf\u00f6retagen<\/title>\n<meta name=\"robots\" content=\"index, follow, max-snippet:-1, max-image-preview:large, max-video-preview:-1\" \/>\n<link rel=\"canonical\" href=\"https:\/\/www.sakerhetsforetagen.se\/infor-upphandling\/\" \/>\n<meta property=\"og:locale\" content=\"sv_SE\" \/>\n<meta property=\"og:type\" content=\"article\" \/>\n<meta property=\"og:title\" content=\"Inf\u00f6r upphandling - S\u00e4kerhetsf\u00f6retagen\" \/>\n<meta property=\"og:description\" content=\"Redan innan upphandlingsprocessen g\u00e4ller det att vara f\u00f6rberedd och p\u00e5l\u00e4st f\u00f6r b\u00e4sta resultat.\" \/>\n<meta property=\"og:url\" content=\"https:\/\/www.sakerhetsforetagen.se\/infor-upphandling\/\" \/>\n<meta property=\"og:site_name\" content=\"S\u00e4kerhetsf\u00f6retagen\" \/>\n<meta property=\"article:modified_time\" content=\"2023-04-27T14:07:38+00:00\" \/>\n<meta name=\"twitter:card\" content=\"summary_large_image\" \/>\n<meta name=\"twitter:label1\" content=\"Ber\u00e4knad l\u00e4stid\" \/>\n\t<meta name=\"twitter:data1\" content=\"2 minuter\" \/>\n<script type=\"application\/ld+json\" class=\"yoast-schema-graph\">{\"@context\":\"https:\/\/schema.org\",\"@graph\":[{\"@type\":\"WebPage\",\"@id\":\"https:\/\/www.sakerhetsforetagen.se\/infor-upphandling\/\",\"url\":\"https:\/\/www.sakerhetsforetagen.se\/infor-upphandling\/\",\"name\":\"Inf\u00f6r upphandling - S\u00e4kerhetsf\u00f6retagen\",\"isPartOf\":{\"@id\":\"https:\/\/www.sakerhetsforetagen.se\/#website\"},\"datePublished\":\"2021-01-14T12:25:12+00:00\",\"dateModified\":\"2023-04-27T14:07:38+00:00\",\"breadcrumb\":{\"@id\":\"https:\/\/www.sakerhetsforetagen.se\/infor-upphandling\/#breadcrumb\"},\"inLanguage\":\"sv-SE\",\"potentialAction\":[{\"@type\":\"ReadAction\",\"target\":[\"https:\/\/www.sakerhetsforetagen.se\/infor-upphandling\/\"]}]},{\"@type\":\"BreadcrumbList\",\"@id\":\"https:\/\/www.sakerhetsforetagen.se\/infor-upphandling\/#breadcrumb\",\"itemListElement\":[{\"@type\":\"ListItem\",\"position\":1,\"name\":\"Home\",\"item\":\"https:\/\/www.sakerhetsforetagen.se\/\"},{\"@type\":\"ListItem\",\"position\":2,\"name\":\"Inf\u00f6r upphandling\"}]},{\"@type\":\"WebSite\",\"@id\":\"https:\/\/www.sakerhetsforetagen.se\/#website\",\"url\":\"https:\/\/www.sakerhetsforetagen.se\/\",\"name\":\"S\u00e4kerhetsf\u00f6retagen\",\"description\":\"\",\"potentialAction\":[{\"@type\":\"SearchAction\",\"target\":{\"@type\":\"EntryPoint\",\"urlTemplate\":\"https:\/\/www.sakerhetsforetagen.se\/?s={search_term_string}\"},\"query-input\":{\"@type\":\"PropertyValueSpecification\",\"valueRequired\":true,\"valueName\":\"search_term_string\"}}],\"inLanguage\":\"sv-SE\"}]}<\/script>\n<!-- \/ Yoast SEO plugin. -->","yoast_head_json":{"title":"Inf\u00f6r upphandling - S\u00e4kerhetsf\u00f6retagen","robots":{"index":"index","follow":"follow","max-snippet":"max-snippet:-1","max-image-preview":"max-image-preview:large","max-video-preview":"max-video-preview:-1"},"canonical":"https:\/\/www.sakerhetsforetagen.se\/infor-upphandling\/","og_locale":"sv_SE","og_type":"article","og_title":"Inf\u00f6r upphandling - S\u00e4kerhetsf\u00f6retagen","og_description":"Redan innan upphandlingsprocessen g\u00e4ller det att vara f\u00f6rberedd och p\u00e5l\u00e4st f\u00f6r b\u00e4sta resultat.","og_url":"https:\/\/www.sakerhetsforetagen.se\/infor-upphandling\/","og_site_name":"S\u00e4kerhetsf\u00f6retagen","article_modified_time":"2023-04-27T14:07:38+00:00","twitter_card":"summary_large_image","twitter_misc":{"Ber\u00e4knad l\u00e4stid":"2 minuter"},"schema":{"@context":"https:\/\/schema.org","@graph":[{"@type":"WebPage","@id":"https:\/\/www.sakerhetsforetagen.se\/infor-upphandling\/","url":"https:\/\/www.sakerhetsforetagen.se\/infor-upphandling\/","name":"Inf\u00f6r upphandling - S\u00e4kerhetsf\u00f6retagen","isPartOf":{"@id":"https:\/\/www.sakerhetsforetagen.se\/#website"},"datePublished":"2021-01-14T12:25:12+00:00","dateModified":"2023-04-27T14:07:38+00:00","breadcrumb":{"@id":"https:\/\/www.sakerhetsforetagen.se\/infor-upphandling\/#breadcrumb"},"inLanguage":"sv-SE","potentialAction":[{"@type":"ReadAction","target":["https:\/\/www.sakerhetsforetagen.se\/infor-upphandling\/"]}]},{"@type":"BreadcrumbList","@id":"https:\/\/www.sakerhetsforetagen.se\/infor-upphandling\/#breadcrumb","itemListElement":[{"@type":"ListItem","position":1,"name":"Home","item":"https:\/\/www.sakerhetsforetagen.se\/"},{"@type":"ListItem","position":2,"name":"Inf\u00f6r upphandling"}]},{"@type":"WebSite","@id":"https:\/\/www.sakerhetsforetagen.se\/#website","url":"https:\/\/www.sakerhetsforetagen.se\/","name":"S\u00e4kerhetsf\u00f6retagen","description":"","potentialAction":[{"@type":"SearchAction","target":{"@type":"EntryPoint","urlTemplate":"https:\/\/www.sakerhetsforetagen.se\/?s={search_term_string}"},"query-input":{"@type":"PropertyValueSpecification","valueRequired":true,"valueName":"search_term_string"}}],"inLanguage":"sv-SE"}]}},"_links":{"self":[{"href":"https:\/\/www.sakerhetsforetagen.se\/api\/wp\/v2\/pages\/480","targetHints":{"allow":["GET"]}}],"collection":[{"href":"https:\/\/www.sakerhetsforetagen.se\/api\/wp\/v2\/pages"}],"about":[{"href":"https:\/\/www.sakerhetsforetagen.se\/api\/wp\/v2\/types\/page"}],"author":[{"embeddable":true,"href":"https:\/\/www.sakerhetsforetagen.se\/api\/wp\/v2\/users\/8503"}],"replies":[{"embeddable":true,"href":"https:\/\/www.sakerhetsforetagen.se\/api\/wp\/v2\/comments?post=480"}],"version-history":[{"count":7,"href":"https:\/\/www.sakerhetsforetagen.se\/api\/wp\/v2\/pages\/480\/revisions"}],"predecessor-version":[{"id":1361,"href":"https:\/\/www.sakerhetsforetagen.se\/api\/wp\/v2\/pages\/480\/revisions\/1361"}],"wp:attachment":[{"href":"https:\/\/www.sakerhetsforetagen.se\/api\/wp\/v2\/media?parent=480"}],"wp:term":[{"taxonomy":"type","embeddable":true,"href":"https:\/\/www.sakerhetsforetagen.se\/api\/wp\/v2\/article_type?post=480"},{"taxonomy":"agreement","embeddable":true,"href":"https:\/\/www.sakerhetsforetagen.se\/api\/wp\/v2\/agreement?post=480"},{"taxonomy":"for-members","embeddable":true,"href":"https:\/\/www.sakerhetsforetagen.se\/api\/wp\/v2\/for-members?post=480"}],"curies":[{"name":"wp","href":"https:\/\/api.w.org\/{rel}","templated":true}]}}