{"id":428,"date":"2021-01-15T10:15:17","date_gmt":"2021-01-15T09:15:17","guid":{"rendered":"https:\/\/www.sakerhetsforetagen.se\/?page_id=428"},"modified":"2023-04-13T09:45:01","modified_gmt":"2023-04-13T07:45:01","slug":"trygghets-rut","status":"publish","type":"page","link":"https:\/\/www.sakerhetsforetagen.se\/trygghets-rut\/","title":{"rendered":"Trygghets-RUT"},"content":{"rendered":"<div class=\"wp-block wp-block-core-heading\" id=\"trygghets-rut\">\n<h1 class=\"wp-block-heading\">Trygghets-RUT<\/h1>\n<\/div>\n\n\n<div class=\"wp-block-columns is-layout-flex wp-container-core-columns-is-layout-9d6595d7 wp-block-columns-is-layout-flex\">\n<div class=\"wp-block-column is-layout-flow wp-block-column-is-layout-flow\"><\/div>\n<\/div>\n\n\n\n<div class=\"wp-block-columns is-layout-flex wp-container-core-columns-is-layout-9d6595d7 wp-block-columns-is-layout-flex\">\n<div class=\"wp-block-column is-layout-flow wp-block-column-is-layout-flow\" style=\"flex-basis:66.66%\"><div class=\"wp-block wp-block-core-paragraph\">\n<p>RUT-avdraget har \u00e4nda sedan tillkomsten exkluderat s\u00e4kerhetsf\u00f6retag fr\u00e5n att utf\u00f6ra tj\u00e4nsterna. I januariavtalet mellan nuvarande regering, Centerpartiet och Liberalerna beslutades att ett &#8221;trygghets-rut&#8221; skulle inf\u00f6ras. Men f\u00f6rslaget har vattnats ut l\u00e4ngs v\u00e4gen och ist\u00e4llet inf\u00f6rdes ett avdrag f\u00f6r enklare tillsyn av hemmen, som helt missar m\u00e5let.&nbsp;<\/p>\n<\/div><\/div>\n\n\n\n<div class=\"wp-block-column is-layout-flow wp-block-column-is-layout-flow\" style=\"flex-basis:33.33%\"><div class=\"wp-block wp-block-core-heading\" id=\"vill-du-veta-mer?\">\n<h4 class=\"wp-block-heading\">vill du veta mer? <\/h4>\n<\/div>\n\n<div id=\"block-iconlist-block_cb8ffaebac3cab8104832f8c2120fab6\" class=\"block-iconlist\">\n      <ul class=\"Iconlist\">\n                            <li class=\"Iconlist__listitem\">\n            <div class=\"Iconlist__icon\">\n              <svg class='icon icon--megaphone'  width=\"48\" height=\"48\" viewBox=\"0 0 48 48\" fill=\"none\" xmlns=\"http:\/\/www.w3.org\/2000\/svg\">\n<line x1=\"12.2716\" y1=\"28.2043\" x2=\"23.4797\" y2=\"46.1167\" class=\"line\" stroke=\"black\" stroke-width=\"3\" stroke-miterlimit=\"10\"\/>\n<path d=\"M20.0005 12H11.0005C6.58221 12 3.00049 15.5817 3.00049 20C3.00049 24.4183 6.58221 28 11.0005 28H20.0005L34.0005 34V6L20.0005 12Z\" class=\"line\" stroke=\"black\" stroke-width=\"3\" stroke-miterlimit=\"10\"\/>\n<path d=\"M41.4004 12C43.7916 13.5969 45.4004 16.5815 45.4004 20C45.4004 23.4185 43.7916 26.4031 41.4004 28\" class=\"line\" stroke=\"black\" stroke-width=\"3\" stroke-miterlimit=\"10\"\/>\n<\/svg>\n\n              <\/div>\n            <div class=\"Iconlist__content\">\n              <p><a href=\"https:\/\/www.regeringen.se\/remisser\/2020\/02\/remiss-av-sou-20205-fler-ruttjanster-och-hojt-tak-for-rutavdraget\/\">S\u00e4kerhetsf\u00f6retagens remissvar p\u00e5 regeringens hemsida<\/a><\/p>\n\n            <\/div>\n          <\/li>\n            <\/ul>\n  <\/div>\n<\/div>\n<\/div>\n\n\n\n<div class=\"wp-block-group has-green-background-color has-background is-layout-constrained wp-block-group-is-layout-constrained\"><div class=\"wp-block wp-block-core-heading\" id=\"bryter-mot-bevakningslagen-\u2013-krav-pa-auktorisation-galler\">\n<h3 class=\"wp-block-heading\">Bryter mot bevakningslagen \u2013 krav p\u00e5 auktorisation g\u00e4ller<\/h3>\n<\/div>\n\n<div class=\"wp-block wp-block-core-paragraph\">\n<p>Nuvarande utformning av RUT-avdrag f\u00f6r enklare tillsyn av hemmet tvingar Skatteverket att godk\u00e4nna utf\u00f6rare av trygghets-RUT vars verksamhet bryter mot bevakningslagens krav p\u00e5 att auktorisation kr\u00e4vs. Regeringen h\u00e4vdar felaktigt att auktorisation inte beh\u00f6vs f\u00f6r enklare tillsyn i hemmen. Av bevakningslagen framkommer att auktorisation kr\u00e4vs f\u00f6r all form av yrkesm\u00e4ssig bevakning f\u00f6r annans r\u00e4kning, oavsett om den \u00e4r enkel eller mer avancerad.<\/p>\n<\/div>\n\n<div class=\"wp-block wp-block-core-paragraph\">\n<p>Att regeringen inte st\u00e4ller auktorisationskrav p\u00e5 enklare tillsyn i hemmen leder till att systemet \u00f6ppnar upp f\u00f6r organiserad brottslighet. Vi ser redan idag att auktorisationskraven stoppar s\u00e5v\u00e4l extremister som organiserad brottslighet fr\u00e5n att etablera sig i v\u00e5r bransch, och det \u00e4r prim\u00e4rt inom enklare former av bevakning de f\u00f6rs\u00f6ker att verka.<\/p>\n<\/div>\n\n<div class=\"wp-block wp-block-core-heading\" id=\"ett-riktigt-trygghetsrut-omfattar-bade-vaktare-och-hemlarm\">\n<h3 class=\"wp-block-heading\">Ett riktigt trygghetsrut omfattar b\u00e5de v\u00e4ktare och hemlarm<\/h3>\n<\/div>\n\n<div class=\"wp-block wp-block-core-paragraph\">\n<p>Trygghets\u00adinvesteringar m\u00e5ste utformas med kvalitet och effektivitet i \u00e5tanke. Om den enklare tillsynen i hemmet utf\u00f6rdes av hemlarms\u00adf\u00f6retag och bevaknings\u00adf\u00f6retag skulle tj\u00e4nsten levereras av personal som granskats f\u00f6r laglydighet, har r\u00e4tt utbildning och kan ta hj\u00e4lp av modern teknologi. De kan agera p\u00e5 brott och skador n\u00e4r de intr\u00e4ffar, inte n\u00e4r de redan \u00e4r ett faktum.<\/p>\n<\/div>\n\n<div class=\"wp-block wp-block-core-paragraph\">\n<p>Men p\u00e5 grund av lagstiftningen som reglerar bevaknings\u00adf\u00f6retag kan s\u00e4kerhets\u00adf\u00f6retag inte utf\u00f6ra tj\u00e4nster som inte \u00e4r auktoriserade.<\/p>\n<\/div>\n\n<div class=\"wp-block wp-block-core-heading\" id=\"allmanheten-vill-ha-hemlarm-och-vaktare-i-rut-avdraget\">\n<h3 class=\"wp-block-heading\">Allm\u00e4nheten vill ha hemlarm och v\u00e4ktare i RUT-avdraget<\/h3>\n<\/div>\n\n<div class=\"wp-block wp-block-core-paragraph\">\n<p>S\u00e4kerhets\u00adf\u00f6retagen genomf\u00f6rde en opinionsanalys som visar att allm\u00e4nheten f\u00f6redrar mer kvalitet i tj\u00e4nsternas inneh\u00e5ll \u00e4n regeringens utformning av enklare tillsyn i hemmet.<\/p>\n<\/div>\n\n<div class=\"wp-block wp-block-core-heading\" id=\"osund-konkurrens\">\n<h3 class=\"wp-block-heading\">Osund konkurrens<\/h3>\n<\/div>\n\n<div class=\"wp-block wp-block-core-paragraph\">\n<p>Det \u00e4r tveksamt om staten ska gynna en delbransch skattem\u00e4ssigt men exkludera en n\u00e4rliggande delbransch som redan idag utf\u00f6r arbete som \u00e4r likv\u00e4rdigt med inneh\u00e5llet i tj\u00e4nsten \u201denklare tillsyn\u201d.<\/p>\n<\/div><\/div>\n\n\n\n<div class=\"wp-block-group has-secondary-background-color has-background is-layout-constrained wp-block-group-is-layout-constrained\"><div class=\"wp-block wp-block-core-heading\" id=\"sakerhets\u00adforetagen-vill:\">\n<h3 class=\"wp-block-heading\">S\u00e4kerhets\u00adf\u00f6retagen vill:<\/h3>\n<\/div>\n\n<div class=\"wp-block wp-block-core-paragraph\">\n<p>F\u00f6lj bevakningslagen \u2013 inf\u00f6r auktorisationskrav f\u00f6r utf\u00f6rare av enklare tillsyn i hemmen<\/p>\n<\/div>\n\n<div class=\"wp-block wp-block-core-paragraph\">\n<p>Att bevaknings\u00adf\u00f6retag och hemlarms\u00adf\u00f6retag ska utf\u00f6ra tj\u00e4nsten<\/p>\n<\/div><\/div>\n\n\n\n<div class=\"wp-block-columns is-layout-flex wp-container-core-columns-is-layout-9d6595d7 wp-block-columns-is-layout-flex\">\n<div class=\"wp-block-column is-layout-flow wp-block-column-is-layout-flow\"><\/div>\n<\/div>\n\n\n\n<div class=\"wp-block-columns is-layout-flex wp-container-core-columns-is-layout-9d6595d7 wp-block-columns-is-layout-flex\">\n<div class=\"wp-block-column is-layout-flow wp-block-column-is-layout-flow\">\n<figure class=\"wp-block-image size-large\"><img loading=\"lazy\" decoding=\"async\" width=\"1024\" height=\"576\" src=\"https:\/\/www.sakerhetsforetagen.se\/app\/uploads\/sites\/11\/2021\/01\/verisure-002-1024x576.png\" alt=\"\" class=\"wp-image-456\" srcset=\"https:\/\/www.sakerhetsforetagen.se\/app\/uploads\/sites\/11\/2021\/01\/verisure-002-1024x576.png 1024w, https:\/\/www.sakerhetsforetagen.se\/app\/uploads\/sites\/11\/2021\/01\/verisure-002-300x169.png 300w, https:\/\/www.sakerhetsforetagen.se\/app\/uploads\/sites\/11\/2021\/01\/verisure-002-768x432.png 768w, https:\/\/www.sakerhetsforetagen.se\/app\/uploads\/sites\/11\/2021\/01\/verisure-002-1536x864.png 1536w, https:\/\/www.sakerhetsforetagen.se\/app\/uploads\/sites\/11\/2021\/01\/verisure-002-2048x1153.png 2048w\" sizes=\"auto, (max-width: 1024px) 100vw, 1024px\" \/><\/figure>\n<\/div>\n\n\n\n<div class=\"wp-block-column is-layout-flow wp-block-column-is-layout-flow\">\n<figure class=\"wp-block-image size-large\"><img loading=\"lazy\" decoding=\"async\" width=\"2560\" height=\"1441\" src=\"https:\/\/www.sakerhetsforetagen.se\/app\/uploads\/sites\/11\/2023\/04\/dsc7081_ny-edited-scaled.jpg\" alt=\"\" class=\"wp-image-1021\" srcset=\"https:\/\/www.sakerhetsforetagen.se\/app\/uploads\/sites\/11\/2023\/04\/dsc7081_ny-edited-scaled.jpg 2560w, https:\/\/www.sakerhetsforetagen.se\/app\/uploads\/sites\/11\/2023\/04\/dsc7081_ny-edited-300x169.jpg 300w, https:\/\/www.sakerhetsforetagen.se\/app\/uploads\/sites\/11\/2023\/04\/dsc7081_ny-edited-1024x576.jpg 1024w, https:\/\/www.sakerhetsforetagen.se\/app\/uploads\/sites\/11\/2023\/04\/dsc7081_ny-edited-768x432.jpg 768w, https:\/\/www.sakerhetsforetagen.se\/app\/uploads\/sites\/11\/2023\/04\/dsc7081_ny-edited-1536x864.jpg 1536w, https:\/\/www.sakerhetsforetagen.se\/app\/uploads\/sites\/11\/2023\/04\/dsc7081_ny-edited-2048x1153.jpg 2048w\" sizes=\"auto, (max-width: 2560px) 100vw, 2560px\" \/><\/figure>\n<\/div>\n\n\n\n<div class=\"wp-block-column is-layout-flow wp-block-column-is-layout-flow\">\n<figure class=\"wp-block-image size-large\"><img loading=\"lazy\" decoding=\"async\" width=\"2560\" height=\"1439\" src=\"https:\/\/www.sakerhetsforetagen.se\/app\/uploads\/sites\/11\/2023\/04\/jl_201812_verisure_112_0310_f2-edited-scaled.jpg\" alt=\"\" class=\"wp-image-1022\" srcset=\"https:\/\/www.sakerhetsforetagen.se\/app\/uploads\/sites\/11\/2023\/04\/jl_201812_verisure_112_0310_f2-edited-scaled.jpg 2560w, https:\/\/www.sakerhetsforetagen.se\/app\/uploads\/sites\/11\/2023\/04\/jl_201812_verisure_112_0310_f2-edited-300x169.jpg 300w, https:\/\/www.sakerhetsforetagen.se\/app\/uploads\/sites\/11\/2023\/04\/jl_201812_verisure_112_0310_f2-edited-1024x576.jpg 1024w, https:\/\/www.sakerhetsforetagen.se\/app\/uploads\/sites\/11\/2023\/04\/jl_201812_verisure_112_0310_f2-edited-768x432.jpg 768w, https:\/\/www.sakerhetsforetagen.se\/app\/uploads\/sites\/11\/2023\/04\/jl_201812_verisure_112_0310_f2-edited-1536x864.jpg 1536w, https:\/\/www.sakerhetsforetagen.se\/app\/uploads\/sites\/11\/2023\/04\/jl_201812_verisure_112_0310_f2-edited-2048x1151.jpg 2048w\" sizes=\"auto, (max-width: 2560px) 100vw, 2560px\" \/><\/figure>\n<\/div>\n<\/div>\n","protected":false},"excerpt":{"rendered":"<p>Trygghets-RUT RUT-avdraget har \u00e4nda sedan tillkomsten exkluderat s\u00e4kerhetsf\u00f6retag fr\u00e5n att utf\u00f6ra tj\u00e4nsterna. I januariavtalet mellan nuvarande regering, Centerpartiet och Liberalerna beslutades att ett &#8221;trygghets-rut&#8221; skulle inf\u00f6ras. Men f\u00f6rslaget har vattnats ut l\u00e4ngs v\u00e4gen och ist\u00e4llet &hellip;<\/p>\n","protected":false},"author":2400,"featured_media":467,"parent":0,"menu_order":0,"comment_status":"closed","ping_status":"closed","template":"","meta":{"_acf_changed":false,"footnotes":""},"article_type":[],"agreement":[],"for-members":[],"class_list":["post-428","page","type-page","status-publish","has-post-thumbnail","hentry"],"acf":[],"yoast_head":"<!-- This site is optimized with the Yoast SEO plugin v26.8 - https:\/\/yoast.com\/product\/yoast-seo-wordpress\/ -->\n<title>Trygghets-RUT - S\u00e4kerhetsf\u00f6retagen<\/title>\n<meta name=\"robots\" content=\"index, follow, max-snippet:-1, max-image-preview:large, max-video-preview:-1\" \/>\n<link rel=\"canonical\" href=\"https:\/\/www.sakerhetsforetagen.se\/trygghets-rut\/\" \/>\n<meta property=\"og:locale\" content=\"sv_SE\" \/>\n<meta property=\"og:type\" content=\"article\" \/>\n<meta property=\"og:title\" content=\"Trygghets-RUT - S\u00e4kerhetsf\u00f6retagen\" \/>\n<meta property=\"og:description\" content=\"Trygghets-RUT RUT-avdraget har \u00e4nda sedan tillkomsten exkluderat s\u00e4kerhetsf\u00f6retag fr\u00e5n att utf\u00f6ra tj\u00e4nsterna. I januariavtalet mellan nuvarande regering, Centerpartiet och Liberalerna beslutades att ett &#8221;trygghets-rut&#8221; skulle inf\u00f6ras. Men f\u00f6rslaget har vattnats ut l\u00e4ngs v\u00e4gen och ist\u00e4llet &hellip;\" \/>\n<meta property=\"og:url\" content=\"https:\/\/www.sakerhetsforetagen.se\/trygghets-rut\/\" \/>\n<meta property=\"og:site_name\" content=\"S\u00e4kerhetsf\u00f6retagen\" \/>\n<meta property=\"article:modified_time\" content=\"2023-04-13T07:45:01+00:00\" \/>\n<meta property=\"og:image\" content=\"https:\/\/www.sakerhetsforetagen.se\/app\/uploads\/sites\/11\/2021\/01\/jl_201812_verisure_112_0310_f2-scaled.jpg\" \/>\n\t<meta property=\"og:image:width\" content=\"2560\" \/>\n\t<meta property=\"og:image:height\" content=\"1707\" \/>\n\t<meta property=\"og:image:type\" content=\"image\/jpeg\" \/>\n<meta name=\"twitter:card\" content=\"summary_large_image\" \/>\n<script type=\"application\/ld+json\" class=\"yoast-schema-graph\">{\"@context\":\"https:\/\/schema.org\",\"@graph\":[{\"@type\":\"WebPage\",\"@id\":\"https:\/\/www.sakerhetsforetagen.se\/trygghets-rut\/\",\"url\":\"https:\/\/www.sakerhetsforetagen.se\/trygghets-rut\/\",\"name\":\"Trygghets-RUT - S\u00e4kerhetsf\u00f6retagen\",\"isPartOf\":{\"@id\":\"https:\/\/www.sakerhetsforetagen.se\/#website\"},\"primaryImageOfPage\":{\"@id\":\"https:\/\/www.sakerhetsforetagen.se\/trygghets-rut\/#primaryimage\"},\"image\":{\"@id\":\"https:\/\/www.sakerhetsforetagen.se\/trygghets-rut\/#primaryimage\"},\"thumbnailUrl\":\"https:\/\/www.sakerhetsforetagen.se\/app\/uploads\/sites\/11\/2021\/01\/jl_201812_verisure_112_0310_f2-scaled.jpg\",\"datePublished\":\"2021-01-15T09:15:17+00:00\",\"dateModified\":\"2023-04-13T07:45:01+00:00\",\"breadcrumb\":{\"@id\":\"https:\/\/www.sakerhetsforetagen.se\/trygghets-rut\/#breadcrumb\"},\"inLanguage\":\"sv-SE\",\"potentialAction\":[{\"@type\":\"ReadAction\",\"target\":[\"https:\/\/www.sakerhetsforetagen.se\/trygghets-rut\/\"]}]},{\"@type\":\"ImageObject\",\"inLanguage\":\"sv-SE\",\"@id\":\"https:\/\/www.sakerhetsforetagen.se\/trygghets-rut\/#primaryimage\",\"url\":\"https:\/\/www.sakerhetsforetagen.se\/app\/uploads\/sites\/11\/2021\/01\/jl_201812_verisure_112_0310_f2-scaled.jpg\",\"contentUrl\":\"https:\/\/www.sakerhetsforetagen.se\/app\/uploads\/sites\/11\/2021\/01\/jl_201812_verisure_112_0310_f2-scaled.jpg\",\"width\":2560,\"height\":1707},{\"@type\":\"BreadcrumbList\",\"@id\":\"https:\/\/www.sakerhetsforetagen.se\/trygghets-rut\/#breadcrumb\",\"itemListElement\":[{\"@type\":\"ListItem\",\"position\":1,\"name\":\"Home\",\"item\":\"https:\/\/www.sakerhetsforetagen.se\/\"},{\"@type\":\"ListItem\",\"position\":2,\"name\":\"Trygghets-RUT\"}]},{\"@type\":\"WebSite\",\"@id\":\"https:\/\/www.sakerhetsforetagen.se\/#website\",\"url\":\"https:\/\/www.sakerhetsforetagen.se\/\",\"name\":\"S\u00e4kerhetsf\u00f6retagen\",\"description\":\"\",\"potentialAction\":[{\"@type\":\"SearchAction\",\"target\":{\"@type\":\"EntryPoint\",\"urlTemplate\":\"https:\/\/www.sakerhetsforetagen.se\/?s={search_term_string}\"},\"query-input\":{\"@type\":\"PropertyValueSpecification\",\"valueRequired\":true,\"valueName\":\"search_term_string\"}}],\"inLanguage\":\"sv-SE\"}]}<\/script>\n<!-- \/ Yoast SEO plugin. -->","yoast_head_json":{"title":"Trygghets-RUT - S\u00e4kerhetsf\u00f6retagen","robots":{"index":"index","follow":"follow","max-snippet":"max-snippet:-1","max-image-preview":"max-image-preview:large","max-video-preview":"max-video-preview:-1"},"canonical":"https:\/\/www.sakerhetsforetagen.se\/trygghets-rut\/","og_locale":"sv_SE","og_type":"article","og_title":"Trygghets-RUT - S\u00e4kerhetsf\u00f6retagen","og_description":"Trygghets-RUT RUT-avdraget har \u00e4nda sedan tillkomsten exkluderat s\u00e4kerhetsf\u00f6retag fr\u00e5n att utf\u00f6ra tj\u00e4nsterna. I januariavtalet mellan nuvarande regering, Centerpartiet och Liberalerna beslutades att ett &#8221;trygghets-rut&#8221; skulle inf\u00f6ras. Men f\u00f6rslaget har vattnats ut l\u00e4ngs v\u00e4gen och ist\u00e4llet &hellip;","og_url":"https:\/\/www.sakerhetsforetagen.se\/trygghets-rut\/","og_site_name":"S\u00e4kerhetsf\u00f6retagen","article_modified_time":"2023-04-13T07:45:01+00:00","og_image":[{"width":2560,"height":1707,"url":"https:\/\/www.sakerhetsforetagen.se\/app\/uploads\/sites\/11\/2021\/01\/jl_201812_verisure_112_0310_f2-scaled.jpg","type":"image\/jpeg"}],"twitter_card":"summary_large_image","schema":{"@context":"https:\/\/schema.org","@graph":[{"@type":"WebPage","@id":"https:\/\/www.sakerhetsforetagen.se\/trygghets-rut\/","url":"https:\/\/www.sakerhetsforetagen.se\/trygghets-rut\/","name":"Trygghets-RUT - S\u00e4kerhetsf\u00f6retagen","isPartOf":{"@id":"https:\/\/www.sakerhetsforetagen.se\/#website"},"primaryImageOfPage":{"@id":"https:\/\/www.sakerhetsforetagen.se\/trygghets-rut\/#primaryimage"},"image":{"@id":"https:\/\/www.sakerhetsforetagen.se\/trygghets-rut\/#primaryimage"},"thumbnailUrl":"https:\/\/www.sakerhetsforetagen.se\/app\/uploads\/sites\/11\/2021\/01\/jl_201812_verisure_112_0310_f2-scaled.jpg","datePublished":"2021-01-15T09:15:17+00:00","dateModified":"2023-04-13T07:45:01+00:00","breadcrumb":{"@id":"https:\/\/www.sakerhetsforetagen.se\/trygghets-rut\/#breadcrumb"},"inLanguage":"sv-SE","potentialAction":[{"@type":"ReadAction","target":["https:\/\/www.sakerhetsforetagen.se\/trygghets-rut\/"]}]},{"@type":"ImageObject","inLanguage":"sv-SE","@id":"https:\/\/www.sakerhetsforetagen.se\/trygghets-rut\/#primaryimage","url":"https:\/\/www.sakerhetsforetagen.se\/app\/uploads\/sites\/11\/2021\/01\/jl_201812_verisure_112_0310_f2-scaled.jpg","contentUrl":"https:\/\/www.sakerhetsforetagen.se\/app\/uploads\/sites\/11\/2021\/01\/jl_201812_verisure_112_0310_f2-scaled.jpg","width":2560,"height":1707},{"@type":"BreadcrumbList","@id":"https:\/\/www.sakerhetsforetagen.se\/trygghets-rut\/#breadcrumb","itemListElement":[{"@type":"ListItem","position":1,"name":"Home","item":"https:\/\/www.sakerhetsforetagen.se\/"},{"@type":"ListItem","position":2,"name":"Trygghets-RUT"}]},{"@type":"WebSite","@id":"https:\/\/www.sakerhetsforetagen.se\/#website","url":"https:\/\/www.sakerhetsforetagen.se\/","name":"S\u00e4kerhetsf\u00f6retagen","description":"","potentialAction":[{"@type":"SearchAction","target":{"@type":"EntryPoint","urlTemplate":"https:\/\/www.sakerhetsforetagen.se\/?s={search_term_string}"},"query-input":{"@type":"PropertyValueSpecification","valueRequired":true,"valueName":"search_term_string"}}],"inLanguage":"sv-SE"}]}},"_links":{"self":[{"href":"https:\/\/www.sakerhetsforetagen.se\/api\/wp\/v2\/pages\/428","targetHints":{"allow":["GET"]}}],"collection":[{"href":"https:\/\/www.sakerhetsforetagen.se\/api\/wp\/v2\/pages"}],"about":[{"href":"https:\/\/www.sakerhetsforetagen.se\/api\/wp\/v2\/types\/page"}],"author":[{"embeddable":true,"href":"https:\/\/www.sakerhetsforetagen.se\/api\/wp\/v2\/users\/2400"}],"replies":[{"embeddable":true,"href":"https:\/\/www.sakerhetsforetagen.se\/api\/wp\/v2\/comments?post=428"}],"version-history":[{"count":7,"href":"https:\/\/www.sakerhetsforetagen.se\/api\/wp\/v2\/pages\/428\/revisions"}],"predecessor-version":[{"id":1251,"href":"https:\/\/www.sakerhetsforetagen.se\/api\/wp\/v2\/pages\/428\/revisions\/1251"}],"wp:featuredmedia":[{"embeddable":true,"href":"https:\/\/www.sakerhetsforetagen.se\/api\/wp\/v2\/media\/467"}],"wp:attachment":[{"href":"https:\/\/www.sakerhetsforetagen.se\/api\/wp\/v2\/media?parent=428"}],"wp:term":[{"taxonomy":"type","embeddable":true,"href":"https:\/\/www.sakerhetsforetagen.se\/api\/wp\/v2\/article_type?post=428"},{"taxonomy":"agreement","embeddable":true,"href":"https:\/\/www.sakerhetsforetagen.se\/api\/wp\/v2\/agreement?post=428"},{"taxonomy":"for-members","embeddable":true,"href":"https:\/\/www.sakerhetsforetagen.se\/api\/wp\/v2\/for-members?post=428"}],"curies":[{"name":"wp","href":"https:\/\/api.w.org\/{rel}","templated":true}]}}