{"id":402,"date":"2021-01-12T13:19:15","date_gmt":"2021-01-12T12:19:15","guid":{"rendered":"https:\/\/www.sakerhetsforetagen.se\/?page_id=402"},"modified":"2023-04-13T09:47:04","modified_gmt":"2023-04-13T07:47:04","slug":"samverkan-i-polisregion-och-lokalpolisomrade","status":"publish","type":"page","link":"https:\/\/www.sakerhetsforetagen.se\/samverkan-i-polisregion-och-lokalpolisomrade\/","title":{"rendered":"Samverkan i polisregion och lokalpolisomr\u00e5de"},"content":{"rendered":"<div id=\"block-hero-block_ad2fe88a616bf8fb6fda9ad4ddff86d8\" class=\"Hero has-primary-background-color\">\n\n    \n  <div class=\"Hero__inner container has-primary-background-color has-arrow\">\n              <div class=\"Hero__title\">\n          <h1><i> Samverkan i polisregion och lokalpolisomr\u00e5de<\/i><\/h1>\n        <\/div>\n                                <div class=\"Hero__arrow\">\n          <svg class='icon icon--squiggly-arrow'  width=\"282\" height=\"302\" viewBox=\"0 0 282 302\" fill=\"none\" xmlns=\"http:\/\/www.w3.org\/2000\/svg\">\n<path d=\"M108.429 281.19L129.837 295.44L143.97 274.186\" stroke=\"black\" stroke-width=\"4\" stroke-miterlimit=\"10\"\/>\n<path d=\"M43.8871 68.0497C53.3269 84.3998 70.0075 95.6755 88.6244 97.6784C107.24 99.6801 125.826 95.0068 144.209 91.4645C162.592 87.9216 182.067 85.5682 199.674 91.9481C220.515 99.5002 236.316 120.278 236.492 142.446C236.669 164.616 220.178 186.234 198.428 190.49C188.558 192.423 177.815 190.842 169.542 185.112C161.271 179.382 155.88 169.284 156.859 159.269C158.292 144.577 173.761 133.512 188.444 135C203.126 136.491 215.468 148.757 219.176 163.047C222.881 177.337 218.804 192.932 210.416 205.072C202.027 217.212 189.703 226.187 176.514 232.804C167.472 237.341 157.931 240.877 149.144 245.889C140.356 250.899 132.161 257.651 127.746 266.755C123.333 275.858 126.637 283.983 129.929 295.386\" stroke=\"black\" stroke-width=\"4\" stroke-miterlimit=\"10\"\/>\n<\/svg>\n\n          <\/div>\n        <\/div>\n<\/div>\n\n\n\n<div class=\"wp-block-columns is-layout-flex wp-container-core-columns-is-layout-9d6595d7 wp-block-columns-is-layout-flex\">\n<div class=\"wp-block-column is-layout-flow wp-block-column-is-layout-flow\"><\/div>\n<\/div>\n\n\n\n<div class=\"wp-block-columns is-layout-flex wp-container-core-columns-is-layout-9d6595d7 wp-block-columns-is-layout-flex\">\n<div class=\"wp-block-column is-layout-flow wp-block-column-is-layout-flow\"><\/div>\n<\/div>\n\n\n\n<div class=\"wp-block-columns is-layout-flex wp-container-core-columns-is-layout-9d6595d7 wp-block-columns-is-layout-flex\">\n<div class=\"wp-block-column is-layout-flow wp-block-column-is-layout-flow\" style=\"flex-basis:66.66%\"><div class=\"wp-block wp-block-core-paragraph\">\n<p>Ett gott samarbete mellan polis och s\u00e4kerhetsf\u00f6retag kan hj\u00e4lpa till att f\u00f6rb\u00e4ttra tryggheten och s\u00e4kerheten p\u00e5 ganska kort tid. Varje polisregion ska utse s\u00e4rskilt ordningsvaktsansvariga, men samverkan d\u00e4rut\u00f6ver utf\u00f6rs ocks\u00e5 varje dag i det vardagliga arbetet.<\/p>\n<\/div><\/div>\n\n\n\n<div class=\"wp-block-column is-layout-flow wp-block-column-is-layout-flow\" style=\"flex-basis:33.33%\"><div class=\"wp-block wp-block-core-heading\" id=\"kontaktperson\">\n<h4 class=\"wp-block-heading\">Kontaktperson<\/h4>\n<\/div>\n\n<div id=\"block-contact-block_831d89c19bbc2a5f3b31302db17e1bc3\" class=\"Contact\">\n      <div class=\"Contact__title\">\n      \n    <\/div>\n    <div class=\" row \">\n              <div class=\"col-lg-12 pb-md-4 pb-3\">\n          <div class=\"Contact-card  \">\n          <div class=\"Contact-card__body\">\n      <h2 class=\"Contact-card__title\">Li Jansson<\/h2>\n      <p class=\"mb-0\">Bransch- och n\u00e4ringspolitisk chef<\/p>\n      \n              <p class=\"mb-2\"><\/p>\n                    <p>\n                      <a href=\"tel:+46 8 762 69 70\">+46 8 762 69 70<\/a>\n                                <a href=\"tel:+46 76 796 71 73\">+46 76 796 71 73<\/a>\n                                <a href=\"mailto:li.jansson@sakerhetsforetagen.se\">E-post<\/a>\n                  <\/p>\n            <a href=\"https:\/\/www.sakerhetsforetagen.se\/person\/lijansson\/\" class=\"Contact-card__link\">\n        <div class=\"Contact-card__arrow\">\n          <p class=\"Contact-card__arrow__text\">L\u00e4s mer<\/p>\n          <div class=\"Contact-card__arrow__line\"><\/div>\n          <svg class='icon icon--arrow-tip'  width=\"11\" height=\"16\" viewBox=\"0 0 11 16\" fill=\"none\" xmlns=\"http:\/\/www.w3.org\/2000\/svg\">\n<path d=\"M0.858398 15L9.2304 7.99664L0.967732 1.00001\" stroke=\"black\" stroke-width=\"2\" stroke-miterlimit=\"10\"\/>\n<\/svg>\n\n          <\/div>\n      <\/a>\n\n      \n    <\/div>\n  <\/div>\n        <\/div>\n          <\/div>\n    <\/div>\n<\/div>\n<\/div>\n\n\n\n<div class=\"wp-block-group has-green-background-color has-background is-layout-constrained wp-block-group-is-layout-constrained\"><div class=\"wp-block wp-block-core-heading\" id=\"goda-exempel\">\n<h4 class=\"wp-block-heading\"><strong>goda exempel<\/strong><\/h4>\n<\/div>\n\n\n<div class=\"wp-block-columns is-layout-flex wp-container-core-columns-is-layout-9d6595d7 wp-block-columns-is-layout-flex\">\n<div class=\"wp-block-column is-layout-flow wp-block-column-is-layout-flow\"><div class=\"wp-block wp-block-core-heading\" id=\"sergels-torg\">\n<h4 class=\"wp-block-heading\">sergels torg<\/h4>\n<\/div>\n\n<div class=\"wp-block wp-block-core-paragraph\">\n<p>I samverkanslokalen vid Sergels torg leder polisen samverkansm\u00f6ten flera g\u00e5nger i veckan. Ordningsvakter fr\u00e5n kommunens mobila team, kollektiv\u00adtrafiken och k\u00f6pcentrum runt omkring deltar alla p\u00e5 m\u00f6tena. D\u00e4rut\u00f6ver medverkar olika delar av polisen, kommunens sociala insatser och frivillig\u00adorganisationer. Tillsammans delar man l\u00e4gesbild och arbetss\u00e4tt vilket gjort &#8221;Plattan&#8221; till en plats med betydligt mindre narkotikaf\u00f6rs\u00e4ljning och social oro \u00e4n tidigare.<\/p>\n<\/div><\/div>\n\n\n\n<div class=\"wp-block-column is-layout-flow wp-block-column-is-layout-flow\"><div class=\"wp-block wp-block-core-heading\" id=\"rinkeby-tunnelbanestation\">\n<h4 class=\"wp-block-heading\">Rinkeby tunnelbanestation<\/h4>\n<\/div>\n\n<div class=\"wp-block wp-block-core-paragraph\">\n<p>V\u00e5ldet mot ordningsvakterna var s\u00e5 omfattande att de inte hade kunnat arbeta p\u00e5 Rinkeby tunnelbanestation p\u00e5 m\u00e5nga \u00e5r. Narkotikan fl\u00f6dade och personalen i kollektiv\u00adtrafiken ville inte g\u00e5 till jobbet. Men polisen, lokalsamh\u00e4llet och ordningsvakterna lyckades tillsammans v\u00e4nda utvecklingen genom stark samverkan och en nolltolerans mot nedskr\u00e4pning, ordningsst\u00f6rningar och brott. Nu fungerar tunnelbanestationen som den \u00e4r t\u00e4nkt att g\u00f6ra och g\u00e4ngens narkotikahandel finns inte kvar.<\/p>\n<\/div><\/div>\n<\/div>\n<\/div>\n","protected":false},"excerpt":{"rendered":"<p>Ett gott samarbete mellan polis och s\u00e4kerhetsf\u00f6retag kan hj\u00e4lpa till att f\u00f6rb\u00e4ttra tryggheten och s\u00e4kerheten p\u00e5 ganska kort tid. Varje polisregion ska utse s\u00e4rskilt ordningsvaktsansvariga, men samverkan d\u00e4rut\u00f6ver utf\u00f6rs ocks\u00e5 varje dag i det vardagliga &hellip;<\/p>\n","protected":false},"author":2400,"featured_media":275,"parent":0,"menu_order":0,"comment_status":"closed","ping_status":"closed","template":"","meta":{"_acf_changed":false,"footnotes":""},"article_type":[],"agreement":[],"for-members":[],"class_list":["post-402","page","type-page","status-publish","has-post-thumbnail","hentry"],"acf":[],"yoast_head":"<!-- This site is optimized with the Yoast SEO plugin v26.8 - https:\/\/yoast.com\/product\/yoast-seo-wordpress\/ -->\n<title>Samverkan i polisregion och lokalpolisomr\u00e5de - S\u00e4kerhetsf\u00f6retagen<\/title>\n<meta name=\"robots\" content=\"index, follow, max-snippet:-1, max-image-preview:large, max-video-preview:-1\" \/>\n<link rel=\"canonical\" href=\"https:\/\/www.sakerhetsforetagen.se\/samverkan-i-polisregion-och-lokalpolisomrade\/\" \/>\n<meta property=\"og:locale\" content=\"sv_SE\" \/>\n<meta property=\"og:type\" content=\"article\" \/>\n<meta property=\"og:title\" content=\"Samverkan i polisregion och lokalpolisomr\u00e5de - S\u00e4kerhetsf\u00f6retagen\" \/>\n<meta property=\"og:description\" content=\"Ett gott samarbete mellan polis och s\u00e4kerhetsf\u00f6retag kan hj\u00e4lpa till att f\u00f6rb\u00e4ttra tryggheten och s\u00e4kerheten p\u00e5 ganska kort tid. Varje polisregion ska utse s\u00e4rskilt ordningsvaktsansvariga, men samverkan d\u00e4rut\u00f6ver utf\u00f6rs ocks\u00e5 varje dag i det vardagliga &hellip;\" \/>\n<meta property=\"og:url\" content=\"https:\/\/www.sakerhetsforetagen.se\/samverkan-i-polisregion-och-lokalpolisomrade\/\" \/>\n<meta property=\"og:site_name\" content=\"S\u00e4kerhetsf\u00f6retagen\" \/>\n<meta property=\"article:modified_time\" content=\"2023-04-13T07:47:04+00:00\" \/>\n<meta property=\"og:image\" content=\"https:\/\/www.sakerhetsforetagen.se\/app\/uploads\/sites\/11\/2020\/12\/egd20131130-314_sv-scaled.jpg\" \/>\n\t<meta property=\"og:image:width\" content=\"2560\" \/>\n\t<meta property=\"og:image:height\" content=\"1709\" \/>\n\t<meta property=\"og:image:type\" content=\"image\/jpeg\" \/>\n<meta name=\"twitter:card\" content=\"summary_large_image\" \/>\n<script type=\"application\/ld+json\" class=\"yoast-schema-graph\">{\"@context\":\"https:\/\/schema.org\",\"@graph\":[{\"@type\":\"WebPage\",\"@id\":\"https:\/\/www.sakerhetsforetagen.se\/samverkan-i-polisregion-och-lokalpolisomrade\/\",\"url\":\"https:\/\/www.sakerhetsforetagen.se\/samverkan-i-polisregion-och-lokalpolisomrade\/\",\"name\":\"Samverkan i polisregion och lokalpolisomr\u00e5de - S\u00e4kerhetsf\u00f6retagen\",\"isPartOf\":{\"@id\":\"https:\/\/www.sakerhetsforetagen.se\/#website\"},\"primaryImageOfPage\":{\"@id\":\"https:\/\/www.sakerhetsforetagen.se\/samverkan-i-polisregion-och-lokalpolisomrade\/#primaryimage\"},\"image\":{\"@id\":\"https:\/\/www.sakerhetsforetagen.se\/samverkan-i-polisregion-och-lokalpolisomrade\/#primaryimage\"},\"thumbnailUrl\":\"https:\/\/www.sakerhetsforetagen.se\/app\/uploads\/sites\/11\/2020\/12\/egd20131130-314_sv-scaled.jpg\",\"datePublished\":\"2021-01-12T12:19:15+00:00\",\"dateModified\":\"2023-04-13T07:47:04+00:00\",\"breadcrumb\":{\"@id\":\"https:\/\/www.sakerhetsforetagen.se\/samverkan-i-polisregion-och-lokalpolisomrade\/#breadcrumb\"},\"inLanguage\":\"sv-SE\",\"potentialAction\":[{\"@type\":\"ReadAction\",\"target\":[\"https:\/\/www.sakerhetsforetagen.se\/samverkan-i-polisregion-och-lokalpolisomrade\/\"]}]},{\"@type\":\"ImageObject\",\"inLanguage\":\"sv-SE\",\"@id\":\"https:\/\/www.sakerhetsforetagen.se\/samverkan-i-polisregion-och-lokalpolisomrade\/#primaryimage\",\"url\":\"https:\/\/www.sakerhetsforetagen.se\/app\/uploads\/sites\/11\/2020\/12\/egd20131130-314_sv-scaled.jpg\",\"contentUrl\":\"https:\/\/www.sakerhetsforetagen.se\/app\/uploads\/sites\/11\/2020\/12\/egd20131130-314_sv-scaled.jpg\",\"width\":2560,\"height\":1709,\"caption\":\"Fotograf Eddie Granlund\"},{\"@type\":\"BreadcrumbList\",\"@id\":\"https:\/\/www.sakerhetsforetagen.se\/samverkan-i-polisregion-och-lokalpolisomrade\/#breadcrumb\",\"itemListElement\":[{\"@type\":\"ListItem\",\"position\":1,\"name\":\"Home\",\"item\":\"https:\/\/www.sakerhetsforetagen.se\/\"},{\"@type\":\"ListItem\",\"position\":2,\"name\":\"Samverkan i polisregion och lokalpolisomr\u00e5de\"}]},{\"@type\":\"WebSite\",\"@id\":\"https:\/\/www.sakerhetsforetagen.se\/#website\",\"url\":\"https:\/\/www.sakerhetsforetagen.se\/\",\"name\":\"S\u00e4kerhetsf\u00f6retagen\",\"description\":\"\",\"potentialAction\":[{\"@type\":\"SearchAction\",\"target\":{\"@type\":\"EntryPoint\",\"urlTemplate\":\"https:\/\/www.sakerhetsforetagen.se\/?s={search_term_string}\"},\"query-input\":{\"@type\":\"PropertyValueSpecification\",\"valueRequired\":true,\"valueName\":\"search_term_string\"}}],\"inLanguage\":\"sv-SE\"}]}<\/script>\n<!-- \/ Yoast SEO plugin. -->","yoast_head_json":{"title":"Samverkan i polisregion och lokalpolisomr\u00e5de - S\u00e4kerhetsf\u00f6retagen","robots":{"index":"index","follow":"follow","max-snippet":"max-snippet:-1","max-image-preview":"max-image-preview:large","max-video-preview":"max-video-preview:-1"},"canonical":"https:\/\/www.sakerhetsforetagen.se\/samverkan-i-polisregion-och-lokalpolisomrade\/","og_locale":"sv_SE","og_type":"article","og_title":"Samverkan i polisregion och lokalpolisomr\u00e5de - S\u00e4kerhetsf\u00f6retagen","og_description":"Ett gott samarbete mellan polis och s\u00e4kerhetsf\u00f6retag kan hj\u00e4lpa till att f\u00f6rb\u00e4ttra tryggheten och s\u00e4kerheten p\u00e5 ganska kort tid. Varje polisregion ska utse s\u00e4rskilt ordningsvaktsansvariga, men samverkan d\u00e4rut\u00f6ver utf\u00f6rs ocks\u00e5 varje dag i det vardagliga &hellip;","og_url":"https:\/\/www.sakerhetsforetagen.se\/samverkan-i-polisregion-och-lokalpolisomrade\/","og_site_name":"S\u00e4kerhetsf\u00f6retagen","article_modified_time":"2023-04-13T07:47:04+00:00","og_image":[{"width":2560,"height":1709,"url":"https:\/\/www.sakerhetsforetagen.se\/app\/uploads\/sites\/11\/2020\/12\/egd20131130-314_sv-scaled.jpg","type":"image\/jpeg"}],"twitter_card":"summary_large_image","schema":{"@context":"https:\/\/schema.org","@graph":[{"@type":"WebPage","@id":"https:\/\/www.sakerhetsforetagen.se\/samverkan-i-polisregion-och-lokalpolisomrade\/","url":"https:\/\/www.sakerhetsforetagen.se\/samverkan-i-polisregion-och-lokalpolisomrade\/","name":"Samverkan i polisregion och lokalpolisomr\u00e5de - S\u00e4kerhetsf\u00f6retagen","isPartOf":{"@id":"https:\/\/www.sakerhetsforetagen.se\/#website"},"primaryImageOfPage":{"@id":"https:\/\/www.sakerhetsforetagen.se\/samverkan-i-polisregion-och-lokalpolisomrade\/#primaryimage"},"image":{"@id":"https:\/\/www.sakerhetsforetagen.se\/samverkan-i-polisregion-och-lokalpolisomrade\/#primaryimage"},"thumbnailUrl":"https:\/\/www.sakerhetsforetagen.se\/app\/uploads\/sites\/11\/2020\/12\/egd20131130-314_sv-scaled.jpg","datePublished":"2021-01-12T12:19:15+00:00","dateModified":"2023-04-13T07:47:04+00:00","breadcrumb":{"@id":"https:\/\/www.sakerhetsforetagen.se\/samverkan-i-polisregion-och-lokalpolisomrade\/#breadcrumb"},"inLanguage":"sv-SE","potentialAction":[{"@type":"ReadAction","target":["https:\/\/www.sakerhetsforetagen.se\/samverkan-i-polisregion-och-lokalpolisomrade\/"]}]},{"@type":"ImageObject","inLanguage":"sv-SE","@id":"https:\/\/www.sakerhetsforetagen.se\/samverkan-i-polisregion-och-lokalpolisomrade\/#primaryimage","url":"https:\/\/www.sakerhetsforetagen.se\/app\/uploads\/sites\/11\/2020\/12\/egd20131130-314_sv-scaled.jpg","contentUrl":"https:\/\/www.sakerhetsforetagen.se\/app\/uploads\/sites\/11\/2020\/12\/egd20131130-314_sv-scaled.jpg","width":2560,"height":1709,"caption":"Fotograf Eddie Granlund"},{"@type":"BreadcrumbList","@id":"https:\/\/www.sakerhetsforetagen.se\/samverkan-i-polisregion-och-lokalpolisomrade\/#breadcrumb","itemListElement":[{"@type":"ListItem","position":1,"name":"Home","item":"https:\/\/www.sakerhetsforetagen.se\/"},{"@type":"ListItem","position":2,"name":"Samverkan i polisregion och lokalpolisomr\u00e5de"}]},{"@type":"WebSite","@id":"https:\/\/www.sakerhetsforetagen.se\/#website","url":"https:\/\/www.sakerhetsforetagen.se\/","name":"S\u00e4kerhetsf\u00f6retagen","description":"","potentialAction":[{"@type":"SearchAction","target":{"@type":"EntryPoint","urlTemplate":"https:\/\/www.sakerhetsforetagen.se\/?s={search_term_string}"},"query-input":{"@type":"PropertyValueSpecification","valueRequired":true,"valueName":"search_term_string"}}],"inLanguage":"sv-SE"}]}},"_links":{"self":[{"href":"https:\/\/www.sakerhetsforetagen.se\/api\/wp\/v2\/pages\/402","targetHints":{"allow":["GET"]}}],"collection":[{"href":"https:\/\/www.sakerhetsforetagen.se\/api\/wp\/v2\/pages"}],"about":[{"href":"https:\/\/www.sakerhetsforetagen.se\/api\/wp\/v2\/types\/page"}],"author":[{"embeddable":true,"href":"https:\/\/www.sakerhetsforetagen.se\/api\/wp\/v2\/users\/2400"}],"replies":[{"embeddable":true,"href":"https:\/\/www.sakerhetsforetagen.se\/api\/wp\/v2\/comments?post=402"}],"version-history":[{"count":9,"href":"https:\/\/www.sakerhetsforetagen.se\/api\/wp\/v2\/pages\/402\/revisions"}],"predecessor-version":[{"id":1366,"href":"https:\/\/www.sakerhetsforetagen.se\/api\/wp\/v2\/pages\/402\/revisions\/1366"}],"wp:featuredmedia":[{"embeddable":true,"href":"https:\/\/www.sakerhetsforetagen.se\/api\/wp\/v2\/media\/275"}],"wp:attachment":[{"href":"https:\/\/www.sakerhetsforetagen.se\/api\/wp\/v2\/media?parent=402"}],"wp:term":[{"taxonomy":"type","embeddable":true,"href":"https:\/\/www.sakerhetsforetagen.se\/api\/wp\/v2\/article_type?post=402"},{"taxonomy":"agreement","embeddable":true,"href":"https:\/\/www.sakerhetsforetagen.se\/api\/wp\/v2\/agreement?post=402"},{"taxonomy":"for-members","embeddable":true,"href":"https:\/\/www.sakerhetsforetagen.se\/api\/wp\/v2\/for-members?post=402"}],"curies":[{"name":"wp","href":"https:\/\/api.w.org\/{rel}","templated":true}]}}