{"id":396,"date":"2021-01-12T13:02:28","date_gmt":"2021-01-12T12:02:28","guid":{"rendered":"https:\/\/www.sakerhetsforetagen.se\/?page_id=396"},"modified":"2023-04-27T16:09:21","modified_gmt":"2023-04-27T14:09:21","slug":"nationell-samverkan","status":"publish","type":"page","link":"https:\/\/www.sakerhetsforetagen.se\/nationell-samverkan\/","title":{"rendered":"Nationell samverkan"},"content":{"rendered":"<div id=\"block-hero-block_af4b9e2cb8df583c539c93f050975a07\" class=\"Hero has-primary-background-color\">\n\n    \n  <div class=\"Hero__inner container has-primary-background-color has-arrow\">\n              <div class=\"Hero__title\">\n          <h1><i> Nationell samverkan<\/i><\/h1>\n        <\/div>\n                                <div class=\"Hero__arrow\">\n          <svg class='icon icon--squiggly-arrow'  width=\"282\" height=\"302\" viewBox=\"0 0 282 302\" fill=\"none\" xmlns=\"http:\/\/www.w3.org\/2000\/svg\">\n<path d=\"M108.429 281.19L129.837 295.44L143.97 274.186\" stroke=\"black\" stroke-width=\"4\" stroke-miterlimit=\"10\"\/>\n<path d=\"M43.8871 68.0497C53.3269 84.3998 70.0075 95.6755 88.6244 97.6784C107.24 99.6801 125.826 95.0068 144.209 91.4645C162.592 87.9216 182.067 85.5682 199.674 91.9481C220.515 99.5002 236.316 120.278 236.492 142.446C236.669 164.616 220.178 186.234 198.428 190.49C188.558 192.423 177.815 190.842 169.542 185.112C161.271 179.382 155.88 169.284 156.859 159.269C158.292 144.577 173.761 133.512 188.444 135C203.126 136.491 215.468 148.757 219.176 163.047C222.881 177.337 218.804 192.932 210.416 205.072C202.027 217.212 189.703 226.187 176.514 232.804C167.472 237.341 157.931 240.877 149.144 245.889C140.356 250.899 132.161 257.651 127.746 266.755C123.333 275.858 126.637 283.983 129.929 295.386\" stroke=\"black\" stroke-width=\"4\" stroke-miterlimit=\"10\"\/>\n<\/svg>\n\n          <\/div>\n        <\/div>\n<\/div>\n\n\n\n<div class=\"wp-block-columns is-layout-flex wp-container-core-columns-is-layout-9d6595d7 wp-block-columns-is-layout-flex\">\n<div class=\"wp-block-column is-layout-flow wp-block-column-is-layout-flow\"><\/div>\n<\/div>\n\n\n\n<div class=\"wp-block-columns is-layout-flex wp-container-core-columns-is-layout-9d6595d7 wp-block-columns-is-layout-flex\">\n<div class=\"wp-block-column is-layout-flow wp-block-column-is-layout-flow\"><\/div>\n<\/div>\n\n\n\n<div class=\"wp-block-columns is-layout-flex wp-container-core-columns-is-layout-9d6595d7 wp-block-columns-is-layout-flex\">\n<div class=\"wp-block-column is-layout-flow wp-block-column-is-layout-flow\" style=\"flex-basis:66.66%\"><div class=\"wp-block wp-block-core-paragraph\">\n<p>Dialogen med Polismyndigheten p\u00e5 nationell niv\u00e5 kan delas in i flera delar:<\/p>\n<\/div>\n\n<div class=\"wp-block wp-block-core-heading\" id=\"operativ-samverkan\">\n<h3 class=\"wp-block-heading\"><strong>Operativ samverkan<\/strong><\/h3>\n<\/div>\n\n<div class=\"wp-block wp-block-core-paragraph\">\n<p>I syfte att st\u00e4rka samarbetet mellan polis och s\u00e4kerhetsf\u00f6retag, fr\u00e4mst ordningsvakter, har S\u00e4kerhetsf\u00f6retagen en kontinuerlig dialog med Polismyndigheten.<\/p>\n<\/div>\n\n<div class=\"wp-block wp-block-core-paragraph\">\n<p>Exempel p\u00e5 fr\u00e5gor<\/p>\n<\/div>\n\n<div class=\"wp-block wp-block-core-list\">\n<ul class=\"wp-block-list\">\n<li>F\u00f6rst\u00e4rkt operativ samverkan i vardagen<\/li>\n\n\n\n<li>Terror och s\u00e4rskilda h\u00e4ndelser<\/li>\n\n\n\n<li>Ordningsvaktens framtida f\u00f6rm\u00e5ga, utbildning och utrustning<\/li>\n<\/ul>\n<\/div>\n\n<div class=\"wp-block wp-block-core-heading\" id=\"dialog-om-foreskrifter\">\n<h3 class=\"wp-block-heading\"><strong>Dialog om f\u00f6reskrifter<\/strong><\/h3>\n<\/div>\n\n<div class=\"wp-block wp-block-core-paragraph\">\n<p>F\u00f6reskrifterna som styr bevakningsf\u00f6retag, v\u00e4ktare, ordningsvakter och skyddsvakter utvecklas kontinuerligt. I det arbetet deltar S\u00e4kerhetsf\u00f6retagen, huvudsakligen genom BYA.<\/p>\n<\/div>\n\n<div class=\"wp-block wp-block-core-heading\" id=\"olika-former-av-samverkan\">\n<h3 class=\"wp-block-heading\">Olika former av samverkan<\/h3>\n<\/div>\n\n<div class=\"wp-block wp-block-core-list\">\n<ul class=\"wp-block-list\">\n<li><strong>Polismyndighetens \u00e5rliga samverkansm\u00f6te.<\/strong>&nbsp;Enligt f\u00f6reskrifterna f\u00f6r auktoriserade bevakningsf\u00f6retag ska Polismyndigheten \u00e5rligen kalla arbetsmarknads- och branschorganisationer samt andra ber\u00f6rda organisationer till ett samverkansm\u00f6te f\u00f6r att informera sig om bevakningsbranschens utveckling och behov.<\/li>\n<\/ul>\n<\/div>\n\n<div class=\"wp-block wp-block-core-heading\" id=\"sakerhetsforetagen-vill:\">\n<h3 class=\"wp-block-heading\">S\u00e4kerhetsf\u00f6retagen vill:<\/h3>\n<\/div>\n\n<div class=\"wp-block wp-block-core-list\">\n<ul class=\"wp-block-list\">\n<li><strong>Inf\u00f6ra en nationell operativ samverkansmodell, som Oslo-modellen.<\/strong>&nbsp;Genom Oslo-modellen har polis och s\u00e4kerhetsf\u00f6retag tecknat avtal om hur lokal samverkan ska ske. Genom att inkludera s\u00e4kerhetsf\u00f6retagens ledning skapas mandat i hela organisationen och f\u00f6retagen blir en aktiv part i samverkan. Modellens framg\u00e5ngar har lett till att alla polisregioner nu m\u00e5ste teckna lokala samverkansavtal i respektive region.<\/li>\n<\/ul>\n<\/div><\/div>\n\n\n\n<div class=\"wp-block-column is-layout-flow wp-block-column-is-layout-flow\" style=\"flex-basis:33.33%\"><div class=\"wp-block wp-block-core-heading\" id=\"kontaktperson\">\n<h4 class=\"wp-block-heading\">kontaktperson<\/h4>\n<\/div>\n\n<div id=\"block-contact-block_1819a02f056bfec5c77b5ff70e17cc29\" class=\"Contact\">\n      <div class=\"Contact__title\">\n      \n    <\/div>\n    <div class=\" row \">\n              <div class=\"col-lg-12 pb-md-4 pb-3\">\n          <div class=\"Contact-card  \">\n          <div class=\"Contact-card__body\">\n      <h2 class=\"Contact-card__title\">Li Jansson<\/h2>\n      <p class=\"mb-0\">Bransch- och n\u00e4ringspolitisk chef<\/p>\n      \n              <p class=\"mb-2\"><\/p>\n                    <p>\n                      <a href=\"tel:+46 8 762 69 70\">+46 8 762 69 70<\/a>\n                                <a href=\"tel:+46 76 796 71 73\">+46 76 796 71 73<\/a>\n                                <a href=\"mailto:li.jansson@sakerhetsforetagen.se\">E-post<\/a>\n                  <\/p>\n            <a href=\"https:\/\/www.sakerhetsforetagen.se\/person\/lijansson\/\" class=\"Contact-card__link\">\n        <div class=\"Contact-card__arrow\">\n          <p class=\"Contact-card__arrow__text\">L\u00e4s mer<\/p>\n          <div class=\"Contact-card__arrow__line\"><\/div>\n          <svg class='icon icon--arrow-tip'  width=\"11\" height=\"16\" viewBox=\"0 0 11 16\" fill=\"none\" xmlns=\"http:\/\/www.w3.org\/2000\/svg\">\n<path d=\"M0.858398 15L9.2304 7.99664L0.967732 1.00001\" stroke=\"black\" stroke-width=\"2\" stroke-miterlimit=\"10\"\/>\n<\/svg>\n\n          <\/div>\n      <\/a>\n\n      \n    <\/div>\n  <\/div>\n        <\/div>\n          <\/div>\n    <\/div>\n<\/div>\n<\/div>\n","protected":false},"excerpt":{"rendered":"<p>Dialogen med Polismyndigheten p\u00e5 nationell niv\u00e5 kan delas in i flera delar: Operativ samverkan I syfte att st\u00e4rka samarbetet mellan polis och s\u00e4kerhetsf\u00f6retag, fr\u00e4mst ordningsvakter, har S\u00e4kerhetsf\u00f6retagen en kontinuerlig dialog med Polismyndigheten. Exempel p\u00e5 fr\u00e5gor &hellip;<\/p>\n","protected":false},"author":2400,"featured_media":274,"parent":0,"menu_order":0,"comment_status":"closed","ping_status":"closed","template":"","meta":{"_acf_changed":false,"footnotes":""},"article_type":[],"agreement":[],"for-members":[],"class_list":["post-396","page","type-page","status-publish","has-post-thumbnail","hentry"],"acf":[],"yoast_head":"<!-- This site is optimized with the Yoast SEO plugin v26.8 - https:\/\/yoast.com\/product\/yoast-seo-wordpress\/ -->\n<title>Nationell samverkan - S\u00e4kerhetsf\u00f6retagen<\/title>\n<meta name=\"robots\" content=\"index, follow, max-snippet:-1, max-image-preview:large, max-video-preview:-1\" \/>\n<link rel=\"canonical\" href=\"https:\/\/www.sakerhetsforetagen.se\/nationell-samverkan\/\" \/>\n<meta property=\"og:locale\" content=\"sv_SE\" \/>\n<meta property=\"og:type\" content=\"article\" \/>\n<meta property=\"og:title\" content=\"Nationell samverkan - S\u00e4kerhetsf\u00f6retagen\" \/>\n<meta property=\"og:description\" content=\"Dialogen med Polismyndigheten p\u00e5 nationell niv\u00e5 kan delas in i flera delar: Operativ samverkan I syfte att st\u00e4rka samarbetet mellan polis och s\u00e4kerhetsf\u00f6retag, fr\u00e4mst ordningsvakter, har S\u00e4kerhetsf\u00f6retagen en kontinuerlig dialog med Polismyndigheten. Exempel p\u00e5 fr\u00e5gor &hellip;\" \/>\n<meta property=\"og:url\" content=\"https:\/\/www.sakerhetsforetagen.se\/nationell-samverkan\/\" \/>\n<meta property=\"og:site_name\" content=\"S\u00e4kerhetsf\u00f6retagen\" \/>\n<meta property=\"article:modified_time\" content=\"2023-04-27T14:09:21+00:00\" \/>\n<meta property=\"og:image\" content=\"https:\/\/www.sakerhetsforetagen.se\/app\/uploads\/sites\/11\/2020\/12\/egd20131130-314-scaled.jpg\" \/>\n\t<meta property=\"og:image:width\" content=\"2560\" \/>\n\t<meta property=\"og:image:height\" content=\"1709\" \/>\n\t<meta property=\"og:image:type\" content=\"image\/jpeg\" \/>\n<meta name=\"twitter:card\" content=\"summary_large_image\" \/>\n<meta name=\"twitter:label1\" content=\"Ber\u00e4knad l\u00e4stid\" \/>\n\t<meta name=\"twitter:data1\" content=\"1 minut\" \/>\n<script type=\"application\/ld+json\" class=\"yoast-schema-graph\">{\"@context\":\"https:\/\/schema.org\",\"@graph\":[{\"@type\":\"WebPage\",\"@id\":\"https:\/\/www.sakerhetsforetagen.se\/nationell-samverkan\/\",\"url\":\"https:\/\/www.sakerhetsforetagen.se\/nationell-samverkan\/\",\"name\":\"Nationell samverkan - S\u00e4kerhetsf\u00f6retagen\",\"isPartOf\":{\"@id\":\"https:\/\/www.sakerhetsforetagen.se\/#website\"},\"primaryImageOfPage\":{\"@id\":\"https:\/\/www.sakerhetsforetagen.se\/nationell-samverkan\/#primaryimage\"},\"image\":{\"@id\":\"https:\/\/www.sakerhetsforetagen.se\/nationell-samverkan\/#primaryimage\"},\"thumbnailUrl\":\"https:\/\/www.sakerhetsforetagen.se\/app\/uploads\/sites\/11\/2020\/12\/egd20131130-314-scaled.jpg\",\"datePublished\":\"2021-01-12T12:02:28+00:00\",\"dateModified\":\"2023-04-27T14:09:21+00:00\",\"breadcrumb\":{\"@id\":\"https:\/\/www.sakerhetsforetagen.se\/nationell-samverkan\/#breadcrumb\"},\"inLanguage\":\"sv-SE\",\"potentialAction\":[{\"@type\":\"ReadAction\",\"target\":[\"https:\/\/www.sakerhetsforetagen.se\/nationell-samverkan\/\"]}]},{\"@type\":\"ImageObject\",\"inLanguage\":\"sv-SE\",\"@id\":\"https:\/\/www.sakerhetsforetagen.se\/nationell-samverkan\/#primaryimage\",\"url\":\"https:\/\/www.sakerhetsforetagen.se\/app\/uploads\/sites\/11\/2020\/12\/egd20131130-314-scaled.jpg\",\"contentUrl\":\"https:\/\/www.sakerhetsforetagen.se\/app\/uploads\/sites\/11\/2020\/12\/egd20131130-314-scaled.jpg\",\"width\":2560,\"height\":1709},{\"@type\":\"BreadcrumbList\",\"@id\":\"https:\/\/www.sakerhetsforetagen.se\/nationell-samverkan\/#breadcrumb\",\"itemListElement\":[{\"@type\":\"ListItem\",\"position\":1,\"name\":\"Home\",\"item\":\"https:\/\/www.sakerhetsforetagen.se\/\"},{\"@type\":\"ListItem\",\"position\":2,\"name\":\"Nationell samverkan\"}]},{\"@type\":\"WebSite\",\"@id\":\"https:\/\/www.sakerhetsforetagen.se\/#website\",\"url\":\"https:\/\/www.sakerhetsforetagen.se\/\",\"name\":\"S\u00e4kerhetsf\u00f6retagen\",\"description\":\"\",\"potentialAction\":[{\"@type\":\"SearchAction\",\"target\":{\"@type\":\"EntryPoint\",\"urlTemplate\":\"https:\/\/www.sakerhetsforetagen.se\/?s={search_term_string}\"},\"query-input\":{\"@type\":\"PropertyValueSpecification\",\"valueRequired\":true,\"valueName\":\"search_term_string\"}}],\"inLanguage\":\"sv-SE\"}]}<\/script>\n<!-- \/ Yoast SEO plugin. -->","yoast_head_json":{"title":"Nationell samverkan - S\u00e4kerhetsf\u00f6retagen","robots":{"index":"index","follow":"follow","max-snippet":"max-snippet:-1","max-image-preview":"max-image-preview:large","max-video-preview":"max-video-preview:-1"},"canonical":"https:\/\/www.sakerhetsforetagen.se\/nationell-samverkan\/","og_locale":"sv_SE","og_type":"article","og_title":"Nationell samverkan - S\u00e4kerhetsf\u00f6retagen","og_description":"Dialogen med Polismyndigheten p\u00e5 nationell niv\u00e5 kan delas in i flera delar: Operativ samverkan I syfte att st\u00e4rka samarbetet mellan polis och s\u00e4kerhetsf\u00f6retag, fr\u00e4mst ordningsvakter, har S\u00e4kerhetsf\u00f6retagen en kontinuerlig dialog med Polismyndigheten. Exempel p\u00e5 fr\u00e5gor &hellip;","og_url":"https:\/\/www.sakerhetsforetagen.se\/nationell-samverkan\/","og_site_name":"S\u00e4kerhetsf\u00f6retagen","article_modified_time":"2023-04-27T14:09:21+00:00","og_image":[{"width":2560,"height":1709,"url":"https:\/\/www.sakerhetsforetagen.se\/app\/uploads\/sites\/11\/2020\/12\/egd20131130-314-scaled.jpg","type":"image\/jpeg"}],"twitter_card":"summary_large_image","twitter_misc":{"Ber\u00e4knad l\u00e4stid":"1 minut"},"schema":{"@context":"https:\/\/schema.org","@graph":[{"@type":"WebPage","@id":"https:\/\/www.sakerhetsforetagen.se\/nationell-samverkan\/","url":"https:\/\/www.sakerhetsforetagen.se\/nationell-samverkan\/","name":"Nationell samverkan - S\u00e4kerhetsf\u00f6retagen","isPartOf":{"@id":"https:\/\/www.sakerhetsforetagen.se\/#website"},"primaryImageOfPage":{"@id":"https:\/\/www.sakerhetsforetagen.se\/nationell-samverkan\/#primaryimage"},"image":{"@id":"https:\/\/www.sakerhetsforetagen.se\/nationell-samverkan\/#primaryimage"},"thumbnailUrl":"https:\/\/www.sakerhetsforetagen.se\/app\/uploads\/sites\/11\/2020\/12\/egd20131130-314-scaled.jpg","datePublished":"2021-01-12T12:02:28+00:00","dateModified":"2023-04-27T14:09:21+00:00","breadcrumb":{"@id":"https:\/\/www.sakerhetsforetagen.se\/nationell-samverkan\/#breadcrumb"},"inLanguage":"sv-SE","potentialAction":[{"@type":"ReadAction","target":["https:\/\/www.sakerhetsforetagen.se\/nationell-samverkan\/"]}]},{"@type":"ImageObject","inLanguage":"sv-SE","@id":"https:\/\/www.sakerhetsforetagen.se\/nationell-samverkan\/#primaryimage","url":"https:\/\/www.sakerhetsforetagen.se\/app\/uploads\/sites\/11\/2020\/12\/egd20131130-314-scaled.jpg","contentUrl":"https:\/\/www.sakerhetsforetagen.se\/app\/uploads\/sites\/11\/2020\/12\/egd20131130-314-scaled.jpg","width":2560,"height":1709},{"@type":"BreadcrumbList","@id":"https:\/\/www.sakerhetsforetagen.se\/nationell-samverkan\/#breadcrumb","itemListElement":[{"@type":"ListItem","position":1,"name":"Home","item":"https:\/\/www.sakerhetsforetagen.se\/"},{"@type":"ListItem","position":2,"name":"Nationell samverkan"}]},{"@type":"WebSite","@id":"https:\/\/www.sakerhetsforetagen.se\/#website","url":"https:\/\/www.sakerhetsforetagen.se\/","name":"S\u00e4kerhetsf\u00f6retagen","description":"","potentialAction":[{"@type":"SearchAction","target":{"@type":"EntryPoint","urlTemplate":"https:\/\/www.sakerhetsforetagen.se\/?s={search_term_string}"},"query-input":{"@type":"PropertyValueSpecification","valueRequired":true,"valueName":"search_term_string"}}],"inLanguage":"sv-SE"}]}},"_links":{"self":[{"href":"https:\/\/www.sakerhetsforetagen.se\/api\/wp\/v2\/pages\/396","targetHints":{"allow":["GET"]}}],"collection":[{"href":"https:\/\/www.sakerhetsforetagen.se\/api\/wp\/v2\/pages"}],"about":[{"href":"https:\/\/www.sakerhetsforetagen.se\/api\/wp\/v2\/types\/page"}],"author":[{"embeddable":true,"href":"https:\/\/www.sakerhetsforetagen.se\/api\/wp\/v2\/users\/2400"}],"replies":[{"embeddable":true,"href":"https:\/\/www.sakerhetsforetagen.se\/api\/wp\/v2\/comments?post=396"}],"version-history":[{"count":9,"href":"https:\/\/www.sakerhetsforetagen.se\/api\/wp\/v2\/pages\/396\/revisions"}],"predecessor-version":[{"id":1370,"href":"https:\/\/www.sakerhetsforetagen.se\/api\/wp\/v2\/pages\/396\/revisions\/1370"}],"wp:featuredmedia":[{"embeddable":true,"href":"https:\/\/www.sakerhetsforetagen.se\/api\/wp\/v2\/media\/274"}],"wp:attachment":[{"href":"https:\/\/www.sakerhetsforetagen.se\/api\/wp\/v2\/media?parent=396"}],"wp:term":[{"taxonomy":"type","embeddable":true,"href":"https:\/\/www.sakerhetsforetagen.se\/api\/wp\/v2\/article_type?post=396"},{"taxonomy":"agreement","embeddable":true,"href":"https:\/\/www.sakerhetsforetagen.se\/api\/wp\/v2\/agreement?post=396"},{"taxonomy":"for-members","embeddable":true,"href":"https:\/\/www.sakerhetsforetagen.se\/api\/wp\/v2\/for-members?post=396"}],"curies":[{"name":"wp","href":"https:\/\/api.w.org\/{rel}","templated":true}]}}