{"id":375,"date":"2021-01-12T11:23:43","date_gmt":"2021-01-12T10:23:43","guid":{"rendered":"https:\/\/www.sakerhetsforetagen.se\/?page_id=375"},"modified":"2024-01-17T14:50:18","modified_gmt":"2024-01-17T13:50:18","slug":"samverkan-med-polisen","status":"publish","type":"page","link":"https:\/\/www.sakerhetsforetagen.se\/samverkan-med-polisen\/","title":{"rendered":"Samverkan med polisen"},"content":{"rendered":"<div id=\"block-hero-block_aa82c31d7ecc4de07b01a33ad4d2ae22\" class=\"Hero has-primary-background-color\">\n\n    \n  <div class=\"Hero__inner container has-primary-background-color has-arrow\">\n              <div class=\"Hero__title\">\n          <h1><i> Samverkan med polisen<\/i><\/h1>\n        <\/div>\n                                <div class=\"Hero__arrow\">\n          <svg class='icon icon--squiggly-arrow'  width=\"282\" height=\"302\" viewBox=\"0 0 282 302\" fill=\"none\" xmlns=\"http:\/\/www.w3.org\/2000\/svg\">\n<path d=\"M108.429 281.19L129.837 295.44L143.97 274.186\" stroke=\"black\" stroke-width=\"4\" stroke-miterlimit=\"10\"\/>\n<path d=\"M43.8871 68.0497C53.3269 84.3998 70.0075 95.6755 88.6244 97.6784C107.24 99.6801 125.826 95.0068 144.209 91.4645C162.592 87.9216 182.067 85.5682 199.674 91.9481C220.515 99.5002 236.316 120.278 236.492 142.446C236.669 164.616 220.178 186.234 198.428 190.49C188.558 192.423 177.815 190.842 169.542 185.112C161.271 179.382 155.88 169.284 156.859 159.269C158.292 144.577 173.761 133.512 188.444 135C203.126 136.491 215.468 148.757 219.176 163.047C222.881 177.337 218.804 192.932 210.416 205.072C202.027 217.212 189.703 226.187 176.514 232.804C167.472 237.341 157.931 240.877 149.144 245.889C140.356 250.899 132.161 257.651 127.746 266.755C123.333 275.858 126.637 283.983 129.929 295.386\" stroke=\"black\" stroke-width=\"4\" stroke-miterlimit=\"10\"\/>\n<\/svg>\n\n          <\/div>\n        <\/div>\n<\/div>\n\n\n\n<div class=\"wp-block-columns is-layout-flex wp-container-core-columns-is-layout-9d6595d7 wp-block-columns-is-layout-flex\">\n<div class=\"wp-block-column is-layout-flow wp-block-column-is-layout-flow\"><\/div>\n<\/div>\n\n\n\n<div class=\"wp-block-columns is-layout-flex wp-container-core-columns-is-layout-9d6595d7 wp-block-columns-is-layout-flex\">\n<div class=\"wp-block-column is-layout-flow wp-block-column-is-layout-flow\"><\/div>\n<\/div>\n\n\n\n<div class=\"wp-block-columns is-layout-flex wp-container-core-columns-is-layout-9d6595d7 wp-block-columns-is-layout-flex\">\n<div class=\"wp-block-column is-layout-flow wp-block-column-is-layout-flow\" style=\"flex-basis:66.66%\"><div class=\"wp-block wp-block-core-paragraph\">\n<p>S\u00e4kerhetsf\u00f6retagen st\u00e5r bakom alla utbyggnader av polisen. S\u00e4kerhetsf\u00f6retag kan aldrig ers\u00e4tta polisen, men \u00e4r ett bra komplement. En god samverkan med polisen \u00e4r n\u00f6dv\u00e4ndigt f\u00f6r att ordningsvakter, v\u00e4ktare och andra medarbetare i s\u00e4kerhetsf\u00f6retag ska kunna hj\u00e4lpa till i trygghetsarbetet p\u00e5 b\u00e4sta s\u00e4tt.<\/p>\n<\/div>\n\n<div class=\"wp-block wp-block-core-paragraph\">\n<p>En del av branschens medarbetare, ordningsvakterna, har begr\u00e4nsade polis\u00e4ra befogenheter och st\u00e5r under polismans ledning. D\u00e4rut\u00f6ver finns ocks\u00e5 krav i lag och f\u00f6reskrifter att samverkan ska ske.<\/p>\n<\/div><\/div>\n\n\n\n<div class=\"wp-block-column is-layout-flow wp-block-column-is-layout-flow\" style=\"flex-basis:33.33%\"><div class=\"wp-block wp-block-core-heading\" id=\"kontaktperson\">\n<h4 class=\"wp-block-heading\">Kontaktperson<\/h4>\n<\/div>\n\n<div id=\"block-contact-block_1ee0842dc4dbad071f2500b2fba24308\" class=\"Contact\">\n      <div class=\"Contact__title\">\n      \n    <\/div>\n    <div class=\" row \">\n              <div class=\"col-lg-12 pb-md-4 pb-3\">\n          <div class=\"Contact-card  \">\n          <div class=\"Contact-card__body\">\n      <h2 class=\"Contact-card__title\">Pontus Lindstr\u00f6m<\/h2>\n      <p class=\"mb-0\">N\u00e4ringspolitisk chef<\/p>\n      \n              <p class=\"mb-2\">Stockholm<\/p>\n                    <p>\n                                <a href=\"tel:+46707887451\">+46707887451<\/a>\n                                <a href=\"mailto:pontus.lindstrom@sakerhetsforetagen.se\">E-post<\/a>\n                  <\/p>\n            <a href=\"https:\/\/www.sakerhetsforetagen.se\/person\/pontuslindstrom\/\" class=\"Contact-card__link\">\n        <div class=\"Contact-card__arrow\">\n          <p class=\"Contact-card__arrow__text\">L\u00e4s mer<\/p>\n          <div class=\"Contact-card__arrow__line\"><\/div>\n          <svg class='icon icon--arrow-tip'  width=\"11\" height=\"16\" viewBox=\"0 0 11 16\" fill=\"none\" xmlns=\"http:\/\/www.w3.org\/2000\/svg\">\n<path d=\"M0.858398 15L9.2304 7.99664L0.967732 1.00001\" stroke=\"black\" stroke-width=\"2\" stroke-miterlimit=\"10\"\/>\n<\/svg>\n\n          <\/div>\n      <\/a>\n\n      \n    <\/div>\n  <\/div>\n        <\/div>\n          <\/div>\n    <\/div>\n<\/div>\n<\/div>\n\n\n<div class=\"Listing has-secondary-background-color\">\n  <div class=\"container\">\n    <div class=\"Listing__heading\">\n       <h2>Olika former av samverkan<\/h2>     <\/div>\n    <div class=\"row\">\n                            <div class=\"col-md-6 \">\n                      <article class=\"Blurb Blurb--vertical Blurb--page Blurb--vertical has-thumbnail\">\n  <a href=\"https:\/\/www.sakerhetsforetagen.se\/nationell-samverkan\/\">\n          <div class=\"Blurb__thumbnail__wrap\">\n        <figure class=\"Blurb__thumbnail\">\n          <img loading=\"lazy\" decoding=\"async\" width=\"2560\" height=\"1709\" src=\"https:\/\/www.sakerhetsforetagen.se\/app\/uploads\/sites\/11\/2020\/12\/egd20131130-314-scaled.jpg\" class=\"attachment-small size-small wp-post-image\" alt=\"\" srcset=\"https:\/\/www.sakerhetsforetagen.se\/app\/uploads\/sites\/11\/2020\/12\/egd20131130-314-scaled.jpg 2560w, https:\/\/www.sakerhetsforetagen.se\/app\/uploads\/sites\/11\/2020\/12\/egd20131130-314-300x200.jpg 300w, https:\/\/www.sakerhetsforetagen.se\/app\/uploads\/sites\/11\/2020\/12\/egd20131130-314-1024x684.jpg 1024w, https:\/\/www.sakerhetsforetagen.se\/app\/uploads\/sites\/11\/2020\/12\/egd20131130-314-768x513.jpg 768w, https:\/\/www.sakerhetsforetagen.se\/app\/uploads\/sites\/11\/2020\/12\/egd20131130-314-1536x1025.jpg 1536w, https:\/\/www.sakerhetsforetagen.se\/app\/uploads\/sites\/11\/2020\/12\/egd20131130-314-2048x1367.jpg 2048w\" sizes=\"auto, (max-width: 2560px) 100vw, 2560px\" \/>\n        <\/figure>\n      <\/div>\n        <div class=\"Blurb__content\">\n      <div class=\"Blurb__body\">\n        <div>\n                            <\/div>\n        <h3 class=\"Blurb__title\">\n          Nationell samverkan\n        <\/h3>\n                  <div class=\"Blurb__text\">\n            Dialogen med Polismyndigheten p\u00e5 nationell niv\u00e5 kan delas in i flera delar: Operativ samverkan I syfte att st\u00e4rka samarbetet mellan polis och s\u00e4kerhetsf\u00f6retag, fr\u00e4mst ordningsvakter, har S\u00e4kerhetsf\u00f6retagen en kontinuerlig dialog med Polismyndigheten. Exempel p\u00e5 fr\u00e5gor &hellip;\n          <\/div>\n                <div class=\"Blurb__arrow\">\n                                <div class=\"Blurb__arrow__line\">\n              <svg class='icon icon--arrow-tip'  width=\"11\" height=\"16\" viewBox=\"0 0 11 16\" fill=\"none\" xmlns=\"http:\/\/www.w3.org\/2000\/svg\">\n<path d=\"M0.858398 15L9.2304 7.99664L0.967732 1.00001\" stroke=\"black\" stroke-width=\"2\" stroke-miterlimit=\"10\"\/>\n<\/svg>\n\n              <\/div>\n                  <\/div>\n      <\/div>\n    <\/div>\n  <\/a>\n<\/article>\n                  <\/div>\n                              <div class=\"col-md-6 \">\n                      <article class=\"Blurb Blurb--vertical Blurb--page Blurb--vertical has-thumbnail\">\n  <a href=\"https:\/\/www.sakerhetsforetagen.se\/samverkan-i-polisregion-och-lokalpolisomrade\/\">\n          <div class=\"Blurb__thumbnail__wrap\">\n        <figure class=\"Blurb__thumbnail\">\n          <img loading=\"lazy\" decoding=\"async\" width=\"2560\" height=\"1709\" src=\"https:\/\/www.sakerhetsforetagen.se\/app\/uploads\/sites\/11\/2020\/12\/egd20131130-314_sv-scaled.jpg\" class=\"attachment-small size-small wp-post-image\" alt=\"Fotograf Eddie Granlund\" srcset=\"https:\/\/www.sakerhetsforetagen.se\/app\/uploads\/sites\/11\/2020\/12\/egd20131130-314_sv-scaled.jpg 2560w, https:\/\/www.sakerhetsforetagen.se\/app\/uploads\/sites\/11\/2020\/12\/egd20131130-314_sv-300x200.jpg 300w, https:\/\/www.sakerhetsforetagen.se\/app\/uploads\/sites\/11\/2020\/12\/egd20131130-314_sv-1024x684.jpg 1024w, https:\/\/www.sakerhetsforetagen.se\/app\/uploads\/sites\/11\/2020\/12\/egd20131130-314_sv-768x513.jpg 768w, https:\/\/www.sakerhetsforetagen.se\/app\/uploads\/sites\/11\/2020\/12\/egd20131130-314_sv-1536x1025.jpg 1536w, https:\/\/www.sakerhetsforetagen.se\/app\/uploads\/sites\/11\/2020\/12\/egd20131130-314_sv-2048x1367.jpg 2048w\" sizes=\"auto, (max-width: 2560px) 100vw, 2560px\" \/>\n        <\/figure>\n      <\/div>\n        <div class=\"Blurb__content\">\n      <div class=\"Blurb__body\">\n        <div>\n                            <\/div>\n        <h3 class=\"Blurb__title\">\n          Samverkan i polisregion och lokalpolisomr\u00e5de\n        <\/h3>\n                  <div class=\"Blurb__text\">\n            Ett gott samarbete mellan polis och s\u00e4kerhetsf\u00f6retag kan hj\u00e4lpa till att f\u00f6rb\u00e4ttra tryggheten och s\u00e4kerheten p\u00e5 ganska kort tid. Varje polisregion ska utse s\u00e4rskilt ordningsvaktsansvariga, men samverkan d\u00e4rut\u00f6ver utf\u00f6rs ocks\u00e5 varje dag i det vardagliga &hellip;\n          <\/div>\n                <div class=\"Blurb__arrow\">\n                                <div class=\"Blurb__arrow__line\">\n              <svg class='icon icon--arrow-tip'  width=\"11\" height=\"16\" viewBox=\"0 0 11 16\" fill=\"none\" xmlns=\"http:\/\/www.w3.org\/2000\/svg\">\n<path d=\"M0.858398 15L9.2304 7.99664L0.967732 1.00001\" stroke=\"black\" stroke-width=\"2\" stroke-miterlimit=\"10\"\/>\n<\/svg>\n\n              <\/div>\n                  <\/div>\n      <\/div>\n    <\/div>\n  <\/a>\n<\/article>\n                  <\/div>\n                  <\/div>\n  <\/div>\n<\/div>","protected":false},"excerpt":{"rendered":"<p>S\u00e4kerhetsf\u00f6retagen st\u00e5r bakom alla utbyggnader av polisen. S\u00e4kerhetsf\u00f6retag kan aldrig ers\u00e4tta polisen, men \u00e4r ett bra komplement. En god samverkan med polisen \u00e4r n\u00f6dv\u00e4ndigt f\u00f6r att ordningsvakter, v\u00e4ktare och andra medarbetare i s\u00e4kerhetsf\u00f6retag ska kunna &hellip;<\/p>\n","protected":false},"author":2400,"featured_media":273,"parent":0,"menu_order":0,"comment_status":"closed","ping_status":"closed","template":"","meta":{"_acf_changed":false,"footnotes":""},"article_type":[],"agreement":[],"for-members":[],"class_list":["post-375","page","type-page","status-publish","has-post-thumbnail","hentry"],"acf":[],"yoast_head":"<!-- This site is optimized with the Yoast SEO plugin v26.8 - https:\/\/yoast.com\/product\/yoast-seo-wordpress\/ -->\n<title>Samverkan med polisen - S\u00e4kerhetsf\u00f6retagen<\/title>\n<meta name=\"robots\" content=\"index, follow, max-snippet:-1, max-image-preview:large, max-video-preview:-1\" \/>\n<link rel=\"canonical\" href=\"https:\/\/www.sakerhetsforetagen.se\/samverkan-med-polisen\/\" \/>\n<meta property=\"og:locale\" content=\"sv_SE\" \/>\n<meta property=\"og:type\" content=\"article\" \/>\n<meta property=\"og:title\" content=\"Samverkan med polisen - S\u00e4kerhetsf\u00f6retagen\" \/>\n<meta property=\"og:description\" content=\"S\u00e4kerhetsf\u00f6retagen st\u00e5r bakom alla utbyggnader av polisen. S\u00e4kerhetsf\u00f6retag kan aldrig ers\u00e4tta polisen, men \u00e4r ett bra komplement. En god samverkan med polisen \u00e4r n\u00f6dv\u00e4ndigt f\u00f6r att ordningsvakter, v\u00e4ktare och andra medarbetare i s\u00e4kerhetsf\u00f6retag ska kunna &hellip;\" \/>\n<meta property=\"og:url\" content=\"https:\/\/www.sakerhetsforetagen.se\/samverkan-med-polisen\/\" \/>\n<meta property=\"og:site_name\" content=\"S\u00e4kerhetsf\u00f6retagen\" \/>\n<meta property=\"article:modified_time\" content=\"2024-01-17T13:50:18+00:00\" \/>\n<meta property=\"og:image\" content=\"https:\/\/www.sakerhetsforetagen.se\/app\/uploads\/sites\/11\/2020\/12\/egd20131130-314-utan-logga-scaled.jpg\" \/>\n\t<meta property=\"og:image:width\" content=\"2560\" \/>\n\t<meta property=\"og:image:height\" content=\"1709\" \/>\n\t<meta property=\"og:image:type\" content=\"image\/jpeg\" \/>\n<meta name=\"twitter:card\" content=\"summary_large_image\" \/>\n<meta name=\"twitter:label1\" content=\"Ber\u00e4knad l\u00e4stid\" \/>\n\t<meta name=\"twitter:data1\" content=\"1 minut\" \/>\n<script type=\"application\/ld+json\" class=\"yoast-schema-graph\">{\"@context\":\"https:\/\/schema.org\",\"@graph\":[{\"@type\":\"WebPage\",\"@id\":\"https:\/\/www.sakerhetsforetagen.se\/samverkan-med-polisen\/\",\"url\":\"https:\/\/www.sakerhetsforetagen.se\/samverkan-med-polisen\/\",\"name\":\"Samverkan med polisen - S\u00e4kerhetsf\u00f6retagen\",\"isPartOf\":{\"@id\":\"https:\/\/www.sakerhetsforetagen.se\/#website\"},\"primaryImageOfPage\":{\"@id\":\"https:\/\/www.sakerhetsforetagen.se\/samverkan-med-polisen\/#primaryimage\"},\"image\":{\"@id\":\"https:\/\/www.sakerhetsforetagen.se\/samverkan-med-polisen\/#primaryimage\"},\"thumbnailUrl\":\"https:\/\/www.sakerhetsforetagen.se\/app\/uploads\/sites\/11\/2020\/12\/egd20131130-314-utan-logga-scaled.jpg\",\"datePublished\":\"2021-01-12T10:23:43+00:00\",\"dateModified\":\"2024-01-17T13:50:18+00:00\",\"breadcrumb\":{\"@id\":\"https:\/\/www.sakerhetsforetagen.se\/samverkan-med-polisen\/#breadcrumb\"},\"inLanguage\":\"sv-SE\",\"potentialAction\":[{\"@type\":\"ReadAction\",\"target\":[\"https:\/\/www.sakerhetsforetagen.se\/samverkan-med-polisen\/\"]}]},{\"@type\":\"ImageObject\",\"inLanguage\":\"sv-SE\",\"@id\":\"https:\/\/www.sakerhetsforetagen.se\/samverkan-med-polisen\/#primaryimage\",\"url\":\"https:\/\/www.sakerhetsforetagen.se\/app\/uploads\/sites\/11\/2020\/12\/egd20131130-314-utan-logga-scaled.jpg\",\"contentUrl\":\"https:\/\/www.sakerhetsforetagen.se\/app\/uploads\/sites\/11\/2020\/12\/egd20131130-314-utan-logga-scaled.jpg\",\"width\":2560,\"height\":1709},{\"@type\":\"BreadcrumbList\",\"@id\":\"https:\/\/www.sakerhetsforetagen.se\/samverkan-med-polisen\/#breadcrumb\",\"itemListElement\":[{\"@type\":\"ListItem\",\"position\":1,\"name\":\"Home\",\"item\":\"https:\/\/www.sakerhetsforetagen.se\/\"},{\"@type\":\"ListItem\",\"position\":2,\"name\":\"Samverkan med polisen\"}]},{\"@type\":\"WebSite\",\"@id\":\"https:\/\/www.sakerhetsforetagen.se\/#website\",\"url\":\"https:\/\/www.sakerhetsforetagen.se\/\",\"name\":\"S\u00e4kerhetsf\u00f6retagen\",\"description\":\"\",\"potentialAction\":[{\"@type\":\"SearchAction\",\"target\":{\"@type\":\"EntryPoint\",\"urlTemplate\":\"https:\/\/www.sakerhetsforetagen.se\/?s={search_term_string}\"},\"query-input\":{\"@type\":\"PropertyValueSpecification\",\"valueRequired\":true,\"valueName\":\"search_term_string\"}}],\"inLanguage\":\"sv-SE\"}]}<\/script>\n<!-- \/ Yoast SEO plugin. -->","yoast_head_json":{"title":"Samverkan med polisen - S\u00e4kerhetsf\u00f6retagen","robots":{"index":"index","follow":"follow","max-snippet":"max-snippet:-1","max-image-preview":"max-image-preview:large","max-video-preview":"max-video-preview:-1"},"canonical":"https:\/\/www.sakerhetsforetagen.se\/samverkan-med-polisen\/","og_locale":"sv_SE","og_type":"article","og_title":"Samverkan med polisen - S\u00e4kerhetsf\u00f6retagen","og_description":"S\u00e4kerhetsf\u00f6retagen st\u00e5r bakom alla utbyggnader av polisen. S\u00e4kerhetsf\u00f6retag kan aldrig ers\u00e4tta polisen, men \u00e4r ett bra komplement. En god samverkan med polisen \u00e4r n\u00f6dv\u00e4ndigt f\u00f6r att ordningsvakter, v\u00e4ktare och andra medarbetare i s\u00e4kerhetsf\u00f6retag ska kunna &hellip;","og_url":"https:\/\/www.sakerhetsforetagen.se\/samverkan-med-polisen\/","og_site_name":"S\u00e4kerhetsf\u00f6retagen","article_modified_time":"2024-01-17T13:50:18+00:00","og_image":[{"width":2560,"height":1709,"url":"https:\/\/www.sakerhetsforetagen.se\/app\/uploads\/sites\/11\/2020\/12\/egd20131130-314-utan-logga-scaled.jpg","type":"image\/jpeg"}],"twitter_card":"summary_large_image","twitter_misc":{"Ber\u00e4knad l\u00e4stid":"1 minut"},"schema":{"@context":"https:\/\/schema.org","@graph":[{"@type":"WebPage","@id":"https:\/\/www.sakerhetsforetagen.se\/samverkan-med-polisen\/","url":"https:\/\/www.sakerhetsforetagen.se\/samverkan-med-polisen\/","name":"Samverkan med polisen - S\u00e4kerhetsf\u00f6retagen","isPartOf":{"@id":"https:\/\/www.sakerhetsforetagen.se\/#website"},"primaryImageOfPage":{"@id":"https:\/\/www.sakerhetsforetagen.se\/samverkan-med-polisen\/#primaryimage"},"image":{"@id":"https:\/\/www.sakerhetsforetagen.se\/samverkan-med-polisen\/#primaryimage"},"thumbnailUrl":"https:\/\/www.sakerhetsforetagen.se\/app\/uploads\/sites\/11\/2020\/12\/egd20131130-314-utan-logga-scaled.jpg","datePublished":"2021-01-12T10:23:43+00:00","dateModified":"2024-01-17T13:50:18+00:00","breadcrumb":{"@id":"https:\/\/www.sakerhetsforetagen.se\/samverkan-med-polisen\/#breadcrumb"},"inLanguage":"sv-SE","potentialAction":[{"@type":"ReadAction","target":["https:\/\/www.sakerhetsforetagen.se\/samverkan-med-polisen\/"]}]},{"@type":"ImageObject","inLanguage":"sv-SE","@id":"https:\/\/www.sakerhetsforetagen.se\/samverkan-med-polisen\/#primaryimage","url":"https:\/\/www.sakerhetsforetagen.se\/app\/uploads\/sites\/11\/2020\/12\/egd20131130-314-utan-logga-scaled.jpg","contentUrl":"https:\/\/www.sakerhetsforetagen.se\/app\/uploads\/sites\/11\/2020\/12\/egd20131130-314-utan-logga-scaled.jpg","width":2560,"height":1709},{"@type":"BreadcrumbList","@id":"https:\/\/www.sakerhetsforetagen.se\/samverkan-med-polisen\/#breadcrumb","itemListElement":[{"@type":"ListItem","position":1,"name":"Home","item":"https:\/\/www.sakerhetsforetagen.se\/"},{"@type":"ListItem","position":2,"name":"Samverkan med polisen"}]},{"@type":"WebSite","@id":"https:\/\/www.sakerhetsforetagen.se\/#website","url":"https:\/\/www.sakerhetsforetagen.se\/","name":"S\u00e4kerhetsf\u00f6retagen","description":"","potentialAction":[{"@type":"SearchAction","target":{"@type":"EntryPoint","urlTemplate":"https:\/\/www.sakerhetsforetagen.se\/?s={search_term_string}"},"query-input":{"@type":"PropertyValueSpecification","valueRequired":true,"valueName":"search_term_string"}}],"inLanguage":"sv-SE"}]}},"_links":{"self":[{"href":"https:\/\/www.sakerhetsforetagen.se\/api\/wp\/v2\/pages\/375","targetHints":{"allow":["GET"]}}],"collection":[{"href":"https:\/\/www.sakerhetsforetagen.se\/api\/wp\/v2\/pages"}],"about":[{"href":"https:\/\/www.sakerhetsforetagen.se\/api\/wp\/v2\/types\/page"}],"author":[{"embeddable":true,"href":"https:\/\/www.sakerhetsforetagen.se\/api\/wp\/v2\/users\/2400"}],"replies":[{"embeddable":true,"href":"https:\/\/www.sakerhetsforetagen.se\/api\/wp\/v2\/comments?post=375"}],"version-history":[{"count":10,"href":"https:\/\/www.sakerhetsforetagen.se\/api\/wp\/v2\/pages\/375\/revisions"}],"predecessor-version":[{"id":1762,"href":"https:\/\/www.sakerhetsforetagen.se\/api\/wp\/v2\/pages\/375\/revisions\/1762"}],"wp:featuredmedia":[{"embeddable":true,"href":"https:\/\/www.sakerhetsforetagen.se\/api\/wp\/v2\/media\/273"}],"wp:attachment":[{"href":"https:\/\/www.sakerhetsforetagen.se\/api\/wp\/v2\/media?parent=375"}],"wp:term":[{"taxonomy":"type","embeddable":true,"href":"https:\/\/www.sakerhetsforetagen.se\/api\/wp\/v2\/article_type?post=375"},{"taxonomy":"agreement","embeddable":true,"href":"https:\/\/www.sakerhetsforetagen.se\/api\/wp\/v2\/agreement?post=375"},{"taxonomy":"for-members","embeddable":true,"href":"https:\/\/www.sakerhetsforetagen.se\/api\/wp\/v2\/for-members?post=375"}],"curies":[{"name":"wp","href":"https:\/\/api.w.org\/{rel}","templated":true}]}}