{"id":2,"date":"2020-10-19T15:46:40","date_gmt":"2020-10-19T13:46:40","guid":{"rendered":"https:\/\/www.almega.se\/sakerhetsforetagen\/?page_id=2"},"modified":"2024-01-12T11:13:57","modified_gmt":"2024-01-12T10:13:57","slug":"vara-fragor","status":"publish","type":"page","link":"https:\/\/www.sakerhetsforetagen.se\/vara-fragor\/","title":{"rendered":"V\u00e5ra fr\u00e5gor"},"content":{"rendered":"<div id=\"block-hero-block_f6ea03e46da318f0d5d29354eaf952cb\" class=\"Hero has-primary-background-color has-paragraph-text\">\n\n    \n  <div class=\"Hero__inner container has-primary-background-color\">\n              <div class=\"Hero__title\">\n          <h1>V\u00e5ra fr\u00e5gor<\/h1>\n        <\/div>\n                    <div class=\"Hero__text\">\n          <p>F\u00f6r att underl\u00e4tta f\u00f6r S\u00e4kerhetsf\u00f6retagens medlemmar att tillhandah\u00e5lla trygghet med h\u00f6g kvalitet \u00f6ver hela landet \u00e4r det viktigt att regelverk som p\u00e5verkar branschen utformas p\u00e5 b\u00e4sta s\u00e4tt. <\/p>\n\n        <\/div>\n                    <\/div>\n<\/div>\n\n\n<div class=\"wp-block wp-block-core-paragraph\">\n<p>S\u00e4kerhetsf\u00f6retagen har d\u00e4rf\u00f6r en aktiv dialog med politiker, myndigheter och kommuner f\u00f6r att s\u00e4kerst\u00e4lla att branschens perspektiv tas tillvara. Vi \u00e4r alltid tillg\u00e4ngliga f\u00f6r&nbsp; fr\u00e5gor fr\u00e5n allm\u00e4nhet, media, upphandlare eller beslutsfattare om v\u00e5r bransch.<\/p>\n<\/div>\n\n<div class=\"wp-block wp-block-core-paragraph\">\n<p>Nedanf\u00f6r \u00e5terfinns mer information om v\u00e5ra fr\u00e5gor, s\u00e5som statistik, upphandling och bevakningsindex.<\/p>\n<\/div>\n\n\n<div class=\"wp-block-columns is-layout-flex wp-container-core-columns-is-layout-9d6595d7 wp-block-columns-is-layout-flex\">\n<div class=\"wp-block-column is-layout-flow wp-block-column-is-layout-flow\"><\/div>\n<\/div>\n\n\n\n<div class=\"wp-block-columns is-layout-flex wp-container-core-columns-is-layout-9d6595d7 wp-block-columns-is-layout-flex\">\n<div class=\"wp-block-column is-layout-flow wp-block-column-is-layout-flow\"><\/div>\n<\/div>\n\n\n<div class=\"Listing has-green-background-color\">\n  <div class=\"container\">\n    <div class=\"Listing__heading\">\n       <h2>Vi arbetar med<\/h2>     <\/div>\n    <div class=\"row\">\n                            <div class=\"col-md-3 col-12 col-sm-6 \">\n                      <article class=\"Blurb Blurb--sm Blurb--page Blurb--vertical has-thumbnail\">\n  <a href=\"https:\/\/www.sakerhetsforetagen.se\/upphandling\/\">\n          <div class=\"Blurb__thumbnail__wrap\">\n        <figure class=\"Blurb__thumbnail\">\n          <img loading=\"lazy\" decoding=\"async\" width=\"555\" height=\"329\" src=\"https:\/\/www.sakerhetsforetagen.se\/app\/uploads\/sites\/11\/2020\/12\/nokas_retusch.jpg\" class=\"attachment-small size-small wp-post-image\" alt=\"\" srcset=\"https:\/\/www.sakerhetsforetagen.se\/app\/uploads\/sites\/11\/2020\/12\/nokas_retusch.jpg 555w, https:\/\/www.sakerhetsforetagen.se\/app\/uploads\/sites\/11\/2020\/12\/nokas_retusch-300x178.jpg 300w\" sizes=\"auto, (max-width: 555px) 100vw, 555px\" \/>\n        <\/figure>\n      <\/div>\n        <div class=\"Blurb__content\">\n      <div class=\"Blurb__body\">\n        <div>\n                            <\/div>\n        <h3 class=\"Blurb__title\">\n          Upphandling\n        <\/h3>\n                  <div class=\"Blurb__text\">\n            Trygghet och s\u00e4kerhet blir allt mer angel\u00e4get p\u00e5 kommunal och regional niv\u00e5. I takt med \u00f6kad brottslighet efterfr\u00e5gar inv\u00e5nare och f\u00f6retagare mer satsningar p\u00e5 den lokala tryggheten. D\u00e4rf\u00f6r fokuserar S\u00e4kerhetsf\u00f6retagen p\u00e5 hur kommuner,&nbsp; regioner och &hellip;\n          <\/div>\n                <div class=\"Blurb__arrow\">\n                                <div class=\"Blurb__arrow__line\">\n              <svg class='icon icon--arrow-tip'  width=\"11\" height=\"16\" viewBox=\"0 0 11 16\" fill=\"none\" xmlns=\"http:\/\/www.w3.org\/2000\/svg\">\n<path d=\"M0.858398 15L9.2304 7.99664L0.967732 1.00001\" stroke=\"black\" stroke-width=\"2\" stroke-miterlimit=\"10\"\/>\n<\/svg>\n\n              <\/div>\n                  <\/div>\n      <\/div>\n    <\/div>\n  <\/a>\n<\/article>\n                  <\/div>\n                              <div class=\"col-md-3 col-12 col-sm-6 \">\n                      <article class=\"Blurb Blurb--sm Blurb--page Blurb--vertical has-thumbnail\">\n  <a href=\"https:\/\/www.sakerhetsforetagen.se\/rapporter\/\">\n          <div class=\"Blurb__thumbnail__wrap\">\n        <figure class=\"Blurb__thumbnail\">\n          <img loading=\"lazy\" decoding=\"async\" width=\"2560\" height=\"1765\" src=\"https:\/\/www.sakerhetsforetagen.se\/app\/uploads\/sites\/11\/2020\/12\/23089981-ordningsvakter-scaled.jpg\" class=\"attachment-small size-small wp-post-image\" alt=\"\" srcset=\"https:\/\/www.sakerhetsforetagen.se\/app\/uploads\/sites\/11\/2020\/12\/23089981-ordningsvakter-scaled.jpg 2560w, https:\/\/www.sakerhetsforetagen.se\/app\/uploads\/sites\/11\/2020\/12\/23089981-ordningsvakter-300x207.jpg 300w, https:\/\/www.sakerhetsforetagen.se\/app\/uploads\/sites\/11\/2020\/12\/23089981-ordningsvakter-1024x706.jpg 1024w, https:\/\/www.sakerhetsforetagen.se\/app\/uploads\/sites\/11\/2020\/12\/23089981-ordningsvakter-768x530.jpg 768w, https:\/\/www.sakerhetsforetagen.se\/app\/uploads\/sites\/11\/2020\/12\/23089981-ordningsvakter-1536x1059.jpg 1536w, https:\/\/www.sakerhetsforetagen.se\/app\/uploads\/sites\/11\/2020\/12\/23089981-ordningsvakter-2048x1412.jpg 2048w\" sizes=\"auto, (max-width: 2560px) 100vw, 2560px\" \/>\n        <\/figure>\n      <\/div>\n        <div class=\"Blurb__content\">\n      <div class=\"Blurb__body\">\n        <div>\n                            <\/div>\n        <h3 class=\"Blurb__title\">\n          Rapporter och statistik\n        <\/h3>\n                  <div class=\"Blurb__text\">\n            H\u00e4r \u00e5terfinns S\u00e4kerhetsf\u00f6retagen rapporter och statistik.\n          <\/div>\n                <div class=\"Blurb__arrow\">\n                                <div class=\"Blurb__arrow__line\">\n              <svg class='icon icon--arrow-tip'  width=\"11\" height=\"16\" viewBox=\"0 0 11 16\" fill=\"none\" xmlns=\"http:\/\/www.w3.org\/2000\/svg\">\n<path d=\"M0.858398 15L9.2304 7.99664L0.967732 1.00001\" stroke=\"black\" stroke-width=\"2\" stroke-miterlimit=\"10\"\/>\n<\/svg>\n\n              <\/div>\n                  <\/div>\n      <\/div>\n    <\/div>\n  <\/a>\n<\/article>\n                  <\/div>\n                              <div class=\"col-md-3 col-12 col-sm-6 \">\n                      <article class=\"Blurb Blurb--sm Blurb--page Blurb--vertical has-thumbnail\">\n  <a href=\"https:\/\/www.sakerhetsforetagen.se\/bevakningsindex-vaktartimme-och-avtalsvillkor\/\">\n          <div class=\"Blurb__thumbnail__wrap\">\n        <figure class=\"Blurb__thumbnail\">\n          <img loading=\"lazy\" decoding=\"async\" width=\"907\" height=\"605\" src=\"https:\/\/www.sakerhetsforetagen.se\/app\/uploads\/sites\/11\/2021\/01\/2g5a7766.jpg\" class=\"attachment-small size-small wp-post-image\" alt=\"\" srcset=\"https:\/\/www.sakerhetsforetagen.se\/app\/uploads\/sites\/11\/2021\/01\/2g5a7766.jpg 907w, https:\/\/www.sakerhetsforetagen.se\/app\/uploads\/sites\/11\/2021\/01\/2g5a7766-300x200.jpg 300w, https:\/\/www.sakerhetsforetagen.se\/app\/uploads\/sites\/11\/2021\/01\/2g5a7766-768x512.jpg 768w\" sizes=\"auto, (max-width: 907px) 100vw, 907px\" \/>\n        <\/figure>\n      <\/div>\n        <div class=\"Blurb__content\">\n      <div class=\"Blurb__body\">\n        <div>\n                            <\/div>\n        <h3 class=\"Blurb__title\">\n          Bevakningsindex\n        <\/h3>\n                  <div class=\"Blurb__text\">\n            Statistiska centralbyr\u00e5n, SCB, har tidigare p\u00e5 uppdrag av S\u00e4kerhetsf\u00f6retagen tagit fram ett Bevakningsindex. Syftet \u00e4r att m\u00e4ta \u00e4ndringar i kostnaderna f\u00f6r bevakningsarbeten. SCB har sedan en tid tillbaka beslutat att avveckla sin roll som producent &hellip;\n          <\/div>\n                <div class=\"Blurb__arrow\">\n                                <div class=\"Blurb__arrow__line\">\n              <svg class='icon icon--arrow-tip'  width=\"11\" height=\"16\" viewBox=\"0 0 11 16\" fill=\"none\" xmlns=\"http:\/\/www.w3.org\/2000\/svg\">\n<path d=\"M0.858398 15L9.2304 7.99664L0.967732 1.00001\" stroke=\"black\" stroke-width=\"2\" stroke-miterlimit=\"10\"\/>\n<\/svg>\n\n              <\/div>\n                  <\/div>\n      <\/div>\n    <\/div>\n  <\/a>\n<\/article>\n                  <\/div>\n                              <div class=\"col-md-3 col-12 col-sm-6 \">\n                      <article class=\"Blurb Blurb--sm Blurb--page Blurb--vertical has-thumbnail\">\n  <a href=\"https:\/\/www.sakerhetsforetagen.se\/debattartiklar-och-kommunikation\/\">\n          <div class=\"Blurb__thumbnail__wrap\">\n        <figure class=\"Blurb__thumbnail\">\n          <img loading=\"lazy\" decoding=\"async\" width=\"2560\" height=\"1709\" src=\"https:\/\/www.sakerhetsforetagen.se\/app\/uploads\/sites\/11\/2020\/12\/dsc6076_sv-scaled.jpg\" class=\"attachment-small size-small wp-post-image\" alt=\"\" srcset=\"https:\/\/www.sakerhetsforetagen.se\/app\/uploads\/sites\/11\/2020\/12\/dsc6076_sv-scaled.jpg 2560w, https:\/\/www.sakerhetsforetagen.se\/app\/uploads\/sites\/11\/2020\/12\/dsc6076_sv-300x200.jpg 300w, https:\/\/www.sakerhetsforetagen.se\/app\/uploads\/sites\/11\/2020\/12\/dsc6076_sv-1024x683.jpg 1024w, https:\/\/www.sakerhetsforetagen.se\/app\/uploads\/sites\/11\/2020\/12\/dsc6076_sv-768x513.jpg 768w, https:\/\/www.sakerhetsforetagen.se\/app\/uploads\/sites\/11\/2020\/12\/dsc6076_sv-1536x1025.jpg 1536w, https:\/\/www.sakerhetsforetagen.se\/app\/uploads\/sites\/11\/2020\/12\/dsc6076_sv-2048x1367.jpg 2048w\" sizes=\"auto, (max-width: 2560px) 100vw, 2560px\" \/>\n        <\/figure>\n      <\/div>\n        <div class=\"Blurb__content\">\n      <div class=\"Blurb__body\">\n        <div>\n                            <\/div>\n        <h3 class=\"Blurb__title\">\n          Debattartiklar och kommunikation\n        <\/h3>\n                  <div class=\"Blurb__text\">\n            S\u00e4kerhetsf\u00f6retagen \u00e4r \u00e5terkommande aktiva i samh\u00e4llsdebatten. H\u00e4r nedan hittar du ett urval av v\u00e5ra \u00e4ldre inl\u00e4gg. Morgan Johansson varnades f\u00f6r k\u00f6kaos redan i januari Genomf\u00f6r g\u00e4rna ordningsvaktslagen, men stoppa uppluckringen av personalgodk\u00e4nnanden F\u00f6retagens kostnader f\u00f6r &hellip;\n          <\/div>\n                <div class=\"Blurb__arrow\">\n                                <div class=\"Blurb__arrow__line\">\n              <svg class='icon icon--arrow-tip'  width=\"11\" height=\"16\" viewBox=\"0 0 11 16\" fill=\"none\" xmlns=\"http:\/\/www.w3.org\/2000\/svg\">\n<path d=\"M0.858398 15L9.2304 7.99664L0.967732 1.00001\" stroke=\"black\" stroke-width=\"2\" stroke-miterlimit=\"10\"\/>\n<\/svg>\n\n              <\/div>\n                  <\/div>\n      <\/div>\n    <\/div>\n  <\/a>\n<\/article>\n                  <\/div>\n                              <div class=\"col-md-3 col-12 col-sm-6 \">\n                      <article class=\"Blurb Blurb--sm Blurb--page Blurb--vertical has-thumbnail\">\n  <a href=\"https:\/\/www.sakerhetsforetagen.se\/samverkan-med-polisen\/\">\n          <div class=\"Blurb__thumbnail__wrap\">\n        <figure class=\"Blurb__thumbnail\">\n          <img loading=\"lazy\" decoding=\"async\" width=\"2560\" height=\"1709\" src=\"https:\/\/www.sakerhetsforetagen.se\/app\/uploads\/sites\/11\/2020\/12\/egd20131130-314-utan-logga-scaled.jpg\" class=\"attachment-small size-small wp-post-image\" alt=\"\" srcset=\"https:\/\/www.sakerhetsforetagen.se\/app\/uploads\/sites\/11\/2020\/12\/egd20131130-314-utan-logga-scaled.jpg 2560w, https:\/\/www.sakerhetsforetagen.se\/app\/uploads\/sites\/11\/2020\/12\/egd20131130-314-utan-logga-300x200.jpg 300w, https:\/\/www.sakerhetsforetagen.se\/app\/uploads\/sites\/11\/2020\/12\/egd20131130-314-utan-logga-1024x684.jpg 1024w, https:\/\/www.sakerhetsforetagen.se\/app\/uploads\/sites\/11\/2020\/12\/egd20131130-314-utan-logga-768x513.jpg 768w, https:\/\/www.sakerhetsforetagen.se\/app\/uploads\/sites\/11\/2020\/12\/egd20131130-314-utan-logga-1536x1025.jpg 1536w, https:\/\/www.sakerhetsforetagen.se\/app\/uploads\/sites\/11\/2020\/12\/egd20131130-314-utan-logga-2048x1367.jpg 2048w\" sizes=\"auto, (max-width: 2560px) 100vw, 2560px\" \/>\n        <\/figure>\n      <\/div>\n        <div class=\"Blurb__content\">\n      <div class=\"Blurb__body\">\n        <div>\n                            <\/div>\n        <h3 class=\"Blurb__title\">\n          Samverkan med polisen\n        <\/h3>\n                  <div class=\"Blurb__text\">\n            S\u00e4kerhetsf\u00f6retagen st\u00e5r bakom alla utbyggnader av polisen. S\u00e4kerhetsf\u00f6retag kan aldrig ers\u00e4tta polisen, men \u00e4r ett bra komplement. En god samverkan med polisen \u00e4r n\u00f6dv\u00e4ndigt f\u00f6r att ordningsvakter, v\u00e4ktare och andra medarbetare i s\u00e4kerhetsf\u00f6retag ska kunna &hellip;\n          <\/div>\n                <div class=\"Blurb__arrow\">\n                                <div class=\"Blurb__arrow__line\">\n              <svg class='icon icon--arrow-tip'  width=\"11\" height=\"16\" viewBox=\"0 0 11 16\" fill=\"none\" xmlns=\"http:\/\/www.w3.org\/2000\/svg\">\n<path d=\"M0.858398 15L9.2304 7.99664L0.967732 1.00001\" stroke=\"black\" stroke-width=\"2\" stroke-miterlimit=\"10\"\/>\n<\/svg>\n\n              <\/div>\n                  <\/div>\n      <\/div>\n    <\/div>\n  <\/a>\n<\/article>\n                  <\/div>\n                              <div class=\"col-md-3 col-12 col-sm-6 \">\n                      <article class=\"Blurb Blurb--sm Blurb--page Blurb--vertical has-thumbnail\">\n  <a href=\"https:\/\/www.sakerhetsforetagen.se\/lagstiftning-och-regelverk\/\">\n          <div class=\"Blurb__thumbnail__wrap\">\n        <figure class=\"Blurb__thumbnail\">\n          <img loading=\"lazy\" decoding=\"async\" width=\"399\" height=\"600\" src=\"https:\/\/www.sakerhetsforetagen.se\/app\/uploads\/sites\/11\/2020\/12\/egd20160217-45.jpg\" class=\"attachment-small size-small wp-post-image\" alt=\"\" srcset=\"https:\/\/www.sakerhetsforetagen.se\/app\/uploads\/sites\/11\/2020\/12\/egd20160217-45.jpg 399w, https:\/\/www.sakerhetsforetagen.se\/app\/uploads\/sites\/11\/2020\/12\/egd20160217-45-200x300.jpg 200w\" sizes=\"auto, (max-width: 399px) 100vw, 399px\" \/>\n        <\/figure>\n      <\/div>\n        <div class=\"Blurb__content\">\n      <div class=\"Blurb__body\">\n        <div>\n                            <\/div>\n        <h3 class=\"Blurb__title\">\n          Lagstiftning och regelverk\n        <\/h3>\n                  <div class=\"Blurb__text\">\n            S\u00e4kerhetsf\u00f6retagen \u00e4r en del av r\u00e4ttssamh\u00e4llet. Det inneb\u00e4r att vi har ett s\u00e4rskilt ansvar att arbeta f\u00f6r en god r\u00e4ttsstat och f\u00f6r trygghet och r\u00e4ttvisa. V\u00e5ra medlemsf\u00f6retag arbetar p\u00e5 olika s\u00e4tt f\u00f6r att skydda enskilda &hellip;\n          <\/div>\n                <div class=\"Blurb__arrow\">\n                                <div class=\"Blurb__arrow__line\">\n              <svg class='icon icon--arrow-tip'  width=\"11\" height=\"16\" viewBox=\"0 0 11 16\" fill=\"none\" xmlns=\"http:\/\/www.w3.org\/2000\/svg\">\n<path d=\"M0.858398 15L9.2304 7.99664L0.967732 1.00001\" stroke=\"black\" stroke-width=\"2\" stroke-miterlimit=\"10\"\/>\n<\/svg>\n\n              <\/div>\n                  <\/div>\n      <\/div>\n    <\/div>\n  <\/a>\n<\/article>\n                  <\/div>\n                              <div class=\"col-md-3 col-12 col-sm-6 \">\n                      <article class=\"Blurb Blurb--sm Blurb--page Blurb--vertical has-thumbnail\">\n  <a href=\"https:\/\/www.sakerhetsforetagen.se\/trygghets-rut\/\">\n          <div class=\"Blurb__thumbnail__wrap\">\n        <figure class=\"Blurb__thumbnail\">\n          <img loading=\"lazy\" decoding=\"async\" width=\"2560\" height=\"1707\" src=\"https:\/\/www.sakerhetsforetagen.se\/app\/uploads\/sites\/11\/2021\/01\/jl_201812_verisure_112_0310_f2-scaled.jpg\" class=\"attachment-small size-small wp-post-image\" alt=\"\" srcset=\"https:\/\/www.sakerhetsforetagen.se\/app\/uploads\/sites\/11\/2021\/01\/jl_201812_verisure_112_0310_f2-scaled.jpg 2560w, https:\/\/www.sakerhetsforetagen.se\/app\/uploads\/sites\/11\/2021\/01\/jl_201812_verisure_112_0310_f2-300x200.jpg 300w, https:\/\/www.sakerhetsforetagen.se\/app\/uploads\/sites\/11\/2021\/01\/jl_201812_verisure_112_0310_f2-1024x683.jpg 1024w, https:\/\/www.sakerhetsforetagen.se\/app\/uploads\/sites\/11\/2021\/01\/jl_201812_verisure_112_0310_f2-768x512.jpg 768w, https:\/\/www.sakerhetsforetagen.se\/app\/uploads\/sites\/11\/2021\/01\/jl_201812_verisure_112_0310_f2-1536x1024.jpg 1536w, https:\/\/www.sakerhetsforetagen.se\/app\/uploads\/sites\/11\/2021\/01\/jl_201812_verisure_112_0310_f2-2048x1365.jpg 2048w\" sizes=\"auto, (max-width: 2560px) 100vw, 2560px\" \/>\n        <\/figure>\n      <\/div>\n        <div class=\"Blurb__content\">\n      <div class=\"Blurb__body\">\n        <div>\n                            <\/div>\n        <h3 class=\"Blurb__title\">\n          Trygghets-RUT\n        <\/h3>\n                  <div class=\"Blurb__text\">\n            Trygghets-RUT RUT-avdraget har \u00e4nda sedan tillkomsten exkluderat s\u00e4kerhetsf\u00f6retag fr\u00e5n att utf\u00f6ra tj\u00e4nsterna. I januariavtalet mellan nuvarande regering, Centerpartiet och Liberalerna beslutades att ett &#8221;trygghets-rut&#8221; skulle inf\u00f6ras. Men f\u00f6rslaget har vattnats ut l\u00e4ngs v\u00e4gen och ist\u00e4llet &hellip;\n          <\/div>\n                <div class=\"Blurb__arrow\">\n                                <div class=\"Blurb__arrow__line\">\n              <svg class='icon icon--arrow-tip'  width=\"11\" height=\"16\" viewBox=\"0 0 11 16\" fill=\"none\" xmlns=\"http:\/\/www.w3.org\/2000\/svg\">\n<path d=\"M0.858398 15L9.2304 7.99664L0.967732 1.00001\" stroke=\"black\" stroke-width=\"2\" stroke-miterlimit=\"10\"\/>\n<\/svg>\n\n              <\/div>\n                  <\/div>\n      <\/div>\n    <\/div>\n  <\/a>\n<\/article>\n                  <\/div>\n                  <\/div>\n  <\/div>\n<\/div>","protected":false},"excerpt":{"rendered":"<p>S\u00e4kerhetsf\u00f6retagen har en aktiv dialog med politiker, myndigheter och kommuner f\u00f6r att s\u00e4kerst\u00e4lla att branschens perspektiv tas tillvara.<\/p>\n","protected":false},"author":1,"featured_media":997,"parent":0,"menu_order":0,"comment_status":"closed","ping_status":"open","template":"","meta":{"_acf_changed":false,"footnotes":""},"article_type":[],"agreement":[],"for-members":[],"class_list":["post-2","page","type-page","status-publish","has-post-thumbnail","hentry"],"acf":[],"yoast_head":"<!-- This site is optimized with the Yoast SEO plugin v26.8 - https:\/\/yoast.com\/product\/yoast-seo-wordpress\/ -->\n<title>V\u00e5ra fr\u00e5gor - S\u00e4kerhetsf\u00f6retagen<\/title>\n<meta name=\"robots\" content=\"index, follow, max-snippet:-1, max-image-preview:large, max-video-preview:-1\" \/>\n<link rel=\"canonical\" href=\"https:\/\/www.sakerhetsforetagen.se\/vara-fragor\/\" \/>\n<meta property=\"og:locale\" content=\"sv_SE\" \/>\n<meta property=\"og:type\" content=\"article\" \/>\n<meta property=\"og:title\" content=\"V\u00e5ra fr\u00e5gor - S\u00e4kerhetsf\u00f6retagen\" \/>\n<meta property=\"og:description\" content=\"S\u00e4kerhetsf\u00f6retagen har en aktiv dialog med politiker, myndigheter och kommuner f\u00f6r att s\u00e4kerst\u00e4lla att branschens perspektiv tas tillvara.\" \/>\n<meta property=\"og:url\" content=\"https:\/\/www.sakerhetsforetagen.se\/vara-fragor\/\" \/>\n<meta property=\"og:site_name\" content=\"S\u00e4kerhetsf\u00f6retagen\" \/>\n<meta property=\"article:modified_time\" content=\"2024-01-12T10:13:57+00:00\" \/>\n<meta property=\"og:image\" content=\"https:\/\/www.sakerhetsforetagen.se\/app\/uploads\/sites\/11\/2023\/04\/radgivning-580x387-1.jpeg\" \/>\n\t<meta property=\"og:image:width\" content=\"580\" \/>\n\t<meta property=\"og:image:height\" content=\"387\" \/>\n\t<meta property=\"og:image:type\" content=\"image\/jpeg\" \/>\n<meta name=\"twitter:card\" content=\"summary_large_image\" \/>\n<meta name=\"twitter:label1\" content=\"Ber\u00e4knad l\u00e4stid\" \/>\n\t<meta name=\"twitter:data1\" content=\"1 minut\" \/>\n<script type=\"application\/ld+json\" class=\"yoast-schema-graph\">{\"@context\":\"https:\/\/schema.org\",\"@graph\":[{\"@type\":\"WebPage\",\"@id\":\"https:\/\/www.sakerhetsforetagen.se\/vara-fragor\/\",\"url\":\"https:\/\/www.sakerhetsforetagen.se\/vara-fragor\/\",\"name\":\"V\u00e5ra fr\u00e5gor - S\u00e4kerhetsf\u00f6retagen\",\"isPartOf\":{\"@id\":\"https:\/\/www.sakerhetsforetagen.se\/#website\"},\"primaryImageOfPage\":{\"@id\":\"https:\/\/www.sakerhetsforetagen.se\/vara-fragor\/#primaryimage\"},\"image\":{\"@id\":\"https:\/\/www.sakerhetsforetagen.se\/vara-fragor\/#primaryimage\"},\"thumbnailUrl\":\"https:\/\/www.sakerhetsforetagen.se\/app\/uploads\/sites\/11\/2023\/04\/radgivning-580x387-1.jpeg\",\"datePublished\":\"2020-10-19T13:46:40+00:00\",\"dateModified\":\"2024-01-12T10:13:57+00:00\",\"breadcrumb\":{\"@id\":\"https:\/\/www.sakerhetsforetagen.se\/vara-fragor\/#breadcrumb\"},\"inLanguage\":\"sv-SE\",\"potentialAction\":[{\"@type\":\"ReadAction\",\"target\":[\"https:\/\/www.sakerhetsforetagen.se\/vara-fragor\/\"]}]},{\"@type\":\"ImageObject\",\"inLanguage\":\"sv-SE\",\"@id\":\"https:\/\/www.sakerhetsforetagen.se\/vara-fragor\/#primaryimage\",\"url\":\"https:\/\/www.sakerhetsforetagen.se\/app\/uploads\/sites\/11\/2023\/04\/radgivning-580x387-1.jpeg\",\"contentUrl\":\"https:\/\/www.sakerhetsforetagen.se\/app\/uploads\/sites\/11\/2023\/04\/radgivning-580x387-1.jpeg\",\"width\":580,\"height\":387},{\"@type\":\"BreadcrumbList\",\"@id\":\"https:\/\/www.sakerhetsforetagen.se\/vara-fragor\/#breadcrumb\",\"itemListElement\":[{\"@type\":\"ListItem\",\"position\":1,\"name\":\"Home\",\"item\":\"https:\/\/www.sakerhetsforetagen.se\/\"},{\"@type\":\"ListItem\",\"position\":2,\"name\":\"V\u00e5ra fr\u00e5gor\"}]},{\"@type\":\"WebSite\",\"@id\":\"https:\/\/www.sakerhetsforetagen.se\/#website\",\"url\":\"https:\/\/www.sakerhetsforetagen.se\/\",\"name\":\"S\u00e4kerhetsf\u00f6retagen\",\"description\":\"\",\"potentialAction\":[{\"@type\":\"SearchAction\",\"target\":{\"@type\":\"EntryPoint\",\"urlTemplate\":\"https:\/\/www.sakerhetsforetagen.se\/?s={search_term_string}\"},\"query-input\":{\"@type\":\"PropertyValueSpecification\",\"valueRequired\":true,\"valueName\":\"search_term_string\"}}],\"inLanguage\":\"sv-SE\"}]}<\/script>\n<!-- \/ Yoast SEO plugin. -->","yoast_head_json":{"title":"V\u00e5ra fr\u00e5gor - S\u00e4kerhetsf\u00f6retagen","robots":{"index":"index","follow":"follow","max-snippet":"max-snippet:-1","max-image-preview":"max-image-preview:large","max-video-preview":"max-video-preview:-1"},"canonical":"https:\/\/www.sakerhetsforetagen.se\/vara-fragor\/","og_locale":"sv_SE","og_type":"article","og_title":"V\u00e5ra fr\u00e5gor - S\u00e4kerhetsf\u00f6retagen","og_description":"S\u00e4kerhetsf\u00f6retagen har en aktiv dialog med politiker, myndigheter och kommuner f\u00f6r att s\u00e4kerst\u00e4lla att branschens perspektiv tas tillvara.","og_url":"https:\/\/www.sakerhetsforetagen.se\/vara-fragor\/","og_site_name":"S\u00e4kerhetsf\u00f6retagen","article_modified_time":"2024-01-12T10:13:57+00:00","og_image":[{"width":580,"height":387,"url":"https:\/\/www.sakerhetsforetagen.se\/app\/uploads\/sites\/11\/2023\/04\/radgivning-580x387-1.jpeg","type":"image\/jpeg"}],"twitter_card":"summary_large_image","twitter_misc":{"Ber\u00e4knad l\u00e4stid":"1 minut"},"schema":{"@context":"https:\/\/schema.org","@graph":[{"@type":"WebPage","@id":"https:\/\/www.sakerhetsforetagen.se\/vara-fragor\/","url":"https:\/\/www.sakerhetsforetagen.se\/vara-fragor\/","name":"V\u00e5ra fr\u00e5gor - S\u00e4kerhetsf\u00f6retagen","isPartOf":{"@id":"https:\/\/www.sakerhetsforetagen.se\/#website"},"primaryImageOfPage":{"@id":"https:\/\/www.sakerhetsforetagen.se\/vara-fragor\/#primaryimage"},"image":{"@id":"https:\/\/www.sakerhetsforetagen.se\/vara-fragor\/#primaryimage"},"thumbnailUrl":"https:\/\/www.sakerhetsforetagen.se\/app\/uploads\/sites\/11\/2023\/04\/radgivning-580x387-1.jpeg","datePublished":"2020-10-19T13:46:40+00:00","dateModified":"2024-01-12T10:13:57+00:00","breadcrumb":{"@id":"https:\/\/www.sakerhetsforetagen.se\/vara-fragor\/#breadcrumb"},"inLanguage":"sv-SE","potentialAction":[{"@type":"ReadAction","target":["https:\/\/www.sakerhetsforetagen.se\/vara-fragor\/"]}]},{"@type":"ImageObject","inLanguage":"sv-SE","@id":"https:\/\/www.sakerhetsforetagen.se\/vara-fragor\/#primaryimage","url":"https:\/\/www.sakerhetsforetagen.se\/app\/uploads\/sites\/11\/2023\/04\/radgivning-580x387-1.jpeg","contentUrl":"https:\/\/www.sakerhetsforetagen.se\/app\/uploads\/sites\/11\/2023\/04\/radgivning-580x387-1.jpeg","width":580,"height":387},{"@type":"BreadcrumbList","@id":"https:\/\/www.sakerhetsforetagen.se\/vara-fragor\/#breadcrumb","itemListElement":[{"@type":"ListItem","position":1,"name":"Home","item":"https:\/\/www.sakerhetsforetagen.se\/"},{"@type":"ListItem","position":2,"name":"V\u00e5ra fr\u00e5gor"}]},{"@type":"WebSite","@id":"https:\/\/www.sakerhetsforetagen.se\/#website","url":"https:\/\/www.sakerhetsforetagen.se\/","name":"S\u00e4kerhetsf\u00f6retagen","description":"","potentialAction":[{"@type":"SearchAction","target":{"@type":"EntryPoint","urlTemplate":"https:\/\/www.sakerhetsforetagen.se\/?s={search_term_string}"},"query-input":{"@type":"PropertyValueSpecification","valueRequired":true,"valueName":"search_term_string"}}],"inLanguage":"sv-SE"}]}},"_links":{"self":[{"href":"https:\/\/www.sakerhetsforetagen.se\/api\/wp\/v2\/pages\/2","targetHints":{"allow":["GET"]}}],"collection":[{"href":"https:\/\/www.sakerhetsforetagen.se\/api\/wp\/v2\/pages"}],"about":[{"href":"https:\/\/www.sakerhetsforetagen.se\/api\/wp\/v2\/types\/page"}],"author":[{"embeddable":true,"href":"https:\/\/www.sakerhetsforetagen.se\/api\/wp\/v2\/users\/1"}],"replies":[{"embeddable":true,"href":"https:\/\/www.sakerhetsforetagen.se\/api\/wp\/v2\/comments?post=2"}],"version-history":[{"count":10,"href":"https:\/\/www.sakerhetsforetagen.se\/api\/wp\/v2\/pages\/2\/revisions"}],"predecessor-version":[{"id":1724,"href":"https:\/\/www.sakerhetsforetagen.se\/api\/wp\/v2\/pages\/2\/revisions\/1724"}],"wp:featuredmedia":[{"embeddable":true,"href":"https:\/\/www.sakerhetsforetagen.se\/api\/wp\/v2\/media\/997"}],"wp:attachment":[{"href":"https:\/\/www.sakerhetsforetagen.se\/api\/wp\/v2\/media?parent=2"}],"wp:term":[{"taxonomy":"type","embeddable":true,"href":"https:\/\/www.sakerhetsforetagen.se\/api\/wp\/v2\/article_type?post=2"},{"taxonomy":"agreement","embeddable":true,"href":"https:\/\/www.sakerhetsforetagen.se\/api\/wp\/v2\/agreement?post=2"},{"taxonomy":"for-members","embeddable":true,"href":"https:\/\/www.sakerhetsforetagen.se\/api\/wp\/v2\/for-members?post=2"}],"curies":[{"name":"wp","href":"https:\/\/api.w.org\/{rel}","templated":true}]}}