{"version":"1.0","provider_name":"S\u00e4kerhetsf\u00f6retagen","provider_url":"https:\/\/www.sakerhetsforetagen.se","author_name":"Pontus Lindstr\u00f6m","author_url":"https:\/\/www.sakerhetsforetagen.se\/person\/pontuslindstrom\/","title":"S\u00e4kerhetsf\u00f6retagen i Almedalen - S\u00e4kerhetsf\u00f6retagen","type":"rich","width":600,"height":338,"html":"<blockquote class=\"wp-embedded-content\" data-secret=\"YgclgmNIW7\"><a href=\"https:\/\/www.sakerhetsforetagen.se\/2024\/05\/29\/sakerhetsforetagen-i-almedalen\/\">S\u00e4kerhets&shy;f\u00f6retagen i Almedalen<\/a><\/blockquote><iframe sandbox=\"allow-scripts\" security=\"restricted\" src=\"https:\/\/www.sakerhetsforetagen.se\/2024\/05\/29\/sakerhetsforetagen-i-almedalen\/embed\/#?secret=YgclgmNIW7\" width=\"600\" height=\"338\" title=\"\u201dS\u00e4kerhets&shy;f\u00f6retagen i Almedalen\u201d &ndash; S\u00e4kerhetsf\u00f6retagen\" data-secret=\"YgclgmNIW7\" frameborder=\"0\" marginwidth=\"0\" marginheight=\"0\" scrolling=\"no\" class=\"wp-embedded-content\"><\/iframe><script>\n\/*! This file is auto-generated *\/\n!function(d,l){\"use strict\";l.querySelector&&d.addEventListener&&\"undefined\"!=typeof URL&&(d.wp=d.wp||{},d.wp.receiveEmbedMessage||(d.wp.receiveEmbedMessage=function(e){var t=e.data;if((t||t.secret||t.message||t.value)&&!\/[^a-zA-Z0-9]\/.test(t.secret)){for(var s,r,n,a=l.querySelectorAll('iframe[data-secret=\"'+t.secret+'\"]'),o=l.querySelectorAll('blockquote[data-secret=\"'+t.secret+'\"]'),c=new RegExp(\"^https?:$\",\"i\"),i=0;i<o.length;i++)o[i].style.display=\"none\";for(i=0;i<a.length;i++)s=a[i],e.source===s.contentWindow&&(s.removeAttribute(\"style\"),\"height\"===t.message?(1e3<(r=parseInt(t.value,10))?r=1e3:~~r<200&&(r=200),s.height=r):\"link\"===t.message&&(r=new URL(s.getAttribute(\"src\")),n=new URL(t.value),c.test(n.protocol))&&n.host===r.host&&l.activeElement===s&&(d.top.location.href=t.value))}},d.addEventListener(\"message\",d.wp.receiveEmbedMessage,!1),l.addEventListener(\"DOMContentLoaded\",function(){for(var e,t,s=l.querySelectorAll(\"iframe.wp-embedded-content\"),r=0;r<s.length;r++)(t=(e=s[r]).getAttribute(\"data-secret\"))||(t=Math.random().toString(36).substring(2,12),e.src+=\"#?secret=\"+t,e.setAttribute(\"data-secret\",t)),e.contentWindow.postMessage({message:\"ready\",secret:t},\"*\")},!1)))}(window,document);\n\/\/# sourceURL=https:\/\/www.sakerhetsforetagen.se\/wp\/wp-includes\/js\/wp-embed.min.js\n<\/script>\n","thumbnail_url":"https:\/\/www.sakerhetsforetagen.se\/app\/uploads\/sites\/11\/2024\/05\/ima131114-1024x768.jpg","thumbnail_width":1024,"thumbnail_height":768,"description":"S\u00e4kerhetsf\u00f6retagen \u00e4r p\u00e5 plats under hela Almedalsveckan d\u00e4r vi inom ramen f\u00f6r S\u00e4kerhetsarenan p\u00e5 Gotlands museum \u00e4r med och anordnar en rad seminarier inom trygghet, s\u00e4kerhet och krisberedskap. Samtliga seminarier hittas h\u00e4r. S\u00e4kerhetsarenan anordnas av &hellip;"}